{"id":18,"date":"2020-11-03T13:11:54","date_gmt":"2020-11-03T13:11:54","guid":{"rendered":"https:\/\/app.on25space.com\/manager\/workspace\/20230716195604\/?page_id=18"},"modified":"2024-05-06T23:45:23","modified_gmt":"2024-05-06T21:45:23","slug":"presse-berichte","status":"publish","type":"page","link":"https:\/\/zonta-schwaebisch-gmuend.de\/index.php\/presse-berichte\/","title":{"rendered":"Presse \/ Berichte"},"content":{"rendered":"<p><div class=\"fusion-fullwidth fullwidth-box fusion-builder-row-1 fusion-flex-container fusion-parallax-none nonhundred-percent-fullwidth non-hundred-percent-height-scrolling lazyload fusion-custom-z-index\" style=\"--awb-background-repeat:repeat-x;--awb-border-radius-top-left:0px;--awb-border-radius-top-right:0px;--awb-border-radius-bottom-right:0px;--awb-border-radius-bottom-left:0px;--awb-z-index:0;--awb-padding-top:92px;--awb-padding-bottom:43px;--awb-padding-top-small:100px;--awb-padding-bottom-small:100px;--awb-background-image:linear-gradient(180deg, hsla(var(--awb-color1-h),var(--awb-color1-s),var(--awb-color1-l),calc( var(--awb-color1-a) - 5% )) 0%,rgba(255,255,255,0) 92%);;--awb-background-size:2000px;--awb-flex-wrap:wrap;\" data-bg=\"https:\/\/zonta-schwaebisch-gmuend.de\/wp-content\/uploads\/2023\/11\/Bild2.jpg\" data-bg-gradient=\"linear-gradient(180deg, hsla(var(--awb-color1-h),var(--awb-color1-s),var(--awb-color1-l),calc( var(--awb-color1-a) - 5% )) 0%,rgba(255,255,255,0) 92%)\" ><div class=\"fusion-builder-row fusion-row fusion-flex-align-items-flex-start fusion-flex-content-wrap\" style=\"max-width:1248px;margin-left: calc(-4% \/ 2 );margin-right: calc(-4% \/ 2 );\"><div class=\"fusion-layout-column fusion_builder_column fusion-builder-column-0 fusion_builder_column_1_1 1_1 fusion-flex-column\" style=\"--awb-bg-size:cover;--awb-width-large:100%;--awb-margin-top-large:0px;--awb-spacing-right-large:1.92%;--awb-margin-bottom-large:20px;--awb-spacing-left-large:1.92%;--awb-width-medium:100%;--awb-order-medium:0;--awb-spacing-right-medium:1.92%;--awb-spacing-left-medium:1.92%;--awb-width-small:100%;--awb-order-small:0;--awb-spacing-right-small:1.92%;--awb-spacing-left-small:1.92%;\"><div class=\"fusion-column-wrapper fusion-column-has-shadow fusion-flex-justify-content-flex-start fusion-content-layout-column\"><div class=\"fusion-text fusion-text-1\" style=\"--awb-content-alignment:center;--awb-font-size:var(--awb-typography2-font-size);--awb-line-height:var(--awb-typography2-line-height);--awb-letter-spacing:var(--awb-typography2-letter-spacing);--awb-text-transform:var(--awb-typography2-text-transform);--awb-text-color:var(--awb-color8);--awb-text-font-family:var(--awb-typography2-font-family);--awb-text-font-weight:var(--awb-typography2-font-weight);--awb-text-font-style:var(--awb-typography2-font-style);\"><p style=\"font-size: 22px;\" data-fusion-font=\"true\">ZONTA CLUB SCHW\u00c4BISCH GM\u00dcND<\/p>\n<\/div><div class=\"fusion-title title fusion-title-1 fusion-sep-none fusion-title-center fusion-title-text fusion-title-size-one\" style=\"--awb-text-color:var(--awb-color8);--awb-margin-top:-20px;--awb-margin-bottom:20px;--awb-margin-top-small:10px;--awb-margin-right-small:0px;--awb-margin-bottom-small:10px;--awb-margin-left-small:0px;--awb-font-size:60px;\"><h1 class=\"fusion-title-heading title-heading-center\" style=\"margin:0;text-transform:capitalize;font-size:1em;line-height:1em;\"><span style=\"font-family: Carlito; font-weight: 400;\" data-fusion-font=\"true\" data-fusion-google-font=\"Carlito\" data-fusion-google-variant=\"400\">Presse \/ Berichte<\/span><\/h1><\/div><\/div><\/div><\/div><\/div><div class=\"fusion-fullwidth fullwidth-box fusion-builder-row-2 fusion-flex-container nonhundred-percent-fullwidth non-hundred-percent-height-scrolling\" style=\"--awb-border-radius-top-left:0px;--awb-border-radius-top-right:0px;--awb-border-radius-bottom-right:0px;--awb-border-radius-bottom-left:0px;--awb-padding-top:120px;--awb-padding-bottom:0px;--awb-flex-wrap:wrap;\" ><div class=\"fusion-builder-row fusion-row fusion-flex-align-items-flex-start fusion-flex-content-wrap\" style=\"max-width:1248px;margin-left: calc(-4% \/ 2 );margin-right: calc(-4% \/ 2 );\"><div class=\"fusion-layout-column fusion_builder_column fusion-builder-column-1 fusion_builder_column_1_1 1_1 fusion-flex-column\" style=\"--awb-bg-size:cover;--awb-width-large:100%;--awb-margin-top-large:0px;--awb-spacing-right-large:1.92%;--awb-margin-bottom-large:20px;--awb-spacing-left-large:1.92%;--awb-width-medium:100%;--awb-order-medium:0;--awb-spacing-right-medium:1.92%;--awb-spacing-left-medium:1.92%;--awb-width-small:100%;--awb-order-small:0;--awb-spacing-right-small:1.92%;--awb-spacing-left-small:1.92%;\"><div class=\"fusion-column-wrapper fusion-column-has-shadow fusion-flex-justify-content-flex-start fusion-content-layout-column\"><div class=\"fusion-blog-shortcode fusion-blog-shortcode-1 fusion-blog-archive fusion-blog-layout-medium-alternate fusion-blog-infinite fusion-blog-no-images\"><div class=\"fusion-posts-container fusion-posts-container-infinite fusion-no-meta-info\" data-pages=\"4\"><article id=\"blog-1-post-1737\" class=\"fusion-post-medium-alternate post-1737 post type-post status-publish format-standard hentry category-presseevents\">\n<div class=\"fusion-date-and-formats\"><div class=\"fusion-date-box updated\"><span class=\"fusion-date\">9<\/span><span class=\"fusion-month-year\">03, 2026<\/span><\/div><div class=\"fusion-format-box\"><i class=\"awb-icon-pen\" aria-hidden=\"true\"><\/i><\/div><\/div><div class=\"fusion-post-content post-content\"><h2 class=\"blog-shortcode-post-title entry-title\"><a href=\"https:\/\/zonta-schwaebisch-gmuend.de\/index.php\/2026\/03\/09\/20-jahre-zonta-club-schwaebisch-gmuend-matinee-mit-klarem-zeichen-gegen-gewalt-an-frauen\/\">20 Jahre Zonta-Club Schw\u00e4bisch Gm\u00fcnd \u2013 Matinee mit klarem Zeichen gegen Gewalt an Frauen<\/a><\/h2><div class=\"fusion-post-content-container\"><p>Unser Zonta-Club Schw\u00e4bisch Gm\u00fcnd feierte mit einer festlichen Matinee das 20-j\u00e4hrige Bestehen des Clubs. Gleichzeitig wollten wir ein sichtbares Zeichen gegen Gewalt an Frauen setzen. Eine rote Bank, die k\u00fcnftig vor der Volkshochschule Schw\u00e4bisch Gm\u00fcnd aufgestellt wird, soll auf Hilfsangebote aufmerksam machen und Betroffenen Mut geben, Unterst\u00fctzung in Anspruch zu nehmen.<\/p>\n<p>Gefeiert haben wir unsere Matinee im Caf\u00e9 Spitalm\u00fchle. Wir freuten uns sehr \u00fcber zahlreiche G\u00e4ste, darunter Carmen Nerding, designierte Pr\u00e4sidentin des Zonta-Distrikts 30, Elke Heer, Beauftragte f\u00fcr Chancengleichheit der Stadt und Vorsitzende des Kreisfrauenrats, Rita Mager sowie Richard Arnold. Ebenso begr\u00fc\u00dften wir Vertreterinnen und Vertreter befreundeter Clubs und Einrichtungen.<\/p>\n<p>In ihrer Ansprache erinnerte unsere Pr\u00e4sidentin Sabine Dombrowski-Riegert an die Bedeutung unseres Engagements und an das Leitmotiv von Zonta: \u201eBuild a better world for women and girls\u201c. Der Internationale Frauentag bot daf\u00fcr einen besonders passenden Rahmen.<\/p>\n<p>Oberb\u00fcrgermeister Richard Arnold w\u00fcrdigte in seinem Gru\u00dfwort unser langj\u00e4hriges Engagement f\u00fcr Frauen und M\u00e4dchen in der Region. Carmen Nerding betonte die internationale Bedeutung von Zonta: Weltweit engagieren sich rund 25.000 Mitglieder in mehr als 60 L\u00e4ndern f\u00fcr die Rechte und Chancen von Frauen. Auch Rita Mager sprach \u00fcber das wichtige Thema h\u00e4usliche Gewalt und machte auf die hohen Zahlen betroffener Frauen aufmerksam.<\/p>\n<p>Die Versteigerung eines Bildes der K\u00fcnstlerin Gudrun Niethammer sorgte f\u00fcr lebhafte Unterhaltung und Spa\u00df. Ein herzlicher Dank gilt allen, die bei der Versteigerung mitgemacht haben. Als weiterer Programmpunkt folgte die Spenden\u00fcbergabe an Zonta International und an Frauen helfen Frauen.<\/p>\n<p>Neben den inhaltlichen Impulsen kam auch das pers\u00f6nliche Miteinander nicht zu kurz. Bei kulinarischen K\u00f6stlichkeiten und in angenehmer Atmosph\u00e4re freuten wir uns \u00fcber eine rundum gelungene Veranstaltung und ein sch\u00f6nes Jubil\u00e4um, das wir gemeinsam feiern konnten.<\/p>\n<p>Impressionen vom 8. M\u00e4rz &#8211; unserem 20-j\u00e4hrigen Jubil\u00e4um.<\/p>\n<p><img decoding=\"async\" class=\"lazyload alignnone wp-image-1738\" src=\"https:\/\/zonta-schwaebisch-gmuend.de\/wp-content\/uploads\/2026\/03\/IMG_5727-710x1024.jpg\" data-orig-src=\"https:\/\/zonta-schwaebisch-gmuend.de\/wp-content\/uploads\/2026\/03\/IMG_5727-710x1024.jpg\" alt=\"\" width=\"403\" height=\"581\" srcset=\"data:image\/svg+xml,%3Csvg%20xmlns%3D%27http%3A%2F%2Fwww.w3.org%2F2000%2Fsvg%27%20width%3D%27403%27%20height%3D%27581%27%20viewBox%3D%270%200%20403%20581%27%3E%3Crect%20width%3D%27403%27%20height%3D%27581%27%20fill-opacity%3D%220%22%2F%3E%3C%2Fsvg%3E\" data-srcset=\"https:\/\/zonta-schwaebisch-gmuend.de\/wp-content\/uploads\/2026\/03\/IMG_5727-200x288.jpg 200w, https:\/\/zonta-schwaebisch-gmuend.de\/wp-content\/uploads\/2026\/03\/IMG_5727-208x300.jpg 208w, https:\/\/zonta-schwaebisch-gmuend.de\/wp-content\/uploads\/2026\/03\/IMG_5727-400x577.jpg 400w, https:\/\/zonta-schwaebisch-gmuend.de\/wp-content\/uploads\/2026\/03\/IMG_5727-600x865.jpg 600w, https:\/\/zonta-schwaebisch-gmuend.de\/wp-content\/uploads\/2026\/03\/IMG_5727-710x1024.jpg 710w, https:\/\/zonta-schwaebisch-gmuend.de\/wp-content\/uploads\/2026\/03\/IMG_5727-768x1107.jpg 768w, https:\/\/zonta-schwaebisch-gmuend.de\/wp-content\/uploads\/2026\/03\/IMG_5727-800x1153.jpg 800w, https:\/\/zonta-schwaebisch-gmuend.de\/wp-content\/uploads\/2026\/03\/IMG_5727.jpg 888w\" data-sizes=\"auto\" data-orig-sizes=\"(max-width: 403px) 100vw, 403px\" \/><img decoding=\"async\" class=\"lazyload wp-image-1739 alignleft\" src=\"https:\/\/zonta-schwaebisch-gmuend.de\/wp-content\/uploads\/2026\/03\/IMG_5729-706x1024.jpg\" data-orig-src=\"https:\/\/zonta-schwaebisch-gmuend.de\/wp-content\/uploads\/2026\/03\/IMG_5729-706x1024.jpg\" alt=\"\" width=\"401\" height=\"582\" srcset=\"data:image\/svg+xml,%3Csvg%20xmlns%3D%27http%3A%2F%2Fwww.w3.org%2F2000%2Fsvg%27%20width%3D%27401%27%20height%3D%27582%27%20viewBox%3D%270%200%20401%20582%27%3E%3Crect%20width%3D%27401%27%20height%3D%27582%27%20fill-opacity%3D%220%22%2F%3E%3C%2Fsvg%3E\" data-srcset=\"https:\/\/zonta-schwaebisch-gmuend.de\/wp-content\/uploads\/2026\/03\/IMG_5729-200x290.jpg 200w, https:\/\/zonta-schwaebisch-gmuend.de\/wp-content\/uploads\/2026\/03\/IMG_5729-207x300.jpg 207w, https:\/\/zonta-schwaebisch-gmuend.de\/wp-content\/uploads\/2026\/03\/IMG_5729-400x580.jpg 400w, https:\/\/zonta-schwaebisch-gmuend.de\/wp-content\/uploads\/2026\/03\/IMG_5729-600x871.jpg 600w, https:\/\/zonta-schwaebisch-gmuend.de\/wp-content\/uploads\/2026\/03\/IMG_5729-706x1024.jpg 706w, https:\/\/zonta-schwaebisch-gmuend.de\/wp-content\/uploads\/2026\/03\/IMG_5729-768x1115.jpg 768w, https:\/\/zonta-schwaebisch-gmuend.de\/wp-content\/uploads\/2026\/03\/IMG_5729-800x1161.jpg 800w, https:\/\/zonta-schwaebisch-gmuend.de\/wp-content\/uploads\/2026\/03\/IMG_5729.jpg 882w\" data-sizes=\"auto\" data-orig-sizes=\"(max-width: 401px) 100vw, 401px\" \/><\/p>\n<\/div><\/div><div class=\"fusion-clearfix\"><\/div><\/article>\n<article id=\"blog-1-post-1724\" class=\"fusion-post-medium-alternate post-1724 post type-post status-publish format-standard hentry category-presseevents\">\n<div class=\"fusion-date-and-formats\"><div class=\"fusion-date-box updated\"><span class=\"fusion-date\">3<\/span><span class=\"fusion-month-year\">02, 2026<\/span><\/div><div class=\"fusion-format-box\"><i class=\"awb-icon-pen\" aria-hidden=\"true\"><\/i><\/div><\/div><div class=\"fusion-post-content post-content\"><h2 class=\"blog-shortcode-post-title entry-title\"><a href=\"https:\/\/zonta-schwaebisch-gmuend.de\/index.php\/2026\/02\/03\/traditionelles-kino-event-begeistert-zahlreiche-besucherinnen-und-besucher\/\">Traditionelles Kino-Event begeistert zahlreiche Besucherinnen und Besucher<\/a><\/h2><div class=\"fusion-post-content-container\"><p data-start=\"273\" data-end=\"679\">Am vergangenen Sonntag fand unser traditionelles Kino-Event statt, das auch in diesem Jahr wieder viele Besucherinnen und Besucher anzog. Der Vormittag begann gegen 10 Uhr mit einer stimmungsvollen Matinee, begleitet von einem feinen Buffet und Getr\u00e4nken. Zahlreiche G\u00e4ste, die uns teilweise schon seit vielen Jahren treu begleiten, nutzten die Gelegenheit f\u00fcr gute Gespr\u00e4che und genossen die angenehme Atmosph\u00e4re.<\/p>\n<p data-start=\"681\" data-end=\"1169\">Ab 11 Uhr ging es dann in den Kinosaal, wo der Film <em data-start=\"733\" data-end=\"763\">\u201eDer Gesang der Flusskrebse\u201c<\/em> gezeigt wurde. Zuvor begr\u00fc\u00dfte unsere Pr\u00e4sidentin, Frau Sabine Dombrowski-Riegert, die Anwesenden. In ihrer Ansprache erl\u00e4uterte sie, wof\u00fcr Zonta steht und welche Ziele die Organisation verfolgt. Besonders hob sie die gelungene Zusammenarbeit mit allen Beteiligten hervor \u2013 vom Kinobetreiber \u00fcber den Getr\u00e4nkeh\u00e4ndler und den Geschirrlieferanten bis hin zu den vielen engagierten Zontians, die tatkr\u00e4ftig mitgeholfen haben.<\/p>\n<p data-start=\"1171\" data-end=\"1552\">Im Anschluss sprach Christian Baron, Erster B\u00fcrgermeister von Schw\u00e4bisch Gm\u00fcnd. Er lobte das Kino-Event, auf das sich viele G\u00e4ste bereits im Vorfeld gefreut hatten, und ging sowohl auf den Film als auch auf die aktuelle politische Lage ein. Dabei betonte er, dass der Film eindrucksvoll zeige, dass sich gesellschaftliche Herausforderungen bis heute nur teilweise ver\u00e4ndert haben.<\/p>\n<p data-start=\"1554\" data-end=\"1741\">Danach begann die Filmvorf\u00fchrung, die bei allen Anwesenden gro\u00dfen Anklang fand. Insgesamt war es ein sehr sch\u00f6ner, harmonischer Vormittag, der noch lange in guter Erinnerung bleiben wird.<\/p>\n<p data-start=\"1554\" data-end=\"1741\"><img decoding=\"async\" class=\"lazyload alignnone wp-image-1726\" src=\"https:\/\/zonta-schwaebisch-gmuend.de\/wp-content\/uploads\/2026\/02\/IMG_5570-1-714x1024.jpg\" data-orig-src=\"https:\/\/zonta-schwaebisch-gmuend.de\/wp-content\/uploads\/2026\/02\/IMG_5570-1-714x1024.jpg\" alt=\"\" width=\"364\" height=\"522\" srcset=\"data:image\/svg+xml,%3Csvg%20xmlns%3D%27http%3A%2F%2Fwww.w3.org%2F2000%2Fsvg%27%20width%3D%27364%27%20height%3D%27522%27%20viewBox%3D%270%200%20364%20522%27%3E%3Crect%20width%3D%27364%27%20height%3D%27522%27%20fill-opacity%3D%220%22%2F%3E%3C%2Fsvg%3E\" data-srcset=\"https:\/\/zonta-schwaebisch-gmuend.de\/wp-content\/uploads\/2026\/02\/IMG_5570-1-200x287.jpg 200w, https:\/\/zonta-schwaebisch-gmuend.de\/wp-content\/uploads\/2026\/02\/IMG_5570-1-209x300.jpg 209w, https:\/\/zonta-schwaebisch-gmuend.de\/wp-content\/uploads\/2026\/02\/IMG_5570-1-400x573.jpg 400w, https:\/\/zonta-schwaebisch-gmuend.de\/wp-content\/uploads\/2026\/02\/IMG_5570-1-600x860.jpg 600w, https:\/\/zonta-schwaebisch-gmuend.de\/wp-content\/uploads\/2026\/02\/IMG_5570-1-714x1024.jpg 714w, https:\/\/zonta-schwaebisch-gmuend.de\/wp-content\/uploads\/2026\/02\/IMG_5570-1-768x1101.jpg 768w, https:\/\/zonta-schwaebisch-gmuend.de\/wp-content\/uploads\/2026\/02\/IMG_5570-1-800x1147.jpg 800w, https:\/\/zonta-schwaebisch-gmuend.de\/wp-content\/uploads\/2026\/02\/IMG_5570-1-1071x1536.jpg 1071w, https:\/\/zonta-schwaebisch-gmuend.de\/wp-content\/uploads\/2026\/02\/IMG_5570-1-1200x1720.jpg 1200w, https:\/\/zonta-schwaebisch-gmuend.de\/wp-content\/uploads\/2026\/02\/IMG_5570-1.jpg 1280w\" data-sizes=\"auto\" data-orig-sizes=\"(max-width: 364px) 100vw, 364px\" \/>\u00a0 \u00a0 \u00a0 \u00a0 \u00a0 \u00a0 \u00a0 \u00a0<img decoding=\"async\" class=\"lazyload alignnone wp-image-1727\" src=\"https:\/\/zonta-schwaebisch-gmuend.de\/wp-content\/uploads\/2026\/02\/IMG_5567-862x1024.jpg\" data-orig-src=\"https:\/\/zonta-schwaebisch-gmuend.de\/wp-content\/uploads\/2026\/02\/IMG_5567-862x1024.jpg\" alt=\"\" width=\"436\" height=\"518\" srcset=\"data:image\/svg+xml,%3Csvg%20xmlns%3D%27http%3A%2F%2Fwww.w3.org%2F2000%2Fsvg%27%20width%3D%27436%27%20height%3D%27518%27%20viewBox%3D%270%200%20436%20518%27%3E%3Crect%20width%3D%27436%27%20height%3D%27518%27%20fill-opacity%3D%220%22%2F%3E%3C%2Fsvg%3E\" data-srcset=\"https:\/\/zonta-schwaebisch-gmuend.de\/wp-content\/uploads\/2026\/02\/IMG_5567-200x238.jpg 200w, https:\/\/zonta-schwaebisch-gmuend.de\/wp-content\/uploads\/2026\/02\/IMG_5567-253x300.jpg 253w, https:\/\/zonta-schwaebisch-gmuend.de\/wp-content\/uploads\/2026\/02\/IMG_5567-400x475.jpg 400w, https:\/\/zonta-schwaebisch-gmuend.de\/wp-content\/uploads\/2026\/02\/IMG_5567-600x713.jpg 600w, https:\/\/zonta-schwaebisch-gmuend.de\/wp-content\/uploads\/2026\/02\/IMG_5567-768x912.jpg 768w, https:\/\/zonta-schwaebisch-gmuend.de\/wp-content\/uploads\/2026\/02\/IMG_5567-800x950.jpg 800w, https:\/\/zonta-schwaebisch-gmuend.de\/wp-content\/uploads\/2026\/02\/IMG_5567-862x1024.jpg 862w, https:\/\/zonta-schwaebisch-gmuend.de\/wp-content\/uploads\/2026\/02\/IMG_5567-1200x1425.jpg 1200w, https:\/\/zonta-schwaebisch-gmuend.de\/wp-content\/uploads\/2026\/02\/IMG_5567-1293x1536.jpg 1293w, https:\/\/zonta-schwaebisch-gmuend.de\/wp-content\/uploads\/2026\/02\/IMG_5567.jpg 1534w\" data-sizes=\"auto\" data-orig-sizes=\"(max-width: 436px) 100vw, 436px\" \/><\/p>\n<p data-start=\"1554\" data-end=\"1741\">Links unten:\u00a0Christian Baron, Erster B\u00fcrgermeister Schw\u00e4bisch Gm\u00fcnd und Sabine Dombrowski-Riegert, daneben Gaby Thuma<\/p>\n<p data-start=\"1554\" data-end=\"1741\">Alle weiteren Fotos zeigen unsere Zontians mit Impressionen des Vormittags<\/p>\n<p data-start=\"1554\" data-end=\"1741\">\n<\/div><\/div><div class=\"fusion-clearfix\"><\/div><\/article>\n<article id=\"blog-1-post-1720\" class=\"fusion-post-medium-alternate post-1720 post type-post status-publish format-standard hentry category-presseevents\">\n<div class=\"fusion-date-and-formats\"><div class=\"fusion-date-box updated\"><span class=\"fusion-date\">19<\/span><span class=\"fusion-month-year\">01, 2026<\/span><\/div><div class=\"fusion-format-box\"><i class=\"awb-icon-pen\" aria-hidden=\"true\"><\/i><\/div><\/div><div class=\"fusion-post-content post-content\"><h2 class=\"blog-shortcode-post-title entry-title\"><a href=\"https:\/\/zonta-schwaebisch-gmuend.de\/index.php\/2026\/01\/19\/spendenuebergabe-an-frauen-helfen-frauen\/\">Spenden\u00fcbergabe an &#8222;Frauen helfen Frauen&#8220;<\/a><\/h2><div class=\"fusion-post-content-container\"><p data-start=\"69\" data-end=\"263\">Vergangene Woche \u00fcberreichte unser Zonta Club Schw\u00e4bisch Gm\u00fcnd gemeinsam mit den Clubs Soroptimist und Inner Wheel einen Spendenscheck in H\u00f6he von 1.500 Euro an den Verein \u201eFrauen helfen Frauen\u201c.<\/p>\n<p data-start=\"270\" data-end=\"535\">Die Spende stammt aus dem Erl\u00f6s der gemeinsamen Aktion zum Orange Day im vergangenen November und wurde von den Clubs geschlossen \u00fcbergeben. Rita Mager von \u201eFrauen helfen Frauen\u201c zeigte sich sehr dankbar \u00fcber die Unterst\u00fctzung, die der Verein gut gebrauchen kann.<\/p>\n<p data-start=\"542\" data-end=\"618\">Wir freuen uns, mit dieser Spende einen wichtigen Beitrag f\u00fcr Frauen leisten zu k\u00f6nnen.<\/p>\n<p>&nbsp;<\/p>\n<p><img decoding=\"async\" class=\"lazyload alignnone  wp-image-1721\" src=\"https:\/\/zonta-schwaebisch-gmuend.de\/wp-content\/uploads\/2026\/01\/image1.jpeg\" data-orig-src=\"https:\/\/zonta-schwaebisch-gmuend.de\/wp-content\/uploads\/2026\/01\/image1.jpeg\" alt=\"\" width=\"384\" height=\"288\" srcset=\"data:image\/svg+xml,%3Csvg%20xmlns%3D%27http%3A%2F%2Fwww.w3.org%2F2000%2Fsvg%27%20width%3D%27384%27%20height%3D%27288%27%20viewBox%3D%270%200%20384%20288%27%3E%3Crect%20width%3D%27384%27%20height%3D%27288%27%20fill-opacity%3D%220%22%2F%3E%3C%2Fsvg%3E\" data-srcset=\"https:\/\/zonta-schwaebisch-gmuend.de\/wp-content\/uploads\/2026\/01\/image1-200x150.jpeg 200w, https:\/\/zonta-schwaebisch-gmuend.de\/wp-content\/uploads\/2026\/01\/image1-300x225.jpeg 300w, https:\/\/zonta-schwaebisch-gmuend.de\/wp-content\/uploads\/2026\/01\/image1.jpeg 320w\" data-sizes=\"auto\" data-orig-sizes=\"(max-width: 384px) 100vw, 384px\" \/><\/p>\n<p>Von links: Claudia Langenbacher, Sabine Dombrowski-Riegert, Vertreterinnen der Clubs Soroptimist und Inner Wheel und Elke Heer, Rita Mager<\/p>\n<\/div><\/div><div class=\"fusion-clearfix\"><\/div><\/article>\n<article id=\"blog-1-post-1716\" class=\"fusion-post-medium-alternate post-1716 post type-post status-publish format-standard hentry category-presseevents\">\n<div class=\"fusion-date-and-formats\"><div class=\"fusion-date-box updated\"><span class=\"fusion-date\">27<\/span><span class=\"fusion-month-year\">11, 2025<\/span><\/div><div class=\"fusion-format-box\"><i class=\"awb-icon-pen\" aria-hidden=\"true\"><\/i><\/div><\/div><div class=\"fusion-post-content post-content\"><h2 class=\"blog-shortcode-post-title entry-title\"><a href=\"https:\/\/zonta-schwaebisch-gmuend.de\/index.php\/2025\/11\/27\/herzlichen-dank-fuer-einen-erfolgreichen-stollenverkauf-zum-orange-day\/\">Herzlichen Dank f\u00fcr einen erfolgreichen Stollenverkauf zum Orange Day<\/a><\/h2><div class=\"fusion-post-content-container\"><p data-start=\"152\" data-end=\"403\">Am vergangenen Samstag durften wir wieder viele Unterst\u00fctzerinnen und Unterst\u00fctzer an unserem Stand begr\u00fc\u00dfen. Unser Stollenverkauf anl\u00e4sslich des Orange Day war ein gro\u00dfer Erfolg \u2013 dank Ihrer Eink\u00e4ufe und der vielen netten Begegnungen.<\/p>\n<p data-start=\"405\" data-end=\"634\">Wir freuen uns sehr \u00fcber die Einnahmen, die vollst\u00e4ndig der Organisation \u201eFrauen helfen Frauen\u201c zugutekommen. Damit leisten Sie einen wichtigen Beitrag zur Unterst\u00fctzung von Frauen in schwierigen Lebenssituationen.<\/p>\n<p data-start=\"636\" data-end=\"825\">Ein herzliches Dankesch\u00f6n an alle, die vorbeigeschaut, gespendet oder einfach ein paar freundliche Worte dagelassen haben.<\/p>\n<p data-start=\"636\" data-end=\"825\"><br data-start=\"758\" data-end=\"761\" \/>Es war ein sch\u00f6ner und bereichernder Vormittag \u2013 dank Ihnen!<\/p>\n<p data-start=\"636\" data-end=\"825\"><img decoding=\"async\" class=\"lazyload alignnone  wp-image-1717\" src=\"https:\/\/zonta-schwaebisch-gmuend.de\/wp-content\/uploads\/2025\/11\/314024d2-5faa-4a0b-a577-056e97cc3b27-1024x768.jpg\" data-orig-src=\"https:\/\/zonta-schwaebisch-gmuend.de\/wp-content\/uploads\/2025\/11\/314024d2-5faa-4a0b-a577-056e97cc3b27-1024x768.jpg\" alt=\"\" width=\"326\" height=\"244\" srcset=\"data:image\/svg+xml,%3Csvg%20xmlns%3D%27http%3A%2F%2Fwww.w3.org%2F2000%2Fsvg%27%20width%3D%27326%27%20height%3D%27244%27%20viewBox%3D%270%200%20326%20244%27%3E%3Crect%20width%3D%27326%27%20height%3D%27244%27%20fill-opacity%3D%220%22%2F%3E%3C%2Fsvg%3E\" data-srcset=\"https:\/\/zonta-schwaebisch-gmuend.de\/wp-content\/uploads\/2025\/11\/314024d2-5faa-4a0b-a577-056e97cc3b27-200x150.jpg 200w, https:\/\/zonta-schwaebisch-gmuend.de\/wp-content\/uploads\/2025\/11\/314024d2-5faa-4a0b-a577-056e97cc3b27-300x225.jpg 300w, https:\/\/zonta-schwaebisch-gmuend.de\/wp-content\/uploads\/2025\/11\/314024d2-5faa-4a0b-a577-056e97cc3b27-400x300.jpg 400w, https:\/\/zonta-schwaebisch-gmuend.de\/wp-content\/uploads\/2025\/11\/314024d2-5faa-4a0b-a577-056e97cc3b27-600x450.jpg 600w, https:\/\/zonta-schwaebisch-gmuend.de\/wp-content\/uploads\/2025\/11\/314024d2-5faa-4a0b-a577-056e97cc3b27-768x576.jpg 768w, https:\/\/zonta-schwaebisch-gmuend.de\/wp-content\/uploads\/2025\/11\/314024d2-5faa-4a0b-a577-056e97cc3b27-800x600.jpg 800w, https:\/\/zonta-schwaebisch-gmuend.de\/wp-content\/uploads\/2025\/11\/314024d2-5faa-4a0b-a577-056e97cc3b27-1024x768.jpg 1024w, https:\/\/zonta-schwaebisch-gmuend.de\/wp-content\/uploads\/2025\/11\/314024d2-5faa-4a0b-a577-056e97cc3b27-1200x900.jpg 1200w, https:\/\/zonta-schwaebisch-gmuend.de\/wp-content\/uploads\/2025\/11\/314024d2-5faa-4a0b-a577-056e97cc3b27.jpg 1280w\" data-sizes=\"auto\" data-orig-sizes=\"(max-width: 326px) 100vw, 326px\" \/><\/p>\n<\/div><\/div><div class=\"fusion-clearfix\"><\/div><\/article>\n<article id=\"blog-1-post-1704\" class=\"fusion-post-medium-alternate post-1704 post type-post status-publish format-standard hentry category-presseevents\">\n<div class=\"fusion-date-and-formats\"><div class=\"fusion-date-box updated\"><span class=\"fusion-date\">22<\/span><span class=\"fusion-month-year\">11, 2025<\/span><\/div><div class=\"fusion-format-box\"><i class=\"awb-icon-pen\" aria-hidden=\"true\"><\/i><\/div><\/div><div class=\"fusion-post-content post-content\"><h2 class=\"blog-shortcode-post-title entry-title\"><a href=\"https:\/\/zonta-schwaebisch-gmuend.de\/index.php\/2025\/11\/22\/vernissage-sichtbar-frauen-in-form-und-farbe\/\">Vernissage \u201eSichtbar \u2013 Frauen in Form und Farbe\u201c<\/a><\/h2><div class=\"fusion-post-content-container\"><p>Am Donnerstag, den 20. November, fand unsere Vernissage unter dem beeindruckenden Thema <strong>\u201eSichtbar \u2013 Frauen in Form und Farbe\u201c<\/strong> statt. Die musikalische Umrahmung \u00fcbernahmen Sandra Bosch (Gesang) und Maurizio Orlando (Gitarre), die mit ihren Kl\u00e4ngen eine stimmungsvolle Atmosph\u00e4re schufen.<\/p>\n<p>Unsere Pr\u00e4sidentin Sabine Dombrowski-Riegert er\u00f6ffnete den Abend und stellte zugleich die K\u00fcnstlerin Gudrun Niethammer vor, deren Werke im Mittelpunkt der Ausstellung stehen. Im Anschluss sprach Dr. Max Tillmann, Museumsleiter im Prediger in Schw\u00e4bisch Gm\u00fcnd, und gab weitere Einblicke in die k\u00fcnstlerische Arbeit und ihren Kontext.<\/p>\n<p>Auch die K\u00fcnstlerin selbst richtete pers\u00f6nliche Worte an die G\u00e4ste und erz\u00e4hlte weitere Hintergr\u00fcnde zu ihren Bildern.<\/p>\n<p>Die Vernissage war sehr gut besucht, begleitet von Sekt, kleinen H\u00e4ppchen und zahlreichen anregenden Gespr\u00e4chen. Mehrere Kunstwerke fanden sogar direkt am Abend neue Besitzerinnen und Besitzer. Es war ein rundum gelungener Abend, der Kunst, Begegnung und Inspiration wunderbar vereinte.<\/p>\n<p>Bei der Gelegenheit konnte auch ein Scheck \u00fcber 1.500 Euro an Frau Wahl (Stadt Schw\u00e4bisch Gm\u00fcnd) f\u00fcr das Projekt <em>Lichtblicke<\/em>\u00a0\u00fcbergeben werden.<\/p>\n<p><em>Lichtblicke<\/em> ist ein Projekt, initiiert vom Zonta-Club Schw\u00e4bisch Gm\u00fcnd. Das Projekt unterst\u00fctzt \u00e4ltere B\u00fcrgerinnen, die nach einschl\u00e4gigen Kriterien als arm gelten und selbst\u00e4ndig leben.<\/p>\n<p><em>Lichtblicke<\/em>\u00a0kooperiert mit der Stadtverwaltung Schw\u00e4bisch Gm\u00fcnd, dem Caritasverband und dem Diakonischen Werk Schw\u00e4bisch Gm\u00fcnd.<\/p>\n<p><img decoding=\"async\" class=\"lazyload alignnone wp-image-1705\" src=\"https:\/\/zonta-schwaebisch-gmuend.de\/wp-content\/uploads\/2025\/11\/IMG_5270-708x1024.jpg\" data-orig-src=\"https:\/\/zonta-schwaebisch-gmuend.de\/wp-content\/uploads\/2025\/11\/IMG_5270-708x1024.jpg\" alt=\"\" width=\"505\" height=\"731\" srcset=\"data:image\/svg+xml,%3Csvg%20xmlns%3D%27http%3A%2F%2Fwww.w3.org%2F2000%2Fsvg%27%20width%3D%27505%27%20height%3D%27731%27%20viewBox%3D%270%200%20505%20731%27%3E%3Crect%20width%3D%27505%27%20height%3D%27731%27%20fill-opacity%3D%220%22%2F%3E%3C%2Fsvg%3E\" data-srcset=\"https:\/\/zonta-schwaebisch-gmuend.de\/wp-content\/uploads\/2025\/11\/IMG_5270-200x289.jpg 200w, https:\/\/zonta-schwaebisch-gmuend.de\/wp-content\/uploads\/2025\/11\/IMG_5270-207x300.jpg 207w, https:\/\/zonta-schwaebisch-gmuend.de\/wp-content\/uploads\/2025\/11\/IMG_5270-400x579.jpg 400w, https:\/\/zonta-schwaebisch-gmuend.de\/wp-content\/uploads\/2025\/11\/IMG_5270-600x868.jpg 600w, https:\/\/zonta-schwaebisch-gmuend.de\/wp-content\/uploads\/2025\/11\/IMG_5270-708x1024.jpg 708w, https:\/\/zonta-schwaebisch-gmuend.de\/wp-content\/uploads\/2025\/11\/IMG_5270-768x1111.jpg 768w, https:\/\/zonta-schwaebisch-gmuend.de\/wp-content\/uploads\/2025\/11\/IMG_5270-800x1157.jpg 800w, https:\/\/zonta-schwaebisch-gmuend.de\/wp-content\/uploads\/2025\/11\/IMG_5270.jpg 885w\" data-sizes=\"auto\" data-orig-sizes=\"(max-width: 505px) 100vw, 505px\" \/><\/p>\n<p>Links zu sehen: Gudrun Niethammer, die K\u00fcnstlerin &#8211; rechts Sabine Dombrowski-Riegert (Pr\u00e4sidentin Zonta-Club Schw\u00e4bisch Gm\u00fcnd)<\/p>\n<\/div><\/div><div class=\"fusion-clearfix\"><\/div><\/article>\n<article id=\"blog-1-post-1692\" class=\"fusion-post-medium-alternate post-1692 post type-post status-publish format-standard hentry category-presseevents\">\n<div class=\"fusion-date-and-formats\"><div class=\"fusion-date-box updated\"><span class=\"fusion-date\">5<\/span><span class=\"fusion-month-year\">11, 2025<\/span><\/div><div class=\"fusion-format-box\"><i class=\"awb-icon-pen\" aria-hidden=\"true\"><\/i><\/div><\/div><div class=\"fusion-post-content post-content\"><h2 class=\"blog-shortcode-post-title entry-title\"><a href=\"https:\/\/zonta-schwaebisch-gmuend.de\/index.php\/2025\/11\/05\/tueten-mit-hygieneartikeln-fuer-wohnungslose-frauen-uebergeben\/\">T\u00fcten mit Hygieneartikeln f\u00fcr wohnungslose Frauen \u00fcbergeben<\/a><\/h2><div class=\"fusion-post-content-container\"><p>Zum wiederholten Mal \u00fcberreichten wir 25 gef\u00fcllte T\u00fcten mit Hygieneartikeln an die Mitarbeiterinnen der Wohnungslosenhilfe St. Elisabeth in Schw\u00e4bisch Gm\u00fcnd \u00fcbergeben. F\u00fcr wohnungslose Frauen sind diese Artikel unerl\u00e4sslich und kommen im Alltag unmittelbar zum Einsatz. Simone Weber, Leiterin der Einrichtung, betonte erneut, wie gro\u00df die Nachfrage nach diesen Artikeln ist. Wir freuen uns, den betroffenen Frauen mit n\u00fctzlichen Dingen helfen zu k\u00f6nnen.<\/p>\n<p><img decoding=\"async\" class=\"lazyload wp-image-1693 alignleft\" src=\"https:\/\/zonta-schwaebisch-gmuend.de\/wp-content\/uploads\/2025\/11\/IMG_5138-1024x934.jpg\" data-orig-src=\"https:\/\/zonta-schwaebisch-gmuend.de\/wp-content\/uploads\/2025\/11\/IMG_5138-1024x934.jpg\" alt=\"\" width=\"523\" height=\"477\" srcset=\"data:image\/svg+xml,%3Csvg%20xmlns%3D%27http%3A%2F%2Fwww.w3.org%2F2000%2Fsvg%27%20width%3D%27523%27%20height%3D%27477%27%20viewBox%3D%270%200%20523%20477%27%3E%3Crect%20width%3D%27523%27%20height%3D%27477%27%20fill-opacity%3D%220%22%2F%3E%3C%2Fsvg%3E\" data-srcset=\"https:\/\/zonta-schwaebisch-gmuend.de\/wp-content\/uploads\/2025\/11\/IMG_5138-200x183.jpg 200w, https:\/\/zonta-schwaebisch-gmuend.de\/wp-content\/uploads\/2025\/11\/IMG_5138-300x274.jpg 300w, https:\/\/zonta-schwaebisch-gmuend.de\/wp-content\/uploads\/2025\/11\/IMG_5138-400x365.jpg 400w, https:\/\/zonta-schwaebisch-gmuend.de\/wp-content\/uploads\/2025\/11\/IMG_5138-600x548.jpg 600w, https:\/\/zonta-schwaebisch-gmuend.de\/wp-content\/uploads\/2025\/11\/IMG_5138-768x701.jpg 768w, https:\/\/zonta-schwaebisch-gmuend.de\/wp-content\/uploads\/2025\/11\/IMG_5138-800x730.jpg 800w, https:\/\/zonta-schwaebisch-gmuend.de\/wp-content\/uploads\/2025\/11\/IMG_5138-1024x934.jpg 1024w, https:\/\/zonta-schwaebisch-gmuend.de\/wp-content\/uploads\/2025\/11\/IMG_5138-1200x1095.jpg 1200w, https:\/\/zonta-schwaebisch-gmuend.de\/wp-content\/uploads\/2025\/11\/IMG_5138-1536x1402.jpg 1536w, https:\/\/zonta-schwaebisch-gmuend.de\/wp-content\/uploads\/2025\/11\/IMG_5138.jpg 1601w\" data-sizes=\"auto\" data-orig-sizes=\"(max-width: 523px) 100vw, 523px\" \/><\/p>\n<p>&nbsp;<\/p>\n<p>&nbsp;<\/p>\n<p>&nbsp;<\/p>\n<p>&nbsp;<\/p>\n<p>&nbsp;<\/p>\n<p>&nbsp;<\/p>\n<p>&nbsp;<\/p>\n<p>&nbsp;<\/p>\n<p>&nbsp;<\/p>\n<p>&nbsp;<\/p>\n<p>&nbsp;<\/p>\n<p>Auf dem Foto von links nach rechts<\/p>\n<p>Sonja Dolder (St. Elisabeth), Claudia Langenbacher (Zonta Club), Simone Weber (St. Elisabeth), Sabine Dombrowski-Riegert, Gaby Thuma, Karin H\u00f6lldampf\u00a0 (Zonta Club)<\/p>\n<\/div><\/div><div class=\"fusion-clearfix\"><\/div><\/article>\n<article id=\"blog-1-post-1686\" class=\"fusion-post-medium-alternate post-1686 post type-post status-publish format-standard hentry category-presseevents\">\n<div class=\"fusion-date-and-formats\"><div class=\"fusion-date-box updated\"><span class=\"fusion-date\">23<\/span><span class=\"fusion-month-year\">09, 2025<\/span><\/div><div class=\"fusion-format-box\"><i class=\"awb-icon-pen\" aria-hidden=\"true\"><\/i><\/div><\/div><div class=\"fusion-post-content post-content\"><h2 class=\"blog-shortcode-post-title entry-title\"><a href=\"https:\/\/zonta-schwaebisch-gmuend.de\/index.php\/2025\/09\/23\/wir-stellen-unseren-neuen-informationsflyer-vor\/\">Wir stellen unseren neuen Informationsflyer vor<\/a><\/h2><div class=\"fusion-post-content-container\"><p>Anl\u00e4sslich unseres Jubil\u00e4umsjahres 2026 gibt es einen neuen Flyer, der n\u00e4here Informationen zu unserem Zonta-Club gibt. Es erwartet uns ein gro\u00dfartiges Jahr mit vielen Aktionen. Wir freuen uns schon sehr darauf.<img decoding=\"async\" class=\"lazyload alignnone  wp-image-1687\" src=\"https:\/\/zonta-schwaebisch-gmuend.de\/wp-content\/uploads\/2025\/09\/76286458-7db0-4b9b-a9ce-cbc49beb20e2-1024x419.jpg\" data-orig-src=\"https:\/\/zonta-schwaebisch-gmuend.de\/wp-content\/uploads\/2025\/09\/76286458-7db0-4b9b-a9ce-cbc49beb20e2-1024x419.jpg\" alt=\"\" width=\"880\" height=\"360\" srcset=\"data:image\/svg+xml,%3Csvg%20xmlns%3D%27http%3A%2F%2Fwww.w3.org%2F2000%2Fsvg%27%20width%3D%27880%27%20height%3D%27360%27%20viewBox%3D%270%200%20880%20360%27%3E%3Crect%20width%3D%27880%27%20height%3D%27360%27%20fill-opacity%3D%220%22%2F%3E%3C%2Fsvg%3E\" data-srcset=\"https:\/\/zonta-schwaebisch-gmuend.de\/wp-content\/uploads\/2025\/09\/76286458-7db0-4b9b-a9ce-cbc49beb20e2-200x82.jpg 200w, https:\/\/zonta-schwaebisch-gmuend.de\/wp-content\/uploads\/2025\/09\/76286458-7db0-4b9b-a9ce-cbc49beb20e2-300x123.jpg 300w, https:\/\/zonta-schwaebisch-gmuend.de\/wp-content\/uploads\/2025\/09\/76286458-7db0-4b9b-a9ce-cbc49beb20e2-400x164.jpg 400w, https:\/\/zonta-schwaebisch-gmuend.de\/wp-content\/uploads\/2025\/09\/76286458-7db0-4b9b-a9ce-cbc49beb20e2-600x246.jpg 600w, https:\/\/zonta-schwaebisch-gmuend.de\/wp-content\/uploads\/2025\/09\/76286458-7db0-4b9b-a9ce-cbc49beb20e2-768x315.jpg 768w, https:\/\/zonta-schwaebisch-gmuend.de\/wp-content\/uploads\/2025\/09\/76286458-7db0-4b9b-a9ce-cbc49beb20e2-800x328.jpg 800w, https:\/\/zonta-schwaebisch-gmuend.de\/wp-content\/uploads\/2025\/09\/76286458-7db0-4b9b-a9ce-cbc49beb20e2-1024x419.jpg 1024w, https:\/\/zonta-schwaebisch-gmuend.de\/wp-content\/uploads\/2025\/09\/76286458-7db0-4b9b-a9ce-cbc49beb20e2.jpg 1094w\" data-sizes=\"auto\" data-orig-sizes=\"(max-width: 880px) 100vw, 880px\" \/><\/p>\n<\/div><\/div><div class=\"fusion-clearfix\"><\/div><\/article>\n<article id=\"blog-1-post-1672\" class=\"fusion-post-medium-alternate post-1672 post type-post status-publish format-standard hentry category-presseevents\">\n<div class=\"fusion-date-and-formats\"><div class=\"fusion-date-box updated\"><span class=\"fusion-date\">14<\/span><span class=\"fusion-month-year\">05, 2025<\/span><\/div><div class=\"fusion-format-box\"><i class=\"awb-icon-pen\" aria-hidden=\"true\"><\/i><\/div><\/div><div class=\"fusion-post-content post-content\"><h2 class=\"blog-shortcode-post-title entry-title\"><a href=\"https:\/\/zonta-schwaebisch-gmuend.de\/index.php\/2025\/05\/14\/hygienetueten-fuer-wohnungslose-frauen-im-haus-st-elisabeth-ueberreicht\/\">Hygienet\u00fcten f\u00fcr wohnungslose Frauen im Haus St. Elisabeth \u00fcberreicht<\/a><\/h2><div class=\"fusion-post-content-container\"><p>Bei strahlendem Fr\u00fchsommerwetter \u00fcbergab unsere Pr\u00e4sidentin des Zonta Clubs Schw\u00e4bisch Gm\u00fcnd, Sabine Dombrowski-Riegert, gemeinsam mit unseren engagierten Zontians, 25 liebevoll gef\u00fcllte T\u00fcten mit allerlei Hygieneartikeln an die Mitarbeiterinnen der Wohnungslosenhilfe St. Elisabeth.<\/p>\n<p>Unser Zonta Club zeigt damit erneut sein gro\u00dfes Engagement, wohnungslosen Frauen im Alltag praktische Unterst\u00fctzung zu bieten. Die T\u00fcten, die bereits schon in den letzten Monaten \u00fcberreicht wurden, fanden stets gro\u00dfen Anklang und waren schnell vergriffen.<\/p>\n<p>Frau Simone Weber von St. Elisabeth und wir Zontians sind uns einig: Diese wertvolle Hilfe muss unbedingt fortgesetzt werden, um den betroffenen Frauen weiterhin mit n\u00fctzlichen Dingen eine Freude zu bereiten.<\/p>\n<p><img decoding=\"async\" class=\"lazyload alignnone wp-image-1673\" src=\"https:\/\/zonta-schwaebisch-gmuend.de\/wp-content\/uploads\/2025\/05\/IMG_9640-1024x818.jpg\" data-orig-src=\"https:\/\/zonta-schwaebisch-gmuend.de\/wp-content\/uploads\/2025\/05\/IMG_9640-1024x818.jpg\" alt=\"\" width=\"469\" height=\"374\" srcset=\"data:image\/svg+xml,%3Csvg%20xmlns%3D%27http%3A%2F%2Fwww.w3.org%2F2000%2Fsvg%27%20width%3D%27469%27%20height%3D%27374%27%20viewBox%3D%270%200%20469%20374%27%3E%3Crect%20width%3D%27469%27%20height%3D%27374%27%20fill-opacity%3D%220%22%2F%3E%3C%2Fsvg%3E\" data-srcset=\"https:\/\/zonta-schwaebisch-gmuend.de\/wp-content\/uploads\/2025\/05\/IMG_9640-177x142.jpg 177w, https:\/\/zonta-schwaebisch-gmuend.de\/wp-content\/uploads\/2025\/05\/IMG_9640-200x160.jpg 200w, https:\/\/zonta-schwaebisch-gmuend.de\/wp-content\/uploads\/2025\/05\/IMG_9640-300x240.jpg 300w, https:\/\/zonta-schwaebisch-gmuend.de\/wp-content\/uploads\/2025\/05\/IMG_9640-400x319.jpg 400w, https:\/\/zonta-schwaebisch-gmuend.de\/wp-content\/uploads\/2025\/05\/IMG_9640-600x479.jpg 600w, https:\/\/zonta-schwaebisch-gmuend.de\/wp-content\/uploads\/2025\/05\/IMG_9640-768x613.jpg 768w, https:\/\/zonta-schwaebisch-gmuend.de\/wp-content\/uploads\/2025\/05\/IMG_9640-800x639.jpg 800w, https:\/\/zonta-schwaebisch-gmuend.de\/wp-content\/uploads\/2025\/05\/IMG_9640-1024x818.jpg 1024w, https:\/\/zonta-schwaebisch-gmuend.de\/wp-content\/uploads\/2025\/05\/IMG_9640-1200x958.jpg 1200w, https:\/\/zonta-schwaebisch-gmuend.de\/wp-content\/uploads\/2025\/05\/IMG_9640.jpg 1510w\" data-sizes=\"auto\" data-orig-sizes=\"(max-width: 469px) 100vw, 469px\" \/><\/p>\n<p>Auf dem Bild von links nach rechts zu sehen<br \/>\nGaby Thuma, Sabine Dombrowski-Riegert, Simone Weber, Frau Fischer, Michaela Hirner, Sigrid Heusel<\/p>\n<\/div><\/div><div class=\"fusion-clearfix\"><\/div><\/article>\n<article id=\"blog-1-post-1656\" class=\"fusion-post-medium-alternate post-1656 post type-post status-publish format-standard hentry category-presseevents\">\n<div class=\"fusion-date-and-formats\"><div class=\"fusion-date-box updated\"><span class=\"fusion-date\">29<\/span><span class=\"fusion-month-year\">03, 2025<\/span><\/div><div class=\"fusion-format-box\"><i class=\"awb-icon-pen\" aria-hidden=\"true\"><\/i><\/div><\/div><div class=\"fusion-post-content post-content\"><h2 class=\"blog-shortcode-post-title entry-title\"><a href=\"https:\/\/zonta-schwaebisch-gmuend.de\/index.php\/2025\/03\/29\/unser-zonta-club-unterstuetzt-den-verein-frauen-helfen-frauen-mit-1-200-euro\/\">Unser Zonta-Club unterst\u00fctzt den Verein &#8222;Frauen helfen Frauen&#8220; mit 1.200 Euro<\/a><\/h2><div class=\"fusion-post-content-container\"><p>Erneut konnte unser Zonta-Club dem Verein &#8222;Frauen helfen Frauen Schw\u00e4bisch Gm\u00fcnd&#8220; eine Spende in H\u00f6he von 1.200 Euro \u00fcberreichen. Mit dieser Unterst\u00fctzung setzt unser Club ein starkes Zeichen f\u00fcr Solidarit\u00e4t und Engagement zugunsten von Frauen in schwierigen Lebenssituationen.<\/p>\n<p>Die Spende wird f\u00fcr die Arbeit des Vereins verwendet, der sich seit vielen Jahren f\u00fcr von Gewalt betroffene Frauen und ihre Kinder einsetzt. Die Mittel flie\u00dfen unter anderem in Beratungsangebote und Pr\u00e4ventionsarbeit.<\/p>\n<p>\u201eWir freuen uns sehr \u00fcber die gro\u00dfz\u00fcgige Spende und die wertsch\u00e4tzende Anerkennung unserer Arbeit\u201c, sagte Rita Mager, Schatzmeisterin des Vereins bei der \u00dcbergabe. Der Zonta-Club Schw\u00e4bisch Gm\u00fcnd unterstreicht mit dieser Geste sein dauerhaftes Engagement f\u00fcr die St\u00e4rkung von Frauenrechten und Gleichstellung.<\/p>\n<p><img decoding=\"async\" class=\"lazyload alignnone  wp-image-1657\" src=\"https:\/\/zonta-schwaebisch-gmuend.de\/wp-content\/uploads\/2025\/03\/IMG_0067.jpg\" data-orig-src=\"https:\/\/zonta-schwaebisch-gmuend.de\/wp-content\/uploads\/2025\/03\/IMG_0067.jpg\" alt=\"\" width=\"414\" height=\"320\" srcset=\"data:image\/svg+xml,%3Csvg%20xmlns%3D%27http%3A%2F%2Fwww.w3.org%2F2000%2Fsvg%27%20width%3D%27414%27%20height%3D%27320%27%20viewBox%3D%270%200%20414%20320%27%3E%3Crect%20width%3D%27414%27%20height%3D%27320%27%20fill-opacity%3D%220%22%2F%3E%3C%2Fsvg%3E\" data-srcset=\"https:\/\/zonta-schwaebisch-gmuend.de\/wp-content\/uploads\/2025\/03\/IMG_0067-200x155.jpg 200w, https:\/\/zonta-schwaebisch-gmuend.de\/wp-content\/uploads\/2025\/03\/IMG_0067-300x232.jpg 300w, https:\/\/zonta-schwaebisch-gmuend.de\/wp-content\/uploads\/2025\/03\/IMG_0067-400x309.jpg 400w, https:\/\/zonta-schwaebisch-gmuend.de\/wp-content\/uploads\/2025\/03\/IMG_0067-600x464.jpg 600w, https:\/\/zonta-schwaebisch-gmuend.de\/wp-content\/uploads\/2025\/03\/IMG_0067.jpg 640w\" data-sizes=\"auto\" data-orig-sizes=\"(max-width: 414px) 100vw, 414px\" \/><\/p>\n<p>Von links: Renate Bay, Franziska Stadelmaier, Rita Mager (alle Frauen helfen Frauen), Sabine Dombrowski-Riegert, Gaby Thuma (Zonta-Club Schw\u00e4bisch Gm\u00fcnd), Anja Tamm (Frauen helfen Frauen)<\/p>\n<\/div><\/div><div class=\"fusion-clearfix\"><\/div><\/article>\n<article id=\"blog-1-post-1645\" class=\"fusion-post-medium-alternate post-1645 post type-post status-publish format-standard hentry category-presseevents\">\n<div class=\"fusion-date-and-formats\"><div class=\"fusion-date-box updated\"><span class=\"fusion-date\">26<\/span><span class=\"fusion-month-year\">03, 2025<\/span><\/div><div class=\"fusion-format-box\"><i class=\"awb-icon-pen\" aria-hidden=\"true\"><\/i><\/div><\/div><div class=\"fusion-post-content post-content\"><h2 class=\"blog-shortcode-post-title entry-title\"><a href=\"https:\/\/zonta-schwaebisch-gmuend.de\/index.php\/2025\/03\/26\/clubvorstellung-bei-der-konferenz-des-krankenhaushilfsdienstes-am-25-03-2025\/\">Clubvorstellung bei der Konferenz des Krankenhaushilfsdienstes am 25.03.2025<\/a><\/h2><div class=\"fusion-post-content-container\"><div><span id=\"GWPasted1\"> Im Rahmen einer Konferenz des Krankenhaushilfsdienstes folgten wir der Einladung von Brigitte Abele, Ehrenamtskoordinatorin Stauferklinikum, unseren Zonta-Club Schw\u00e4bisch Gm\u00fcnd vorzustellen. Sabine Dombrowski-Riegert berichtete anschaulich \u00fcber die Geschichte unseres Clubs und erl\u00e4uterte unsere vielf\u00e4ltigen Projekte. Die anschlie\u00dfende Gespr\u00e4chsrunde war sehr angenehm und wir haben uns \u00fcber die herzliche Aufnahme und das Interesse der Anwesenden sehr gefreut.<\/span><\/div>\n<p><img decoding=\"async\" class=\"lazyload alignnone  wp-image-1646\" src=\"https:\/\/zonta-schwaebisch-gmuend.de\/wp-content\/uploads\/2025\/03\/IMG_4062-705x1024.jpg\" data-orig-src=\"https:\/\/zonta-schwaebisch-gmuend.de\/wp-content\/uploads\/2025\/03\/IMG_4062-705x1024.jpg\" alt=\"\" width=\"299\" height=\"434\" srcset=\"data:image\/svg+xml,%3Csvg%20xmlns%3D%27http%3A%2F%2Fwww.w3.org%2F2000%2Fsvg%27%20width%3D%27299%27%20height%3D%27434%27%20viewBox%3D%270%200%20299%20434%27%3E%3Crect%20width%3D%27299%27%20height%3D%27434%27%20fill-opacity%3D%220%22%2F%3E%3C%2Fsvg%3E\" data-srcset=\"https:\/\/zonta-schwaebisch-gmuend.de\/wp-content\/uploads\/2025\/03\/IMG_4062-200x290.jpg 200w, https:\/\/zonta-schwaebisch-gmuend.de\/wp-content\/uploads\/2025\/03\/IMG_4062-207x300.jpg 207w, https:\/\/zonta-schwaebisch-gmuend.de\/wp-content\/uploads\/2025\/03\/IMG_4062-400x581.jpg 400w, https:\/\/zonta-schwaebisch-gmuend.de\/wp-content\/uploads\/2025\/03\/IMG_4062-600x871.jpg 600w, https:\/\/zonta-schwaebisch-gmuend.de\/wp-content\/uploads\/2025\/03\/IMG_4062-705x1024.jpg 705w, https:\/\/zonta-schwaebisch-gmuend.de\/wp-content\/uploads\/2025\/03\/IMG_4062-768x1115.jpg 768w, https:\/\/zonta-schwaebisch-gmuend.de\/wp-content\/uploads\/2025\/03\/IMG_4062-800x1161.jpg 800w, https:\/\/zonta-schwaebisch-gmuend.de\/wp-content\/uploads\/2025\/03\/IMG_4062-1058x1536.jpg 1058w, https:\/\/zonta-schwaebisch-gmuend.de\/wp-content\/uploads\/2025\/03\/IMG_4062.jpg 1103w\" data-sizes=\"auto\" data-orig-sizes=\"(max-width: 299px) 100vw, 299px\" \/><\/p>\n<p>Von links: Frau Brigitte Abele, Ehrenamtskoordinatorin Stauferklinikum, Sabine Dombrowski-Riegert, Pr\u00e4sidentin Zonta-Club Schw\u00e4bisch Gm\u00fcnd<\/p>\n<\/div><\/div><div class=\"fusion-clearfix\"><\/div><\/article>\n<article id=\"blog-1-post-1631\" class=\"fusion-post-medium-alternate post-1631 post type-post status-publish format-standard hentry category-presseevents\">\n<div class=\"fusion-date-and-formats\"><div class=\"fusion-date-box updated\"><span class=\"fusion-date\">23<\/span><span class=\"fusion-month-year\">03, 2025<\/span><\/div><div class=\"fusion-format-box\"><i class=\"awb-icon-pen\" aria-hidden=\"true\"><\/i><\/div><\/div><div class=\"fusion-post-content post-content\"><h2 class=\"blog-shortcode-post-title entry-title\"><a href=\"https:\/\/zonta-schwaebisch-gmuend.de\/index.php\/2025\/03\/23\/foerderverein-erhaelt-spende-ueber-1000-euro-von-unserem-zonta-club\/\">F\u00f6rderverein erh\u00e4lt Spende \u00fcber 1000 Euro von unserem Zonta-Club<\/a><\/h2><div class=\"fusion-post-content-container\"><p>Bei unserem letzten Meeting hatten Frau Claudia Seiler vom F\u00f6rderverein Frauen- und Kinderschutzeinrichtungen Ostalbkreis und Frau L\u00f6ffler-Klein Gelegenheit, \u00fcber die wertvolle Arbeit des F\u00f6rdervereins zu informieren. Die anschlie\u00dfende Diskussion war lebhaft und aufschlussreich und wir konnten viele interessante Einblicke gewinnen.<\/p>\n<p>Besonders erfreulich war die \u00dcbergabe eines Schecks \u00fcber 1000 Euro f\u00fcr den F\u00f6rderverein durch unsere Pr\u00e4sidentin Sabine Dombrowski-Riegert. Frau Seiler und Frau L\u00f6ffler-Klein bedankten sich herzlich f\u00fcr die gro\u00dfz\u00fcgige Unterst\u00fctzung, die es dem F\u00f6rderverein erm\u00f6glichen wird, seine wichtigen Projekte und das soziale Engagement fortzuf\u00fchren. Wie immer, wurde am Schluss unsere Zonta-Rose \u00fcberreicht.<\/p>\n<p>Wir danken allen Beteiligten f\u00fcr ihr Engagement und freuen uns auf die weitere Zusammenarbeit!<\/p>\n<p><img decoding=\"async\" class=\"lazyload alignnone wp-image-1633\" src=\"https:\/\/zonta-schwaebisch-gmuend.de\/wp-content\/uploads\/2025\/03\/IMG_4034-1-849x1024.jpg\" data-orig-src=\"https:\/\/zonta-schwaebisch-gmuend.de\/wp-content\/uploads\/2025\/03\/IMG_4034-1-849x1024.jpg\" alt=\"\" width=\"361\" height=\"435\" srcset=\"data:image\/svg+xml,%3Csvg%20xmlns%3D%27http%3A%2F%2Fwww.w3.org%2F2000%2Fsvg%27%20width%3D%27361%27%20height%3D%27435%27%20viewBox%3D%270%200%20361%20435%27%3E%3Crect%20width%3D%27361%27%20height%3D%27435%27%20fill-opacity%3D%220%22%2F%3E%3C%2Fsvg%3E\" data-srcset=\"https:\/\/zonta-schwaebisch-gmuend.de\/wp-content\/uploads\/2025\/03\/IMG_4034-1-200x241.jpg 200w, https:\/\/zonta-schwaebisch-gmuend.de\/wp-content\/uploads\/2025\/03\/IMG_4034-1-249x300.jpg 249w, https:\/\/zonta-schwaebisch-gmuend.de\/wp-content\/uploads\/2025\/03\/IMG_4034-1-400x483.jpg 400w, https:\/\/zonta-schwaebisch-gmuend.de\/wp-content\/uploads\/2025\/03\/IMG_4034-1-600x724.jpg 600w, https:\/\/zonta-schwaebisch-gmuend.de\/wp-content\/uploads\/2025\/03\/IMG_4034-1-768x926.jpg 768w, https:\/\/zonta-schwaebisch-gmuend.de\/wp-content\/uploads\/2025\/03\/IMG_4034-1-800x965.jpg 800w, https:\/\/zonta-schwaebisch-gmuend.de\/wp-content\/uploads\/2025\/03\/IMG_4034-1-849x1024.jpg 849w, https:\/\/zonta-schwaebisch-gmuend.de\/wp-content\/uploads\/2025\/03\/IMG_4034-1.jpg 960w\" data-sizes=\"auto\" data-orig-sizes=\"(max-width: 361px) 100vw, 361px\" \/><\/p>\n<p>\u00dcbergabe des Schecks an den F\u00f6rderverein Frauen- und Kinderschutzeinrichtungen Ostalbkreis<\/p>\n<p><img decoding=\"async\" class=\"lazyload alignnone wp-image-1634\" src=\"https:\/\/zonta-schwaebisch-gmuend.de\/wp-content\/uploads\/2025\/03\/IMG_4035-822x1024.jpg\" data-orig-src=\"https:\/\/zonta-schwaebisch-gmuend.de\/wp-content\/uploads\/2025\/03\/IMG_4035-822x1024.jpg\" alt=\"\" width=\"361\" height=\"450\" srcset=\"data:image\/svg+xml,%3Csvg%20xmlns%3D%27http%3A%2F%2Fwww.w3.org%2F2000%2Fsvg%27%20width%3D%27361%27%20height%3D%27450%27%20viewBox%3D%270%200%20361%20450%27%3E%3Crect%20width%3D%27361%27%20height%3D%27450%27%20fill-opacity%3D%220%22%2F%3E%3C%2Fsvg%3E\" data-srcset=\"https:\/\/zonta-schwaebisch-gmuend.de\/wp-content\/uploads\/2025\/03\/IMG_4035-200x249.jpg 200w, https:\/\/zonta-schwaebisch-gmuend.de\/wp-content\/uploads\/2025\/03\/IMG_4035-241x300.jpg 241w, https:\/\/zonta-schwaebisch-gmuend.de\/wp-content\/uploads\/2025\/03\/IMG_4035-400x498.jpg 400w, https:\/\/zonta-schwaebisch-gmuend.de\/wp-content\/uploads\/2025\/03\/IMG_4035-600x748.jpg 600w, https:\/\/zonta-schwaebisch-gmuend.de\/wp-content\/uploads\/2025\/03\/IMG_4035-768x957.jpg 768w, https:\/\/zonta-schwaebisch-gmuend.de\/wp-content\/uploads\/2025\/03\/IMG_4035-800x997.jpg 800w, https:\/\/zonta-schwaebisch-gmuend.de\/wp-content\/uploads\/2025\/03\/IMG_4035-822x1024.jpg 822w, https:\/\/zonta-schwaebisch-gmuend.de\/wp-content\/uploads\/2025\/03\/IMG_4035.jpg 960w\" data-sizes=\"auto\" data-orig-sizes=\"(max-width: 361px) 100vw, 361px\" \/><\/p>\n<\/div><\/div><div class=\"fusion-clearfix\"><\/div><\/article>\n<article id=\"blog-1-post-1622\" class=\"fusion-post-medium-alternate post-1622 post type-post status-publish format-standard hentry category-presseevents\">\n<div class=\"fusion-date-and-formats\"><div class=\"fusion-date-box updated\"><span class=\"fusion-date\">13<\/span><span class=\"fusion-month-year\">03, 2025<\/span><\/div><div class=\"fusion-format-box\"><i class=\"awb-icon-pen\" aria-hidden=\"true\"><\/i><\/div><\/div><div class=\"fusion-post-content post-content\"><h2 class=\"blog-shortcode-post-title entry-title\"><a href=\"https:\/\/zonta-schwaebisch-gmuend.de\/index.php\/2025\/03\/13\/spendenuebergabe-fuer-die-projekte-gmuend-isst-besser-und-lichtblicke-am-11-maerz-2025\/\">Spenden\u00fcbergabe f\u00fcr die Projekte &#8222;Gm\u00fcnd isst besser&#8220; und &#8222;Lichtblicke&#8220; am 11.03.2025<\/a><\/h2><div class=\"fusion-post-content-container\"><p>Am Dienstag, 11. M\u00e4rz, \u00fcberreichte unsere Pr\u00e4sidentin, Sabine Dombrowski-Riegert, dem Ersten B\u00fcrgermeister Christian Baron eine gro\u00dfz\u00fcgige Spende in H\u00f6he von 1.800 Euro. Davon sind 300 Euro f\u00fcr das Projekt \u201eGm\u00fcnd isst besser\u201c bestimmt. Hier werden die Wintertreffs in verschiedenen Stadtteilen als Zeichen des Zusammenhalts in schwierigen Zeiten unterst\u00fctzt. Suppen und Eint\u00f6pfe sowie Kaffee und Tee sind kostenlos.<\/p>\n<p>Die restlichen 1.500 Euro gehen an das Projekt &#8222;Lichtblicke&#8220;. Hierbei unterst\u00fctzt die Spitalm\u00fchle Schw\u00e4bisch Gm\u00fcnd seit Jahren \u00e4ltere B\u00fcrgerinnen und B\u00fcrger, die an der Armutsgrenze leben.<\/p>\n<p><img decoding=\"async\" class=\"lazyload alignnone wp-image-1623\" src=\"https:\/\/zonta-schwaebisch-gmuend.de\/wp-content\/uploads\/2025\/03\/IMG_4003-1024x740.jpg\" data-orig-src=\"https:\/\/zonta-schwaebisch-gmuend.de\/wp-content\/uploads\/2025\/03\/IMG_4003-1024x740.jpg\" alt=\"\" width=\"452\" height=\"327\" srcset=\"data:image\/svg+xml,%3Csvg%20xmlns%3D%27http%3A%2F%2Fwww.w3.org%2F2000%2Fsvg%27%20width%3D%27452%27%20height%3D%27327%27%20viewBox%3D%270%200%20452%20327%27%3E%3Crect%20width%3D%27452%27%20height%3D%27327%27%20fill-opacity%3D%220%22%2F%3E%3C%2Fsvg%3E\" data-srcset=\"https:\/\/zonta-schwaebisch-gmuend.de\/wp-content\/uploads\/2025\/03\/IMG_4003-200x145.jpg 200w, https:\/\/zonta-schwaebisch-gmuend.de\/wp-content\/uploads\/2025\/03\/IMG_4003-300x217.jpg 300w, https:\/\/zonta-schwaebisch-gmuend.de\/wp-content\/uploads\/2025\/03\/IMG_4003-400x289.jpg 400w, https:\/\/zonta-schwaebisch-gmuend.de\/wp-content\/uploads\/2025\/03\/IMG_4003-600x434.jpg 600w, https:\/\/zonta-schwaebisch-gmuend.de\/wp-content\/uploads\/2025\/03\/IMG_4003-768x555.jpg 768w, https:\/\/zonta-schwaebisch-gmuend.de\/wp-content\/uploads\/2025\/03\/IMG_4003-800x578.jpg 800w, https:\/\/zonta-schwaebisch-gmuend.de\/wp-content\/uploads\/2025\/03\/IMG_4003-1024x740.jpg 1024w, https:\/\/zonta-schwaebisch-gmuend.de\/wp-content\/uploads\/2025\/03\/IMG_4003-1200x867.jpg 1200w, https:\/\/zonta-schwaebisch-gmuend.de\/wp-content\/uploads\/2025\/03\/IMG_4003.jpg 1280w\" data-sizes=\"auto\" data-orig-sizes=\"(max-width: 452px) 100vw, 452px\" \/><\/p>\n<p>Bildunterschrift von links:<br \/>\nChrista Barei\u00df, Fachbereichsleitung Stadtteilarbeit, Gaby Thuma, Zonta Club Schw\u00e4bisch Gm\u00fcnd e.V., Pr\u00e4sidentin Sabine Dombrowski-Riegert, Zonta Club Schw\u00e4bisch Gm\u00fcnd e.V., Renate Wahl, Fachbereichsleitung Senioren und Erster B\u00fcrgermeister Christian Baron<\/p>\n<\/div><\/div><div class=\"fusion-clearfix\"><\/div><\/article>\n<article id=\"blog-1-post-1609\" class=\"fusion-post-medium-alternate post-1609 post type-post status-publish format-standard hentry category-presseevents\">\n<div class=\"fusion-date-and-formats\"><div class=\"fusion-date-box updated\"><span class=\"fusion-date\">9<\/span><span class=\"fusion-month-year\">02, 2025<\/span><\/div><div class=\"fusion-format-box\"><i class=\"awb-icon-pen\" aria-hidden=\"true\"><\/i><\/div><\/div><div class=\"fusion-post-content post-content\"><h2 class=\"blog-shortcode-post-title entry-title\"><a href=\"https:\/\/zonta-schwaebisch-gmuend.de\/index.php\/2025\/02\/09\/eine-rote-bank-als-symbol-gegen-gewalt-an-frauen-und-wir-waren-dabei\/\">Eine rote Bank als Symbol gegen Gewalt an Frauen &#8211; und wir waren dabei!<\/a><\/h2><div class=\"fusion-post-content-container\"><p>Der Kreisfrauenrat Ostalb und Frauen helfen Frauen Schw\u00e4bisch Gm\u00fcnd wollen aktiv auf das Thema Gewalt gegen Frauen aufmerksam machen. Deshalb wurde am 06.02.2025 in Waldstetten eine weitere rote Bank als Symbol gegen h\u00e4usliche Gewalt aufgestellt. Die Enth\u00fcllung der roten Bank\u00a0 unterst\u00fctzten neben den Initiatoren und Vertretern der beiden Vereine auch Mitarbeiter der Gemeindeverwaltung Waldstetten und Mitglieder der Soroptimistinnen sowie unser Zonta Club. Vertreten waren wir durch unsere Pr\u00e4sidentin Sabine Dombrowski-Riegert und Gaby Thuma.<\/p>\n<p><img decoding=\"async\" class=\"lazyload alignnone size-large wp-image-1610\" src=\"https:\/\/zonta-schwaebisch-gmuend.de\/wp-content\/uploads\/2025\/02\/e38edbde-eb17-4aea-b16f-4e921970839d-1024x722.jpg\" data-orig-src=\"https:\/\/zonta-schwaebisch-gmuend.de\/wp-content\/uploads\/2025\/02\/e38edbde-eb17-4aea-b16f-4e921970839d-1024x722.jpg\" alt=\"\" width=\"1024\" height=\"722\" srcset=\"data:image\/svg+xml,%3Csvg%20xmlns%3D%27http%3A%2F%2Fwww.w3.org%2F2000%2Fsvg%27%20width%3D%271024%27%20height%3D%27722%27%20viewBox%3D%270%200%201024%20722%27%3E%3Crect%20width%3D%271024%27%20height%3D%27722%27%20fill-opacity%3D%220%22%2F%3E%3C%2Fsvg%3E\" data-srcset=\"https:\/\/zonta-schwaebisch-gmuend.de\/wp-content\/uploads\/2025\/02\/e38edbde-eb17-4aea-b16f-4e921970839d-200x141.jpg 200w, https:\/\/zonta-schwaebisch-gmuend.de\/wp-content\/uploads\/2025\/02\/e38edbde-eb17-4aea-b16f-4e921970839d-300x212.jpg 300w, https:\/\/zonta-schwaebisch-gmuend.de\/wp-content\/uploads\/2025\/02\/e38edbde-eb17-4aea-b16f-4e921970839d-400x282.jpg 400w, https:\/\/zonta-schwaebisch-gmuend.de\/wp-content\/uploads\/2025\/02\/e38edbde-eb17-4aea-b16f-4e921970839d-600x423.jpg 600w, https:\/\/zonta-schwaebisch-gmuend.de\/wp-content\/uploads\/2025\/02\/e38edbde-eb17-4aea-b16f-4e921970839d-768x541.jpg 768w, https:\/\/zonta-schwaebisch-gmuend.de\/wp-content\/uploads\/2025\/02\/e38edbde-eb17-4aea-b16f-4e921970839d-800x564.jpg 800w, https:\/\/zonta-schwaebisch-gmuend.de\/wp-content\/uploads\/2025\/02\/e38edbde-eb17-4aea-b16f-4e921970839d-1024x722.jpg 1024w, https:\/\/zonta-schwaebisch-gmuend.de\/wp-content\/uploads\/2025\/02\/e38edbde-eb17-4aea-b16f-4e921970839d-1200x846.jpg 1200w, https:\/\/zonta-schwaebisch-gmuend.de\/wp-content\/uploads\/2025\/02\/e38edbde-eb17-4aea-b16f-4e921970839d-1536x1083.jpg 1536w, https:\/\/zonta-schwaebisch-gmuend.de\/wp-content\/uploads\/2025\/02\/e38edbde-eb17-4aea-b16f-4e921970839d.jpg 1600w\" data-sizes=\"auto\" data-orig-sizes=\"(max-width: 1024px) 100vw, 1024px\" \/><\/p>\n<\/div><\/div><div class=\"fusion-clearfix\"><\/div><\/article>\n<article id=\"blog-1-post-1569\" class=\"fusion-post-medium-alternate post-1569 post type-post status-publish format-standard hentry category-presseevents\">\n<div class=\"fusion-date-and-formats\"><div class=\"fusion-date-box updated\"><span class=\"fusion-date\">3<\/span><span class=\"fusion-month-year\">02, 2025<\/span><\/div><div class=\"fusion-format-box\"><i class=\"awb-icon-pen\" aria-hidden=\"true\"><\/i><\/div><\/div><div class=\"fusion-post-content post-content\"><h2 class=\"blog-shortcode-post-title entry-title\"><a href=\"https:\/\/zonta-schwaebisch-gmuend.de\/index.php\/2025\/02\/03\/unser-kinoevent-am-02-februar-2025\/\">Unser Kinoevent am 02. Februar 2025<\/a><\/h2><div class=\"fusion-post-content-container\"><p>Am vergangenen Sonntag fand unser allj\u00e4hrliches Kino-Matinee statt und es war ein gro\u00dfer Erfolg! Viele Besucher fanden den Weg zu uns und ein \u00fcppiges Fingerfood-Buffet erwartete sie. Sehr erfreulich war die Anwesenheit prominenter G\u00e4ste aus unserer Stadt. Nach einer herzlichen Begr\u00fc\u00dfung im Kinosaal durch unsere Pr\u00e4sidentin, Sabine Dombrowski-Riegert, richtete unser Oberb\u00fcrgermeister Richard Arnold ein inspirierendes Gru\u00dfwort an die Besucher. Danach startete der Film &#8222;Contra&#8220; und sorgte f\u00fcr einen unvergesslichen Vormittag. Wir danken allen Besuchern, dass sie uns beehrt haben!<\/p>\n<p>Das Foto zeigt unser Team, bevor die G\u00e4ste kamen, daneben Richard Arnold, Oberb\u00fcrgermeister Schw\u00e4bisch Gm\u00fcnd mit Sabine Dombrowski-Riegert, Pr\u00e4sidentin Zonta-Club Schw\u00e4bisch Gm\u00fcnd<\/p>\n<p><img decoding=\"async\" class=\"lazyload alignnone wp-image-1587\" src=\"https:\/\/zonta-schwaebisch-gmuend.de\/wp-content\/uploads\/2025\/02\/IMG_3914-2-1024x714.jpg\" data-orig-src=\"https:\/\/zonta-schwaebisch-gmuend.de\/wp-content\/uploads\/2025\/02\/IMG_3914-2-1024x714.jpg\" alt=\"\" width=\"528\" height=\"368\" srcset=\"data:image\/svg+xml,%3Csvg%20xmlns%3D%27http%3A%2F%2Fwww.w3.org%2F2000%2Fsvg%27%20width%3D%27528%27%20height%3D%27368%27%20viewBox%3D%270%200%20528%20368%27%3E%3Crect%20width%3D%27528%27%20height%3D%27368%27%20fill-opacity%3D%220%22%2F%3E%3C%2Fsvg%3E\" data-srcset=\"https:\/\/zonta-schwaebisch-gmuend.de\/wp-content\/uploads\/2025\/02\/IMG_3914-2-200x139.jpg 200w, https:\/\/zonta-schwaebisch-gmuend.de\/wp-content\/uploads\/2025\/02\/IMG_3914-2-300x209.jpg 300w, https:\/\/zonta-schwaebisch-gmuend.de\/wp-content\/uploads\/2025\/02\/IMG_3914-2-400x279.jpg 400w, https:\/\/zonta-schwaebisch-gmuend.de\/wp-content\/uploads\/2025\/02\/IMG_3914-2-600x418.jpg 600w, https:\/\/zonta-schwaebisch-gmuend.de\/wp-content\/uploads\/2025\/02\/IMG_3914-2-768x535.jpg 768w, https:\/\/zonta-schwaebisch-gmuend.de\/wp-content\/uploads\/2025\/02\/IMG_3914-2-800x558.jpg 800w, https:\/\/zonta-schwaebisch-gmuend.de\/wp-content\/uploads\/2025\/02\/IMG_3914-2-1024x714.jpg 1024w, https:\/\/zonta-schwaebisch-gmuend.de\/wp-content\/uploads\/2025\/02\/IMG_3914-2-1200x836.jpg 1200w, https:\/\/zonta-schwaebisch-gmuend.de\/wp-content\/uploads\/2025\/02\/IMG_3914-2-1536x1070.jpg 1536w, https:\/\/zonta-schwaebisch-gmuend.de\/wp-content\/uploads\/2025\/02\/IMG_3914-2.jpg 1917w\" data-sizes=\"auto\" data-orig-sizes=\"(max-width: 528px) 100vw, 528px\" \/><\/p>\n<p><img decoding=\"async\" class=\"lazyload alignnone wp-image-1588\" src=\"https:\/\/zonta-schwaebisch-gmuend.de\/wp-content\/uploads\/2025\/02\/IMG_3915-2-1024x726.jpg\" data-orig-src=\"https:\/\/zonta-schwaebisch-gmuend.de\/wp-content\/uploads\/2025\/02\/IMG_3915-2-1024x726.jpg\" alt=\"\" width=\"522\" height=\"370\" srcset=\"data:image\/svg+xml,%3Csvg%20xmlns%3D%27http%3A%2F%2Fwww.w3.org%2F2000%2Fsvg%27%20width%3D%27522%27%20height%3D%27370%27%20viewBox%3D%270%200%20522%20370%27%3E%3Crect%20width%3D%27522%27%20height%3D%27370%27%20fill-opacity%3D%220%22%2F%3E%3C%2Fsvg%3E\" data-srcset=\"https:\/\/zonta-schwaebisch-gmuend.de\/wp-content\/uploads\/2025\/02\/IMG_3915-2-200x142.jpg 200w, https:\/\/zonta-schwaebisch-gmuend.de\/wp-content\/uploads\/2025\/02\/IMG_3915-2-300x214.jpg 300w, https:\/\/zonta-schwaebisch-gmuend.de\/wp-content\/uploads\/2025\/02\/IMG_3915-2-400x283.jpg 400w, https:\/\/zonta-schwaebisch-gmuend.de\/wp-content\/uploads\/2025\/02\/IMG_3915-2-600x425.jpg 600w, https:\/\/zonta-schwaebisch-gmuend.de\/wp-content\/uploads\/2025\/02\/IMG_3915-2-768x544.jpg 768w, https:\/\/zonta-schwaebisch-gmuend.de\/wp-content\/uploads\/2025\/02\/IMG_3915-2-800x567.jpg 800w, https:\/\/zonta-schwaebisch-gmuend.de\/wp-content\/uploads\/2025\/02\/IMG_3915-2-1024x726.jpg 1024w, https:\/\/zonta-schwaebisch-gmuend.de\/wp-content\/uploads\/2025\/02\/IMG_3915-2-1200x850.jpg 1200w, https:\/\/zonta-schwaebisch-gmuend.de\/wp-content\/uploads\/2025\/02\/IMG_3915-2-1536x1088.jpg 1536w, https:\/\/zonta-schwaebisch-gmuend.de\/wp-content\/uploads\/2025\/02\/IMG_3915-2.jpg 1908w\" data-sizes=\"auto\" data-orig-sizes=\"(max-width: 522px) 100vw, 522px\" \/><\/p>\n<p><img decoding=\"async\" class=\"lazyload alignnone wp-image-1589\" src=\"https:\/\/zonta-schwaebisch-gmuend.de\/wp-content\/uploads\/2025\/02\/IMG_3899-1-1024x768.jpg\" data-orig-src=\"https:\/\/zonta-schwaebisch-gmuend.de\/wp-content\/uploads\/2025\/02\/IMG_3899-1-1024x768.jpg\" alt=\"\" width=\"527\" height=\"396\" srcset=\"data:image\/svg+xml,%3Csvg%20xmlns%3D%27http%3A%2F%2Fwww.w3.org%2F2000%2Fsvg%27%20width%3D%27527%27%20height%3D%27396%27%20viewBox%3D%270%200%20527%20396%27%3E%3Crect%20width%3D%27527%27%20height%3D%27396%27%20fill-opacity%3D%220%22%2F%3E%3C%2Fsvg%3E\" data-srcset=\"https:\/\/zonta-schwaebisch-gmuend.de\/wp-content\/uploads\/2025\/02\/IMG_3899-1-200x150.jpg 200w, https:\/\/zonta-schwaebisch-gmuend.de\/wp-content\/uploads\/2025\/02\/IMG_3899-1-300x225.jpg 300w, https:\/\/zonta-schwaebisch-gmuend.de\/wp-content\/uploads\/2025\/02\/IMG_3899-1-400x300.jpg 400w, https:\/\/zonta-schwaebisch-gmuend.de\/wp-content\/uploads\/2025\/02\/IMG_3899-1-600x450.jpg 600w, https:\/\/zonta-schwaebisch-gmuend.de\/wp-content\/uploads\/2025\/02\/IMG_3899-1-768x576.jpg 768w, https:\/\/zonta-schwaebisch-gmuend.de\/wp-content\/uploads\/2025\/02\/IMG_3899-1-800x600.jpg 800w, https:\/\/zonta-schwaebisch-gmuend.de\/wp-content\/uploads\/2025\/02\/IMG_3899-1-1024x768.jpg 1024w, https:\/\/zonta-schwaebisch-gmuend.de\/wp-content\/uploads\/2025\/02\/IMG_3899-1-1200x900.jpg 1200w, https:\/\/zonta-schwaebisch-gmuend.de\/wp-content\/uploads\/2025\/02\/IMG_3899-1-1536x1152.jpg 1536w, https:\/\/zonta-schwaebisch-gmuend.de\/wp-content\/uploads\/2025\/02\/IMG_3899-1.jpg 1600w\" data-sizes=\"auto\" data-orig-sizes=\"(max-width: 527px) 100vw, 527px\" \/><\/p>\n<p><img decoding=\"async\" class=\"lazyload alignnone wp-image-1590\" src=\"https:\/\/zonta-schwaebisch-gmuend.de\/wp-content\/uploads\/2025\/02\/IMG_3916-2-1024x726.jpg\" data-orig-src=\"https:\/\/zonta-schwaebisch-gmuend.de\/wp-content\/uploads\/2025\/02\/IMG_3916-2-1024x726.jpg\" alt=\"\" width=\"530\" height=\"376\" srcset=\"data:image\/svg+xml,%3Csvg%20xmlns%3D%27http%3A%2F%2Fwww.w3.org%2F2000%2Fsvg%27%20width%3D%27530%27%20height%3D%27376%27%20viewBox%3D%270%200%20530%20376%27%3E%3Crect%20width%3D%27530%27%20height%3D%27376%27%20fill-opacity%3D%220%22%2F%3E%3C%2Fsvg%3E\" data-srcset=\"https:\/\/zonta-schwaebisch-gmuend.de\/wp-content\/uploads\/2025\/02\/IMG_3916-2-200x142.jpg 200w, https:\/\/zonta-schwaebisch-gmuend.de\/wp-content\/uploads\/2025\/02\/IMG_3916-2-300x214.jpg 300w, https:\/\/zonta-schwaebisch-gmuend.de\/wp-content\/uploads\/2025\/02\/IMG_3916-2-400x284.jpg 400w, https:\/\/zonta-schwaebisch-gmuend.de\/wp-content\/uploads\/2025\/02\/IMG_3916-2-600x426.jpg 600w, https:\/\/zonta-schwaebisch-gmuend.de\/wp-content\/uploads\/2025\/02\/IMG_3916-2-768x545.jpg 768w, https:\/\/zonta-schwaebisch-gmuend.de\/wp-content\/uploads\/2025\/02\/IMG_3916-2-800x568.jpg 800w, https:\/\/zonta-schwaebisch-gmuend.de\/wp-content\/uploads\/2025\/02\/IMG_3916-2-1024x726.jpg 1024w, https:\/\/zonta-schwaebisch-gmuend.de\/wp-content\/uploads\/2025\/02\/IMG_3916-2-1200x851.jpg 1200w, https:\/\/zonta-schwaebisch-gmuend.de\/wp-content\/uploads\/2025\/02\/IMG_3916-2-1536x1090.jpg 1536w, https:\/\/zonta-schwaebisch-gmuend.de\/wp-content\/uploads\/2025\/02\/IMG_3916-2.jpg 1917w\" data-sizes=\"auto\" data-orig-sizes=\"(max-width: 530px) 100vw, 530px\" \/><\/p>\n<\/div><\/div><div class=\"fusion-clearfix\"><\/div><\/article>\n<article id=\"blog-1-post-1563\" class=\"fusion-post-medium-alternate post-1563 post type-post status-publish format-standard hentry category-presseevents\">\n<div class=\"fusion-date-and-formats\"><div class=\"fusion-date-box updated\"><span class=\"fusion-date\">28<\/span><span class=\"fusion-month-year\">01, 2025<\/span><\/div><div class=\"fusion-format-box\"><i class=\"awb-icon-pen\" aria-hidden=\"true\"><\/i><\/div><\/div><div class=\"fusion-post-content post-content\"><h2 class=\"blog-shortcode-post-title entry-title\"><a href=\"https:\/\/zonta-schwaebisch-gmuend.de\/index.php\/2025\/01\/28\/wir-spenden-400-euro-fuer-einen-wickeltisch-im-augustinus-gemeindehaus\/\">Wir spenden 400 Euro f\u00fcr einen Wickeltisch im Augustinus Gemeindehaus<\/a><\/h2><div class=\"fusion-post-content-container\"><p>Mit einer Spende von 400 Euro konnten wir dazu beitragen, dass ein Wickeltisch im Augustinus Gemeindehaus angeschafft werden kann. Nun ist es m\u00f6glich, dass Eltern, die mit Kleinkindern das Gemeindehaus besuchen, diese auch wickeln k\u00f6nnen. Unsere Spende ist ein weiterer Beweis f\u00fcr das Engagement unserer Organisation.<\/p>\n<p><img decoding=\"async\" class=\"lazyload alignnone  wp-image-1565\" src=\"https:\/\/zonta-schwaebisch-gmuend.de\/wp-content\/uploads\/2025\/01\/IMG_3882-712x1024.jpg\" data-orig-src=\"https:\/\/zonta-schwaebisch-gmuend.de\/wp-content\/uploads\/2025\/01\/IMG_3882-712x1024.jpg\" alt=\"\" width=\"382\" height=\"549\" srcset=\"data:image\/svg+xml,%3Csvg%20xmlns%3D%27http%3A%2F%2Fwww.w3.org%2F2000%2Fsvg%27%20width%3D%27382%27%20height%3D%27549%27%20viewBox%3D%270%200%20382%20549%27%3E%3Crect%20width%3D%27382%27%20height%3D%27549%27%20fill-opacity%3D%220%22%2F%3E%3C%2Fsvg%3E\" data-srcset=\"https:\/\/zonta-schwaebisch-gmuend.de\/wp-content\/uploads\/2025\/01\/IMG_3882-200x288.jpg 200w, https:\/\/zonta-schwaebisch-gmuend.de\/wp-content\/uploads\/2025\/01\/IMG_3882-208x300.jpg 208w, https:\/\/zonta-schwaebisch-gmuend.de\/wp-content\/uploads\/2025\/01\/IMG_3882-400x576.jpg 400w, https:\/\/zonta-schwaebisch-gmuend.de\/wp-content\/uploads\/2025\/01\/IMG_3882-600x863.jpg 600w, https:\/\/zonta-schwaebisch-gmuend.de\/wp-content\/uploads\/2025\/01\/IMG_3882-712x1024.jpg 712w, https:\/\/zonta-schwaebisch-gmuend.de\/wp-content\/uploads\/2025\/01\/IMG_3882-768x1105.jpg 768w, https:\/\/zonta-schwaebisch-gmuend.de\/wp-content\/uploads\/2025\/01\/IMG_3882-800x1151.jpg 800w, https:\/\/zonta-schwaebisch-gmuend.de\/wp-content\/uploads\/2025\/01\/IMG_3882-1067x1536.jpg 1067w, https:\/\/zonta-schwaebisch-gmuend.de\/wp-content\/uploads\/2025\/01\/IMG_3882-1200x1727.jpg 1200w, https:\/\/zonta-schwaebisch-gmuend.de\/wp-content\/uploads\/2025\/01\/IMG_3882.jpg 1280w\" data-sizes=\"auto\" data-orig-sizes=\"(max-width: 382px) 100vw, 382px\" \/><\/p>\n<p>Auf dem Bild von links nach rechts:<\/p>\n<p>Architekt Thomas Sonnentag, Kirchenpfleger i. R. Eberhard Schmid, Uta Weimar (Diakonische Bezirksstelle Schw\u00e4bisch Gm\u00fcnd), Pr\u00e4sidentin Zonta-Club Schw\u00e4bisch Gm\u00fcnd: Sabine Dombrowski-Riegert, Vizepr\u00e4sidentin Zonta-Club Schw\u00e4bisch Gm\u00fcnd: Claudia Langenbacher, Pfarrer Reiner Kaupp.<\/p>\n<\/div><\/div><div class=\"fusion-clearfix\"><\/div><\/article>\n<\/div><div class=\"fusion-infinite-scroll-trigger\"><\/div><div class=\"pagination infinite-scroll clearfix\" style=\"display:none;\"><span class=\"current\">1<\/span><a href=\"https:\/\/zonta-schwaebisch-gmuend.de\/index.php\/wp-json\/wp\/v2\/pages\/18\/page\/2\/\" class=\"inactive\">2<\/a><a class=\"pagination-next\" rel=\"next\" href=\"https:\/\/zonta-schwaebisch-gmuend.de\/index.php\/wp-json\/wp\/v2\/pages\/18\/page\/2\/\"><span class=\"page-text\">Vor<\/span><span class=\"page-next\"><\/span><\/a><\/div><div class=\"fusion-clearfix\"><\/div><\/div><\/div><\/div><\/div><\/div><\/p>\n","protected":false},"excerpt":{"rendered":"","protected":false},"author":1,"featured_media":0,"parent":0,"menu_order":0,"comment_status":"closed","ping_status":"closed","template":"100-width.php","meta":{"footnotes":""},"class_list":["post-18","page","type-page","status-publish","hentry"],"yoast_head":"<!-- This site is optimized with the Yoast SEO plugin v27.2 - https:\/\/yoast.com\/product\/yoast-seo-wordpress\/ -->\n<title>Presse \/ Berichte - Zonta Club Schw\u00e4bisch Gm\u00fcnd e.V.<\/title>\n<meta name=\"description\" content=\"Unsere aktuellen Infromationen zu Presse und Berichte.\" \/>\n<meta name=\"robots\" content=\"index, follow, max-snippet:-1, max-image-preview:large, max-video-preview:-1\" \/>\n<link rel=\"canonical\" href=\"https:\/\/zonta-schwaebisch-gmuend.de\/index.php\/presse-berichte\/\" \/>\n<meta property=\"og:locale\" content=\"de_DE\" \/>\n<meta property=\"og:type\" content=\"article\" \/>\n<meta property=\"og:title\" content=\"Presse \/ Berichte - Zonta Club Schw\u00e4bisch Gm\u00fcnd e.V.\" \/>\n<meta property=\"og:description\" content=\"Unsere aktuellen Infromationen zu Presse und Berichte.\" \/>\n<meta property=\"og:url\" content=\"https:\/\/zonta-schwaebisch-gmuend.de\/index.php\/presse-berichte\/\" \/>\n<meta property=\"og:site_name\" content=\"Zonta Club Schw\u00e4bisch Gm\u00fcnd e.V.\" \/>\n<meta property=\"article:modified_time\" content=\"2024-05-06T21:45:23+00:00\" \/>\n<meta name=\"twitter:card\" content=\"summary_large_image\" \/>\n<meta name=\"twitter:label1\" content=\"Gesch\u00e4tzte Lesezeit\" \/>\n\t<meta name=\"twitter:data1\" content=\"7\u00a0Minuten\" \/>\n<script type=\"application\/ld+json\" class=\"yoast-schema-graph\">{\"@context\":\"https:\/\/schema.org\",\"@graph\":[{\"@type\":\"WebPage\",\"@id\":\"https:\/\/zonta-schwaebisch-gmuend.de\/index.php\/presse-berichte\/\",\"url\":\"https:\/\/zonta-schwaebisch-gmuend.de\/index.php\/presse-berichte\/\",\"name\":\"Presse \/ Berichte - Zonta Club Schw\u00e4bisch Gm\u00fcnd e.V.\",\"isPartOf\":{\"@id\":\"https:\/\/zonta-schwaebisch-gmuend.de\/#website\"},\"datePublished\":\"2020-11-03T13:11:54+00:00\",\"dateModified\":\"2024-05-06T21:45:23+00:00\",\"description\":\"Unsere aktuellen Infromationen zu Presse und Berichte.\",\"breadcrumb\":{\"@id\":\"https:\/\/zonta-schwaebisch-gmuend.de\/index.php\/presse-berichte\/#breadcrumb\"},\"inLanguage\":\"de\",\"potentialAction\":[{\"@type\":\"ReadAction\",\"target\":[\"https:\/\/zonta-schwaebisch-gmuend.de\/index.php\/presse-berichte\/\"]}]},{\"@type\":\"BreadcrumbList\",\"@id\":\"https:\/\/zonta-schwaebisch-gmuend.de\/index.php\/presse-berichte\/#breadcrumb\",\"itemListElement\":[{\"@type\":\"ListItem\",\"position\":1,\"name\":\"Startseite\",\"item\":\"https:\/\/zonta-schwaebisch-gmuend.de\/\"},{\"@type\":\"ListItem\",\"position\":2,\"name\":\"Presse \/ Berichte\"}]},{\"@type\":\"WebSite\",\"@id\":\"https:\/\/zonta-schwaebisch-gmuend.de\/#website\",\"url\":\"https:\/\/zonta-schwaebisch-gmuend.de\/\",\"name\":\"Zonta Club Schw\u00e4bisch Gm\u00fcnd e.V.\",\"description\":\"\",\"publisher\":{\"@id\":\"https:\/\/zonta-schwaebisch-gmuend.de\/#organization\"},\"potentialAction\":[{\"@type\":\"SearchAction\",\"target\":{\"@type\":\"EntryPoint\",\"urlTemplate\":\"https:\/\/zonta-schwaebisch-gmuend.de\/?s={search_term_string}\"},\"query-input\":{\"@type\":\"PropertyValueSpecification\",\"valueRequired\":true,\"valueName\":\"search_term_string\"}}],\"inLanguage\":\"de\"},{\"@type\":\"Organization\",\"@id\":\"https:\/\/zonta-schwaebisch-gmuend.de\/#organization\",\"name\":\"Zonta Club Schw\u00e4bisch Gm\u00fcnd e.V.\",\"url\":\"https:\/\/zonta-schwaebisch-gmuend.de\/\",\"logo\":{\"@type\":\"ImageObject\",\"inLanguage\":\"de\",\"@id\":\"https:\/\/zonta-schwaebisch-gmuend.de\/#\/schema\/logo\/image\/\",\"url\":\"https:\/\/zonta-schwaebisch-gmuend.de\/wp-content\/uploads\/2023\/08\/Zonta-Club-of-Schwaebisch-Gmuend-Logo_New-Tag_Horizontal_Color-2.png\",\"contentUrl\":\"https:\/\/zonta-schwaebisch-gmuend.de\/wp-content\/uploads\/2023\/08\/Zonta-Club-of-Schwaebisch-Gmuend-Logo_New-Tag_Horizontal_Color-2.png\",\"width\":4738,\"height\":1546,\"caption\":\"Zonta Club Schw\u00e4bisch Gm\u00fcnd e.V.\"},\"image\":{\"@id\":\"https:\/\/zonta-schwaebisch-gmuend.de\/#\/schema\/logo\/image\/\"},\"sameAs\":[\"https:\/\/www.instagram.com\/zontaschwaebischgmuend\/\"]}]}<\/script>\n<!-- \/ Yoast SEO plugin. -->","yoast_head_json":{"title":"Presse \/ Berichte - Zonta Club Schw\u00e4bisch Gm\u00fcnd e.V.","description":"Unsere aktuellen Infromationen zu Presse und Berichte.","robots":{"index":"index","follow":"follow","max-snippet":"max-snippet:-1","max-image-preview":"max-image-preview:large","max-video-preview":"max-video-preview:-1"},"canonical":"https:\/\/zonta-schwaebisch-gmuend.de\/index.php\/presse-berichte\/","og_locale":"de_DE","og_type":"article","og_title":"Presse \/ Berichte - Zonta Club Schw\u00e4bisch Gm\u00fcnd e.V.","og_description":"Unsere aktuellen Infromationen zu Presse und Berichte.","og_url":"https:\/\/zonta-schwaebisch-gmuend.de\/index.php\/presse-berichte\/","og_site_name":"Zonta Club Schw\u00e4bisch Gm\u00fcnd e.V.","article_modified_time":"2024-05-06T21:45:23+00:00","twitter_card":"summary_large_image","twitter_misc":{"Gesch\u00e4tzte Lesezeit":"7\u00a0Minuten"},"schema":{"@context":"https:\/\/schema.org","@graph":[{"@type":"WebPage","@id":"https:\/\/zonta-schwaebisch-gmuend.de\/index.php\/presse-berichte\/","url":"https:\/\/zonta-schwaebisch-gmuend.de\/index.php\/presse-berichte\/","name":"Presse \/ Berichte - Zonta Club Schw\u00e4bisch Gm\u00fcnd e.V.","isPartOf":{"@id":"https:\/\/zonta-schwaebisch-gmuend.de\/#website"},"datePublished":"2020-11-03T13:11:54+00:00","dateModified":"2024-05-06T21:45:23+00:00","description":"Unsere aktuellen Infromationen zu Presse und Berichte.","breadcrumb":{"@id":"https:\/\/zonta-schwaebisch-gmuend.de\/index.php\/presse-berichte\/#breadcrumb"},"inLanguage":"de","potentialAction":[{"@type":"ReadAction","target":["https:\/\/zonta-schwaebisch-gmuend.de\/index.php\/presse-berichte\/"]}]},{"@type":"BreadcrumbList","@id":"https:\/\/zonta-schwaebisch-gmuend.de\/index.php\/presse-berichte\/#breadcrumb","itemListElement":[{"@type":"ListItem","position":1,"name":"Startseite","item":"https:\/\/zonta-schwaebisch-gmuend.de\/"},{"@type":"ListItem","position":2,"name":"Presse \/ Berichte"}]},{"@type":"WebSite","@id":"https:\/\/zonta-schwaebisch-gmuend.de\/#website","url":"https:\/\/zonta-schwaebisch-gmuend.de\/","name":"Zonta Club Schw\u00e4bisch Gm\u00fcnd e.V.","description":"","publisher":{"@id":"https:\/\/zonta-schwaebisch-gmuend.de\/#organization"},"potentialAction":[{"@type":"SearchAction","target":{"@type":"EntryPoint","urlTemplate":"https:\/\/zonta-schwaebisch-gmuend.de\/?s={search_term_string}"},"query-input":{"@type":"PropertyValueSpecification","valueRequired":true,"valueName":"search_term_string"}}],"inLanguage":"de"},{"@type":"Organization","@id":"https:\/\/zonta-schwaebisch-gmuend.de\/#organization","name":"Zonta Club Schw\u00e4bisch Gm\u00fcnd e.V.","url":"https:\/\/zonta-schwaebisch-gmuend.de\/","logo":{"@type":"ImageObject","inLanguage":"de","@id":"https:\/\/zonta-schwaebisch-gmuend.de\/#\/schema\/logo\/image\/","url":"https:\/\/zonta-schwaebisch-gmuend.de\/wp-content\/uploads\/2023\/08\/Zonta-Club-of-Schwaebisch-Gmuend-Logo_New-Tag_Horizontal_Color-2.png","contentUrl":"https:\/\/zonta-schwaebisch-gmuend.de\/wp-content\/uploads\/2023\/08\/Zonta-Club-of-Schwaebisch-Gmuend-Logo_New-Tag_Horizontal_Color-2.png","width":4738,"height":1546,"caption":"Zonta Club Schw\u00e4bisch Gm\u00fcnd e.V."},"image":{"@id":"https:\/\/zonta-schwaebisch-gmuend.de\/#\/schema\/logo\/image\/"},"sameAs":["https:\/\/www.instagram.com\/zontaschwaebischgmuend\/"]}]}},"_links":{"self":[{"href":"https:\/\/zonta-schwaebisch-gmuend.de\/index.php\/wp-json\/wp\/v2\/pages\/18","targetHints":{"allow":["GET"]}}],"collection":[{"href":"https:\/\/zonta-schwaebisch-gmuend.de\/index.php\/wp-json\/wp\/v2\/pages"}],"about":[{"href":"https:\/\/zonta-schwaebisch-gmuend.de\/index.php\/wp-json\/wp\/v2\/types\/page"}],"author":[{"embeddable":true,"href":"https:\/\/zonta-schwaebisch-gmuend.de\/index.php\/wp-json\/wp\/v2\/users\/1"}],"replies":[{"embeddable":true,"href":"https:\/\/zonta-schwaebisch-gmuend.de\/index.php\/wp-json\/wp\/v2\/comments?post=18"}],"version-history":[{"count":26,"href":"https:\/\/zonta-schwaebisch-gmuend.de\/index.php\/wp-json\/wp\/v2\/pages\/18\/revisions"}],"predecessor-version":[{"id":1297,"href":"https:\/\/zonta-schwaebisch-gmuend.de\/index.php\/wp-json\/wp\/v2\/pages\/18\/revisions\/1297"}],"wp:attachment":[{"href":"https:\/\/zonta-schwaebisch-gmuend.de\/index.php\/wp-json\/wp\/v2\/media?parent=18"}],"curies":[{"name":"wp","href":"https:\/\/api.w.org\/{rel}","templated":true}]}}