{"id":1052,"date":"2024-01-24T18:56:30","date_gmt":"2024-01-24T17:56:30","guid":{"rendered":"https:\/\/zonta-schwaebisch-gmuend.de\/?page_id=1052"},"modified":"2024-05-06T23:43:04","modified_gmt":"2024-05-06T21:43:04","slug":"clubleben","status":"publish","type":"page","link":"https:\/\/zonta-schwaebisch-gmuend.de\/index.php\/clubleben\/","title":{"rendered":"Clubleben"},"content":{"rendered":"<div class=\"fusion-fullwidth fullwidth-box fusion-builder-row-1 fusion-flex-container has-pattern-background has-mask-background nonhundred-percent-fullwidth non-hundred-percent-height-scrolling fusion-custom-z-index\" style=\"--awb-border-radius-top-left:0px;--awb-border-radius-top-right:0px;--awb-border-radius-bottom-right:0px;--awb-border-radius-bottom-left:0px;--awb-z-index:0;--awb-flex-wrap:wrap;\" ><div class=\"fusion-builder-row fusion-row fusion-flex-align-items-flex-start fusion-flex-content-wrap\" style=\"max-width:1248px;margin-left: calc(-4% \/ 2 );margin-right: calc(-4% \/ 2 );\"><div class=\"fusion-layout-column fusion_builder_column fusion-builder-column-0 fusion_builder_column_1_1 1_1 fusion-flex-column\" style=\"--awb-z-index:-99999;--awb-bg-size:cover;--awb-width-large:100%;--awb-margin-top-large:0px;--awb-spacing-right-large:1.92%;--awb-margin-bottom-large:20px;--awb-spacing-left-large:1.92%;--awb-width-medium:100%;--awb-order-medium:0;--awb-spacing-right-medium:1.92%;--awb-spacing-left-medium:1.92%;--awb-width-small:100%;--awb-order-small:0;--awb-spacing-right-small:1.92%;--awb-spacing-left-small:1.92%;\"><div class=\"fusion-column-wrapper fusion-column-has-shadow fusion-flex-justify-content-flex-start fusion-content-layout-column\"><div class=\"fusion-blog-shortcode fusion-blog-shortcode-1 fusion-blog-archive fusion-blog-layout-grid-wrapper fusion-blog-pagination\"><style type=\"text\/css\">.fusion-blog-shortcode-1 .fusion-blog-layout-grid .fusion-post-grid{padding:20px;}.fusion-blog-shortcode-1 .fusion-posts-container{margin-left: -20px !important; margin-right:-20px !important;}<\/style><div class=\"fusion-posts-container fusion-posts-container-pagination fusion-blog-layout-grid fusion-blog-layout-grid-3 isotope\" data-pages=\"2\" data-grid-col-space=\"40\" style=\"margin: -20px -20px 0;min-height:500px;\"><article id=\"blog-1-post-1759\" class=\"fusion-post-grid post-1759 post type-post status-publish format-standard hentry category-clubleben\">\n<div class=\"fusion-post-wrapper\" style=\"background-color:rgba(255,255,255,0);border:none;\">\n\n<div class=\"fusion-post-content-wrapper\" style=\"padding: 25px ;\"><div class=\"fusion-post-content post-content\"><h2 class=\"blog-shortcode-post-title entry-title\"><a href=\"https:\/\/zonta-schwaebisch-gmuend.de\/index.php\/2026\/04\/25\/wir-freuen-uns-ueber-unser-neues-club-mitglied\/\">Wir freuen uns \u00fcber unser neues Club-Mitglied!<\/a><\/h2><p class=\"fusion-single-line-meta\">By <span class=\"vcard\"><span class=\"fn\"><a href=\"https:\/\/zonta-schwaebisch-gmuend.de\/index.php\/author\/clangenbacher\/\" title=\"Beitr\u00e4ge von Claudia Langenbacher\" rel=\"author\">Claudia Langenbacher<\/a><\/span><\/span><span class=\"fusion-inline-sep\">|<\/span><span class=\"updated\" style=\"display:none;\">2026-04-25T18:45:04+02:00<\/span><span>25. April 2026<\/span><span class=\"fusion-inline-sep\">|<\/span><a href=\"https:\/\/zonta-schwaebisch-gmuend.de\/index.php\/category\/clubleben\/\" rel=\"category tag\">Clubleben<\/a><span class=\"fusion-inline-sep\">|<\/span><\/p><div class=\"fusion-content-sep sep-none\"><\/div><div class=\"fusion-post-content-container\"><p data-start=\"118\" data-end=\"311\">Mit gro\u00dfer Freude begr\u00fc\u00dfen wir Sehada Seitz in unserem Zonta-Club! Mit ihr gewinnt unser Club eine engagierte Zontian mit fundierter IT-Expertise, die uns in vielen Bereichen bereichern wird.<\/p>\n<p data-start=\"313\" data-end=\"639\">Im Rahmen unseres Club-Meetings \u00fcberreichte Pr\u00e4sidentin Sabine Dombrowski-Riegert die Club-Rose sowie ein Begr\u00fc\u00dfungsgeschenk. In ihrem Ich-Vortrag stellte sich Sehada Seitz pers\u00f6nlich vor und gab uns dabei spannende Einblicke in ihren Berufsalltag und ihr Leben.<\/p>\n<p><img decoding=\"async\" class=\"lazyload alignnone  wp-image-1760\" src=\"https:\/\/zonta-schwaebisch-gmuend.de\/wp-content\/uploads\/2026\/04\/IMG_6094-1024x881.jpg\" data-orig-src=\"https:\/\/zonta-schwaebisch-gmuend.de\/wp-content\/uploads\/2026\/04\/IMG_6094-1024x881.jpg\" alt=\"\" width=\"560\" height=\"482\" srcset=\"data:image\/svg+xml,%3Csvg%20xmlns%3D%27http%3A%2F%2Fwww.w3.org%2F2000%2Fsvg%27%20width%3D%27560%27%20height%3D%27482%27%20viewBox%3D%270%200%20560%20482%27%3E%3Crect%20width%3D%27560%27%20height%3D%27482%27%20fill-opacity%3D%220%22%2F%3E%3C%2Fsvg%3E\" data-srcset=\"https:\/\/zonta-schwaebisch-gmuend.de\/wp-content\/uploads\/2026\/04\/IMG_6094-200x172.jpg 200w, https:\/\/zonta-schwaebisch-gmuend.de\/wp-content\/uploads\/2026\/04\/IMG_6094-300x258.jpg 300w, https:\/\/zonta-schwaebisch-gmuend.de\/wp-content\/uploads\/2026\/04\/IMG_6094-400x344.jpg 400w, https:\/\/zonta-schwaebisch-gmuend.de\/wp-content\/uploads\/2026\/04\/IMG_6094-600x516.jpg 600w, https:\/\/zonta-schwaebisch-gmuend.de\/wp-content\/uploads\/2026\/04\/IMG_6094-768x661.jpg 768w, https:\/\/zonta-schwaebisch-gmuend.de\/wp-content\/uploads\/2026\/04\/IMG_6094-800x688.jpg 800w, https:\/\/zonta-schwaebisch-gmuend.de\/wp-content\/uploads\/2026\/04\/IMG_6094-1024x881.jpg 1024w, https:\/\/zonta-schwaebisch-gmuend.de\/wp-content\/uploads\/2026\/04\/IMG_6094-1200x1033.jpg 1200w, https:\/\/zonta-schwaebisch-gmuend.de\/wp-content\/uploads\/2026\/04\/IMG_6094-1536x1322.jpg 1536w, https:\/\/zonta-schwaebisch-gmuend.de\/wp-content\/uploads\/2026\/04\/IMG_6094.jpg 1920w\" data-sizes=\"auto\" data-orig-sizes=\"(max-width: 560px) 100vw, 560px\" \/><\/p>\n<p>Von links: Kathi Kausche, Sabine Dombrowski-Riegert, Sehada Seitz, Marianna D\u00fcrrich, Dr. Alexandra Brauer<\/p>\n<\/div><\/div><\/div><div class=\"fusion-clearfix\"><\/div><\/div>\n<\/article>\n<article id=\"blog-1-post-1749\" class=\"fusion-post-grid post-1749 post type-post status-publish format-standard hentry category-clubleben\">\n<div class=\"fusion-post-wrapper\" style=\"background-color:rgba(255,255,255,0);border:none;\">\n\n<div class=\"fusion-post-content-wrapper\" style=\"padding: 25px ;\"><div class=\"fusion-post-content post-content\"><h2 class=\"blog-shortcode-post-title entry-title\"><a href=\"https:\/\/zonta-schwaebisch-gmuend.de\/index.php\/2026\/03\/23\/erfolgreiches-area-02-meeting-bei-uns-in-schwaebisch-gmuend\/\">Erfolgreiches Area 02 Meeting bei uns in Schw\u00e4bisch Gm\u00fcnd<\/a><\/h2><p class=\"fusion-single-line-meta\">By <span class=\"vcard\"><span class=\"fn\"><a href=\"https:\/\/zonta-schwaebisch-gmuend.de\/index.php\/author\/clangenbacher\/\" title=\"Beitr\u00e4ge von Claudia Langenbacher\" rel=\"author\">Claudia Langenbacher<\/a><\/span><\/span><span class=\"fusion-inline-sep\">|<\/span><span class=\"updated\" style=\"display:none;\">2026-03-23T16:17:49+01:00<\/span><span>23. M\u00e4rz 2026<\/span><span class=\"fusion-inline-sep\">|<\/span><a href=\"https:\/\/zonta-schwaebisch-gmuend.de\/index.php\/category\/clubleben\/\" rel=\"category tag\">Clubleben<\/a><span class=\"fusion-inline-sep\">|<\/span><\/p><div class=\"fusion-content-sep sep-none\"><\/div><div class=\"fusion-post-content-container\"><p>Am vergangenen Wochenende fand das Area 02 Meeting in Schw\u00e4bisch Gm\u00fcnd statt. Viele Teilnehmerinnen reisten bereits am Freitagmittag an und trafen sich vor dem Weleda-Geb\u00e4ude zu einer Gartenf\u00fchrung. Dort erfuhren sie Interessantes \u00fcber die Pflanzen, Kr\u00e4uter und die Arbeit von Weleda \u2013 ein lehrreicher und zugleich unterhaltsamer Auftakt.<\/p>\n<p>Am Abend versammelte sich die Gruppe zum Get-Together im Lokal Zeiselberg. Bei gutem Essen und in angenehmer Atmosph\u00e4re entstanden angeregte Gespr\u00e4che. Besonders beeindruckend war die herrliche Aussicht \u00fcber die Stadt Schw\u00e4bisch Gm\u00fcnd, die durch einen sch\u00f6nen Sonnenuntergang noch zus\u00e4tzlich stimmungsvolle Akzente erhielt.<\/p>\n<p>Am folgenden Tag begann das Area Meeting um 9 Uhr im Congress Center. Nach der Begr\u00fc\u00dfung durch unsere Pr\u00e4sidentin Sabine Dombrowski-Riegert folgten Worte von Elke Heer, Beauftragte f\u00fcr Chancengleichheit in Schw\u00e4bisch Gm\u00fcnd und Steffi Sauerh\u00f6fer, Area Direktorin Area 02. Die Tagung stand ganz im Zeichen interessanter Themen und Diskussionen. Ein besonderes Highlight: Unser Club wurde f\u00fcr sein 20-j\u00e4hriges Bestehen geehrt \u2013 ein stolzer Moment f\u00fcr alle Beteiligten.<\/p>\n<p><img decoding=\"async\" class=\"lazyload alignnone wp-image-1752\" src=\"https:\/\/zonta-schwaebisch-gmuend.de\/wp-content\/uploads\/2026\/03\/IMG_5809-1-710x1024.jpg\" data-orig-src=\"https:\/\/zonta-schwaebisch-gmuend.de\/wp-content\/uploads\/2026\/03\/IMG_5809-1-710x1024.jpg\" alt=\"\" width=\"273\" height=\"394\" srcset=\"data:image\/svg+xml,%3Csvg%20xmlns%3D%27http%3A%2F%2Fwww.w3.org%2F2000%2Fsvg%27%20width%3D%27273%27%20height%3D%27394%27%20viewBox%3D%270%200%20273%20394%27%3E%3Crect%20width%3D%27273%27%20height%3D%27394%27%20fill-opacity%3D%220%22%2F%3E%3C%2Fsvg%3E\" data-srcset=\"https:\/\/zonta-schwaebisch-gmuend.de\/wp-content\/uploads\/2026\/03\/IMG_5809-1-200x289.jpg 200w, https:\/\/zonta-schwaebisch-gmuend.de\/wp-content\/uploads\/2026\/03\/IMG_5809-1-208x300.jpg 208w, https:\/\/zonta-schwaebisch-gmuend.de\/wp-content\/uploads\/2026\/03\/IMG_5809-1-400x577.jpg 400w, https:\/\/zonta-schwaebisch-gmuend.de\/wp-content\/uploads\/2026\/03\/IMG_5809-1-600x866.jpg 600w, https:\/\/zonta-schwaebisch-gmuend.de\/wp-content\/uploads\/2026\/03\/IMG_5809-1-710x1024.jpg 710w, https:\/\/zonta-schwaebisch-gmuend.de\/wp-content\/uploads\/2026\/03\/IMG_5809-1-768x1108.jpg 768w, https:\/\/zonta-schwaebisch-gmuend.de\/wp-content\/uploads\/2026\/03\/IMG_5809-1-800x1154.jpg 800w, https:\/\/zonta-schwaebisch-gmuend.de\/wp-content\/uploads\/2026\/03\/IMG_5809-1.jpg 887w\" data-sizes=\"auto\" data-orig-sizes=\"(max-width: 273px) 100vw, 273px\" \/>\u00a0 \u00a0 \u00a0 \u00a0 \u00a0 \u00a0 \u00a0 \u00a0 \u00a0 \u00a0 \u00a0 \u00a0 \u00a0 \u00a0 \u00a0 \u00a0 \u00a0 \u00a0 \u00a0 \u00a0 \u00a0 \u00a0<img decoding=\"async\" class=\"lazyload alignnone wp-image-1754\" src=\"https:\/\/zonta-schwaebisch-gmuend.de\/wp-content\/uploads\/2026\/03\/IMG_5812-2-727x1024.jpg\" data-orig-src=\"https:\/\/zonta-schwaebisch-gmuend.de\/wp-content\/uploads\/2026\/03\/IMG_5812-2-727x1024.jpg\" alt=\"\" width=\"280\" height=\"394\" srcset=\"data:image\/svg+xml,%3Csvg%20xmlns%3D%27http%3A%2F%2Fwww.w3.org%2F2000%2Fsvg%27%20width%3D%27280%27%20height%3D%27394%27%20viewBox%3D%270%200%20280%20394%27%3E%3Crect%20width%3D%27280%27%20height%3D%27394%27%20fill-opacity%3D%220%22%2F%3E%3C%2Fsvg%3E\" data-srcset=\"https:\/\/zonta-schwaebisch-gmuend.de\/wp-content\/uploads\/2026\/03\/IMG_5812-2-200x282.jpg 200w, https:\/\/zonta-schwaebisch-gmuend.de\/wp-content\/uploads\/2026\/03\/IMG_5812-2-213x300.jpg 213w, https:\/\/zonta-schwaebisch-gmuend.de\/wp-content\/uploads\/2026\/03\/IMG_5812-2-400x563.jpg 400w, https:\/\/zonta-schwaebisch-gmuend.de\/wp-content\/uploads\/2026\/03\/IMG_5812-2-600x845.jpg 600w, https:\/\/zonta-schwaebisch-gmuend.de\/wp-content\/uploads\/2026\/03\/IMG_5812-2-727x1024.jpg 727w, https:\/\/zonta-schwaebisch-gmuend.de\/wp-content\/uploads\/2026\/03\/IMG_5812-2-768x1081.jpg 768w, https:\/\/zonta-schwaebisch-gmuend.de\/wp-content\/uploads\/2026\/03\/IMG_5812-2-800x1127.jpg 800w, https:\/\/zonta-schwaebisch-gmuend.de\/wp-content\/uploads\/2026\/03\/IMG_5812-2.jpg 909w\" data-sizes=\"auto\" data-orig-sizes=\"(max-width: 280px) 100vw, 280px\" \/><\/p>\n<p>Bild oben: von links nach rechts &#8211; Sabine Dombrowski Riegert, Steffi Sauerh\u00f6fer, Elke Heer<\/p>\n<p>&nbsp;<\/p>\n<\/div><\/div><\/div><div class=\"fusion-clearfix\"><\/div><\/div>\n<\/article>\n<article id=\"blog-1-post-1701\" class=\"fusion-post-grid post-1701 post type-post status-publish format-standard hentry category-clubleben\">\n<div class=\"fusion-post-wrapper\" style=\"background-color:rgba(255,255,255,0);border:none;\">\n\n<div class=\"fusion-post-content-wrapper\" style=\"padding: 25px ;\"><div class=\"fusion-post-content post-content\"><h2 class=\"blog-shortcode-post-title entry-title\"><a href=\"https:\/\/zonta-schwaebisch-gmuend.de\/index.php\/2025\/11\/22\/ein-nachmittag-bei-der-freiwilligen-feuerwehr-mutlangen\/\">Ein Nachmittag bei der Freiwilligen Feuerwehr Mutlangen<\/a><\/h2><p class=\"fusion-single-line-meta\">By <span class=\"vcard\"><span class=\"fn\"><a href=\"https:\/\/zonta-schwaebisch-gmuend.de\/index.php\/author\/clangenbacher\/\" title=\"Beitr\u00e4ge von Claudia Langenbacher\" rel=\"author\">Claudia Langenbacher<\/a><\/span><\/span><span class=\"fusion-inline-sep\">|<\/span><span class=\"updated\" style=\"display:none;\">2025-11-22T17:23:22+01:00<\/span><span>22. November 2025<\/span><span class=\"fusion-inline-sep\">|<\/span><a href=\"https:\/\/zonta-schwaebisch-gmuend.de\/index.php\/category\/clubleben\/\" rel=\"category tag\">Clubleben<\/a><span class=\"fusion-inline-sep\">|<\/span><\/p><div class=\"fusion-content-sep sep-none\"><\/div><div class=\"fusion-post-content-container\"><p>Bei unserem j\u00fcngsten Ausflug durften wir einen spannenden Einblick in die vielseitige Arbeit der Freiwilligen Feuerwehr Mutlangen gewinnen. Gleich zu Beginn wurden wir vom Kommandanten begr\u00fc\u00dft, der uns zwei Feuerwehrm\u00e4nner zur Seite stellte. Sie f\u00fchrten uns durch die verschiedenen Bereiche der Feuerwehr und erkl\u00e4rten eindrucksvoll, wie breit gef\u00e4chert ihre Aufgaben sind.<\/p>\n<p>Dabei ging es l\u00e4ngst nicht nur um das L\u00f6schen von Br\u00e4nden: Auch \u00dcberschwemmungen, Drohneneins\u00e4tze, Autounf\u00e4lle, Tier- und Menschenrettung sowie der Umgang mit Krisensituationen geh\u00f6ren zum Alltag der Feuerwehr. Von gro\u00dfem Interesse waren auch die Informationen zu den Notfalltreffpunkten.<\/p>\n<p>Ein H\u00f6hepunkt unseres Besuchs war die Fahrt mit der Drehleiter. Aus luftiger H\u00f6he konnten wir einen beeindruckenden Blick \u00fcber Mutlangen und die Umgebung genie\u00dfen \u2013 ein wunderbares Erlebnis!<\/p>\n<p>W\u00e4hrend des gesamten Rundgangs und auch im Anschluss an die Besichtigung stellten wir unsere Fragen, die geduldig und ausf\u00fchrlich beantwortet wurden. Unser Besuch hat uns nicht nur viel Wissen, sondern auch gro\u00dfen Respekt vor der wichtigen Arbeit der Feuerwehr vermittelt. Bei Kaffee und Kuchen lie\u00dfen wir den interessanten Nachmittag ausklingen.<\/p>\n<p><img decoding=\"async\" class=\"lazyload alignnone  wp-image-1702\" src=\"https:\/\/zonta-schwaebisch-gmuend.de\/wp-content\/uploads\/2025\/11\/e11f35d8-3924-478d-acf9-8f3635b304c9-1024x766.jpg\" data-orig-src=\"https:\/\/zonta-schwaebisch-gmuend.de\/wp-content\/uploads\/2025\/11\/e11f35d8-3924-478d-acf9-8f3635b304c9-1024x766.jpg\" alt=\"\" width=\"524\" height=\"392\" srcset=\"data:image\/svg+xml,%3Csvg%20xmlns%3D%27http%3A%2F%2Fwww.w3.org%2F2000%2Fsvg%27%20width%3D%27524%27%20height%3D%27392%27%20viewBox%3D%270%200%20524%20392%27%3E%3Crect%20width%3D%27524%27%20height%3D%27392%27%20fill-opacity%3D%220%22%2F%3E%3C%2Fsvg%3E\" data-srcset=\"https:\/\/zonta-schwaebisch-gmuend.de\/wp-content\/uploads\/2025\/11\/e11f35d8-3924-478d-acf9-8f3635b304c9-200x150.jpg 200w, https:\/\/zonta-schwaebisch-gmuend.de\/wp-content\/uploads\/2025\/11\/e11f35d8-3924-478d-acf9-8f3635b304c9-300x225.jpg 300w, https:\/\/zonta-schwaebisch-gmuend.de\/wp-content\/uploads\/2025\/11\/e11f35d8-3924-478d-acf9-8f3635b304c9-400x299.jpg 400w, https:\/\/zonta-schwaebisch-gmuend.de\/wp-content\/uploads\/2025\/11\/e11f35d8-3924-478d-acf9-8f3635b304c9-600x449.jpg 600w, https:\/\/zonta-schwaebisch-gmuend.de\/wp-content\/uploads\/2025\/11\/e11f35d8-3924-478d-acf9-8f3635b304c9-768x575.jpg 768w, https:\/\/zonta-schwaebisch-gmuend.de\/wp-content\/uploads\/2025\/11\/e11f35d8-3924-478d-acf9-8f3635b304c9-800x599.jpg 800w, https:\/\/zonta-schwaebisch-gmuend.de\/wp-content\/uploads\/2025\/11\/e11f35d8-3924-478d-acf9-8f3635b304c9-1024x766.jpg 1024w, https:\/\/zonta-schwaebisch-gmuend.de\/wp-content\/uploads\/2025\/11\/e11f35d8-3924-478d-acf9-8f3635b304c9-1200x898.jpg 1200w, https:\/\/zonta-schwaebisch-gmuend.de\/wp-content\/uploads\/2025\/11\/e11f35d8-3924-478d-acf9-8f3635b304c9.jpg 1280w\" data-sizes=\"auto\" data-orig-sizes=\"(max-width: 524px) 100vw, 524px\" \/><\/p>\n<\/div><\/div><\/div><div class=\"fusion-clearfix\"><\/div><\/div>\n<\/article>\n<article id=\"blog-1-post-1678\" class=\"fusion-post-grid post-1678 post type-post status-publish format-standard hentry category-clubleben\">\n<div class=\"fusion-post-wrapper\" style=\"background-color:rgba(255,255,255,0);border:none;\">\n\n<div class=\"fusion-post-content-wrapper\" style=\"padding: 25px ;\"><div class=\"fusion-post-content post-content\"><h2 class=\"blog-shortcode-post-title entry-title\"><a href=\"https:\/\/zonta-schwaebisch-gmuend.de\/index.php\/2025\/07\/25\/ein-zonta-meeting-voller-inspiration-bei-einer-stadtfuehrung-zum-thema-mutige-frauen-in-schwaebisch-gmuend\/\">Ein Zonta-Meeting voller Inspiration bei einer Stadtf\u00fchrung zum Thema &#8222;Mutige Frauen in Schw\u00e4bisch Gm\u00fcnd&#8220;<\/a><\/h2><p class=\"fusion-single-line-meta\">By <span class=\"vcard\"><span class=\"fn\"><a href=\"https:\/\/zonta-schwaebisch-gmuend.de\/index.php\/author\/clangenbacher\/\" title=\"Beitr\u00e4ge von Claudia Langenbacher\" rel=\"author\">Claudia Langenbacher<\/a><\/span><\/span><span class=\"fusion-inline-sep\">|<\/span><span class=\"updated\" style=\"display:none;\">2025-07-25T20:20:41+02:00<\/span><span>25. Juli 2025<\/span><span class=\"fusion-inline-sep\">|<\/span><a href=\"https:\/\/zonta-schwaebisch-gmuend.de\/index.php\/category\/clubleben\/\" rel=\"category tag\">Clubleben<\/a><span class=\"fusion-inline-sep\">|<\/span><\/p><div class=\"fusion-content-sep sep-none\"><\/div><div class=\"fusion-post-content-container\"><p>Am vergangenen Donnerstag widmeten wir uns bei unserem Meeting einem besonderen Thema: der Geschichte der Stadt Schw\u00e4bisch Gm\u00fcnd. Im Rahmen einer faszinierenden F\u00fchrung durch die historische Altstadt erz\u00e4hlte Frau Susanne Lutz spannende Geschichten \u00fcber mutige Frauen aus Gm\u00fcnds Vergangenheit. Dabei wurden Namen wie Irma Schm\u00fccker, Yvonne Pagniez, Lina Haag sowie Gabriele Martis und Katharina Czisch genannt. Frau Lutz gab uns wertvolle Einblicke in das mutige und inspirierende Leben dieser Frauen und berichtete lebendig von ihren Lebensgeschichten.<\/p>\n<p>Im Anschluss daran verbrachten wir einen gem\u00fctlichen und geselligen Abend miteinander. Wie immer hat es viel Freude bereitet, gemeinsam Zeit zu verbringen, und es st\u00e4rkt den Zusammenhalt unseres Zonta-Clubs \u2013 ein wertvoller Impuls f\u00fcr unser Miteinander.<\/p>\n<p>Das Foto zeigt Impressionen beim Stadtrundgang.<\/p>\n<p><img decoding=\"async\" class=\"lazyload alignnone  wp-image-1680\" src=\"https:\/\/zonta-schwaebisch-gmuend.de\/wp-content\/uploads\/2025\/07\/IMG_4627-1-1024x957.jpg\" data-orig-src=\"https:\/\/zonta-schwaebisch-gmuend.de\/wp-content\/uploads\/2025\/07\/IMG_4627-1-1024x957.jpg\" alt=\"\" width=\"378\" height=\"353\" srcset=\"data:image\/svg+xml,%3Csvg%20xmlns%3D%27http%3A%2F%2Fwww.w3.org%2F2000%2Fsvg%27%20width%3D%27378%27%20height%3D%27353%27%20viewBox%3D%270%200%20378%20353%27%3E%3Crect%20width%3D%27378%27%20height%3D%27353%27%20fill-opacity%3D%220%22%2F%3E%3C%2Fsvg%3E\" data-srcset=\"https:\/\/zonta-schwaebisch-gmuend.de\/wp-content\/uploads\/2025\/07\/IMG_4627-1-200x187.jpg 200w, https:\/\/zonta-schwaebisch-gmuend.de\/wp-content\/uploads\/2025\/07\/IMG_4627-1-300x280.jpg 300w, https:\/\/zonta-schwaebisch-gmuend.de\/wp-content\/uploads\/2025\/07\/IMG_4627-1-400x374.jpg 400w, https:\/\/zonta-schwaebisch-gmuend.de\/wp-content\/uploads\/2025\/07\/IMG_4627-1-600x561.jpg 600w, https:\/\/zonta-schwaebisch-gmuend.de\/wp-content\/uploads\/2025\/07\/IMG_4627-1-768x717.jpg 768w, https:\/\/zonta-schwaebisch-gmuend.de\/wp-content\/uploads\/2025\/07\/IMG_4627-1-800x747.jpg 800w, https:\/\/zonta-schwaebisch-gmuend.de\/wp-content\/uploads\/2025\/07\/IMG_4627-1-1024x957.jpg 1024w, https:\/\/zonta-schwaebisch-gmuend.de\/wp-content\/uploads\/2025\/07\/IMG_4627-1-1200x1121.jpg 1200w, https:\/\/zonta-schwaebisch-gmuend.de\/wp-content\/uploads\/2025\/07\/IMG_4627-1-1536x1435.jpg 1536w, https:\/\/zonta-schwaebisch-gmuend.de\/wp-content\/uploads\/2025\/07\/IMG_4627-1.jpg 1840w\" data-sizes=\"auto\" data-orig-sizes=\"(max-width: 378px) 100vw, 378px\" \/><\/p>\n<p>Unsere Pr\u00e4sidentin, Frau Sabine Dombrowski-Riegert dankt Frau Susanne Lutz (links) f\u00fcr die inspirierenden Erz\u00e4hlungen.<\/p>\n<p><img decoding=\"async\" class=\"lazyload alignnone  wp-image-1681\" src=\"https:\/\/zonta-schwaebisch-gmuend.de\/wp-content\/uploads\/2025\/07\/IMG_4628-741x1024.jpg\" data-orig-src=\"https:\/\/zonta-schwaebisch-gmuend.de\/wp-content\/uploads\/2025\/07\/IMG_4628-741x1024.jpg\" alt=\"\" width=\"378\" height=\"523\" srcset=\"data:image\/svg+xml,%3Csvg%20xmlns%3D%27http%3A%2F%2Fwww.w3.org%2F2000%2Fsvg%27%20width%3D%27378%27%20height%3D%27523%27%20viewBox%3D%270%200%20378%20523%27%3E%3Crect%20width%3D%27378%27%20height%3D%27523%27%20fill-opacity%3D%220%22%2F%3E%3C%2Fsvg%3E\" data-srcset=\"https:\/\/zonta-schwaebisch-gmuend.de\/wp-content\/uploads\/2025\/07\/IMG_4628-200x276.jpg 200w, https:\/\/zonta-schwaebisch-gmuend.de\/wp-content\/uploads\/2025\/07\/IMG_4628-217x300.jpg 217w, https:\/\/zonta-schwaebisch-gmuend.de\/wp-content\/uploads\/2025\/07\/IMG_4628-400x553.jpg 400w, https:\/\/zonta-schwaebisch-gmuend.de\/wp-content\/uploads\/2025\/07\/IMG_4628-600x829.jpg 600w, https:\/\/zonta-schwaebisch-gmuend.de\/wp-content\/uploads\/2025\/07\/IMG_4628-741x1024.jpg 741w, https:\/\/zonta-schwaebisch-gmuend.de\/wp-content\/uploads\/2025\/07\/IMG_4628-768x1062.jpg 768w, https:\/\/zonta-schwaebisch-gmuend.de\/wp-content\/uploads\/2025\/07\/IMG_4628-800x1106.jpg 800w, https:\/\/zonta-schwaebisch-gmuend.de\/wp-content\/uploads\/2025\/07\/IMG_4628-1111x1536.jpg 1111w, https:\/\/zonta-schwaebisch-gmuend.de\/wp-content\/uploads\/2025\/07\/IMG_4628-1200x1659.jpg 1200w, https:\/\/zonta-schwaebisch-gmuend.de\/wp-content\/uploads\/2025\/07\/IMG_4628.jpg 1279w\" data-sizes=\"auto\" data-orig-sizes=\"(max-width: 378px) 100vw, 378px\" \/><\/p>\n<\/div><\/div><\/div><div class=\"fusion-clearfix\"><\/div><\/div>\n<\/article>\n<article id=\"blog-1-post-1663\" class=\"fusion-post-grid post-1663 post type-post status-publish format-standard hentry category-clubleben\">\n<div class=\"fusion-post-wrapper\" style=\"background-color:rgba(255,255,255,0);border:none;\">\n\n<div class=\"fusion-post-content-wrapper\" style=\"padding: 25px ;\"><div class=\"fusion-post-content post-content\"><h2 class=\"blog-shortcode-post-title entry-title\"><a href=\"https:\/\/zonta-schwaebisch-gmuend.de\/index.php\/2025\/04\/27\/neuer-vorstand-in-unserem-zonta-club\/\">Neuer Vorstand in unserem Zonta-Club<\/a><\/h2><p class=\"fusion-single-line-meta\">By <span class=\"vcard\"><span class=\"fn\"><a href=\"https:\/\/zonta-schwaebisch-gmuend.de\/index.php\/author\/clangenbacher\/\" title=\"Beitr\u00e4ge von Claudia Langenbacher\" rel=\"author\">Claudia Langenbacher<\/a><\/span><\/span><span class=\"fusion-inline-sep\">|<\/span><span class=\"updated\" style=\"display:none;\">2025-04-27T14:32:53+02:00<\/span><span>27. April 2025<\/span><span class=\"fusion-inline-sep\">|<\/span><a href=\"https:\/\/zonta-schwaebisch-gmuend.de\/index.php\/category\/clubleben\/\" rel=\"category tag\">Clubleben<\/a><span class=\"fusion-inline-sep\">|<\/span><\/p><div class=\"fusion-content-sep sep-none\"><\/div><div class=\"fusion-post-content-container\"><p>Nach vielen engagierten Jahren wurden Dr. Karin Class als Schriftf\u00fchrerin und Juliane Maus als Schatzmeisterin aus ihren \u00c4mtern entlassen. Als kleines Dankesch\u00f6n \u00fcberreichte unsere Pr\u00e4sidentin Sabine Dombrowski-Riegert den beiden Zontians unsere gelbe Zonta-Rose. Wir m\u00f6chten uns herzlich f\u00fcr ihr gro\u00dfartiges Engagement bedanken!<\/p>\n<p><img decoding=\"async\" class=\"lazyload wp-image-1664 aligncenter\" src=\"https:\/\/zonta-schwaebisch-gmuend.de\/wp-content\/uploads\/2025\/04\/IMG_4197-1-734x1024.jpg\" data-orig-src=\"https:\/\/zonta-schwaebisch-gmuend.de\/wp-content\/uploads\/2025\/04\/IMG_4197-1-734x1024.jpg\" alt=\"\" width=\"247\" height=\"344\" srcset=\"data:image\/svg+xml,%3Csvg%20xmlns%3D%27http%3A%2F%2Fwww.w3.org%2F2000%2Fsvg%27%20width%3D%27247%27%20height%3D%27344%27%20viewBox%3D%270%200%20247%20344%27%3E%3Crect%20width%3D%27247%27%20height%3D%27344%27%20fill-opacity%3D%220%22%2F%3E%3C%2Fsvg%3E\" data-srcset=\"https:\/\/zonta-schwaebisch-gmuend.de\/wp-content\/uploads\/2025\/04\/IMG_4197-1-200x279.jpg 200w, https:\/\/zonta-schwaebisch-gmuend.de\/wp-content\/uploads\/2025\/04\/IMG_4197-1-215x300.jpg 215w, https:\/\/zonta-schwaebisch-gmuend.de\/wp-content\/uploads\/2025\/04\/IMG_4197-1-400x558.jpg 400w, https:\/\/zonta-schwaebisch-gmuend.de\/wp-content\/uploads\/2025\/04\/IMG_4197-1-600x838.jpg 600w, https:\/\/zonta-schwaebisch-gmuend.de\/wp-content\/uploads\/2025\/04\/IMG_4197-1-734x1024.jpg 734w, https:\/\/zonta-schwaebisch-gmuend.de\/wp-content\/uploads\/2025\/04\/IMG_4197-1-768x1072.jpg 768w, https:\/\/zonta-schwaebisch-gmuend.de\/wp-content\/uploads\/2025\/04\/IMG_4197-1-800x1117.jpg 800w, https:\/\/zonta-schwaebisch-gmuend.de\/wp-content\/uploads\/2025\/04\/IMG_4197-1.jpg 917w\" data-sizes=\"auto\" data-orig-sizes=\"(max-width: 247px) 100vw, 247px\" \/><\/p>\n<p>Von links: Dr. Karin Class, Sabine Dombrowski-Riegert, Juliane Maus<\/p>\n<p>Gleichzeitig wurde unser neuer Vorstand f\u00fcr das kommende Jahr gew\u00e4hlt. Sabine Dombrowski-Riegert bleibt weiterhin Pr\u00e4sidentin, Claudia Langenbacher \u00fcbernimmt die Position der Vize-Pr\u00e4sidentin. Neu im Team sind Kathi Kausche als Schatzmeisterin und Marianna D\u00fcrrich als Protokollf\u00fchrerin. Wir freuen uns auf die Zusammenarbeit mit der neuen Vorstandsmannschaft im Zonta-Jahr 2025\/2026!<\/p>\n<p><img decoding=\"async\" class=\"lazyload wp-image-1665 aligncenter\" src=\"https:\/\/zonta-schwaebisch-gmuend.de\/wp-content\/uploads\/2025\/04\/IMG_4196-727x1024.jpg\" data-orig-src=\"https:\/\/zonta-schwaebisch-gmuend.de\/wp-content\/uploads\/2025\/04\/IMG_4196-727x1024.jpg\" alt=\"\" width=\"242\" height=\"340\" srcset=\"data:image\/svg+xml,%3Csvg%20xmlns%3D%27http%3A%2F%2Fwww.w3.org%2F2000%2Fsvg%27%20width%3D%27242%27%20height%3D%27340%27%20viewBox%3D%270%200%20242%20340%27%3E%3Crect%20width%3D%27242%27%20height%3D%27340%27%20fill-opacity%3D%220%22%2F%3E%3C%2Fsvg%3E\" data-srcset=\"https:\/\/zonta-schwaebisch-gmuend.de\/wp-content\/uploads\/2025\/04\/IMG_4196-200x282.jpg 200w, https:\/\/zonta-schwaebisch-gmuend.de\/wp-content\/uploads\/2025\/04\/IMG_4196-213x300.jpg 213w, https:\/\/zonta-schwaebisch-gmuend.de\/wp-content\/uploads\/2025\/04\/IMG_4196-400x563.jpg 400w, https:\/\/zonta-schwaebisch-gmuend.de\/wp-content\/uploads\/2025\/04\/IMG_4196-600x845.jpg 600w, https:\/\/zonta-schwaebisch-gmuend.de\/wp-content\/uploads\/2025\/04\/IMG_4196-727x1024.jpg 727w, https:\/\/zonta-schwaebisch-gmuend.de\/wp-content\/uploads\/2025\/04\/IMG_4196-768x1081.jpg 768w, https:\/\/zonta-schwaebisch-gmuend.de\/wp-content\/uploads\/2025\/04\/IMG_4196-800x1127.jpg 800w, https:\/\/zonta-schwaebisch-gmuend.de\/wp-content\/uploads\/2025\/04\/IMG_4196.jpg 909w\" data-sizes=\"auto\" data-orig-sizes=\"(max-width: 242px) 100vw, 242px\" \/><\/p>\n<p>Von links:<br \/>\nKathi Kausche, Sabine Dombrowski-Riegert, Claudia Langenbacher, Marianna D\u00fcrrich<\/p>\n<\/div><\/div><\/div><div class=\"fusion-clearfix\"><\/div><\/div>\n<\/article>\n<article id=\"blog-1-post-1652\" class=\"fusion-post-grid post-1652 post type-post status-publish format-standard hentry category-clubleben\">\n<div class=\"fusion-post-wrapper\" style=\"background-color:rgba(255,255,255,0);border:none;\">\n\n<div class=\"fusion-post-content-wrapper\" style=\"padding: 25px ;\"><div class=\"fusion-post-content post-content\"><h2 class=\"blog-shortcode-post-title entry-title\"><a href=\"https:\/\/zonta-schwaebisch-gmuend.de\/index.php\/2025\/03\/27\/area-meeting-in-weinheim-am-21-und-22-maerz-2025\/\">Area Meeting in Weinheim am 21. und 22. M\u00e4rz 2025<\/a><\/h2><p class=\"fusion-single-line-meta\">By <span class=\"vcard\"><span class=\"fn\"><a href=\"https:\/\/zonta-schwaebisch-gmuend.de\/index.php\/author\/clangenbacher\/\" title=\"Beitr\u00e4ge von Claudia Langenbacher\" rel=\"author\">Claudia Langenbacher<\/a><\/span><\/span><span class=\"fusion-inline-sep\">|<\/span><span class=\"updated\" style=\"display:none;\">2025-03-27T14:12:39+01:00<\/span><span>27. M\u00e4rz 2025<\/span><span class=\"fusion-inline-sep\">|<\/span><a href=\"https:\/\/zonta-schwaebisch-gmuend.de\/index.php\/category\/clubleben\/\" rel=\"category tag\">Clubleben<\/a><span class=\"fusion-inline-sep\">|<\/span><\/p><div class=\"fusion-content-sep sep-none\"><\/div><div class=\"fusion-post-content-container\"><p>Am 21. und 22. M\u00e4rz 2025 fand das 2. Area Meeting im Biennium 2024-2026 statt. Das Treffen begann mit einer Stadtf\u00fchrung und einem geselligen Beisammensein am Freitag Abend. Am Samstag fand dann das Meeting statt. Es standen interessante Themen auf dem Programm, unter anderem ein Vortrag betreffend &#8222;Gewaltambulanz&#8220;. Unser Club wurde durch unsere Pr\u00e4sidentin Sabine Dombrowski-Riegert vertreten. Wir danken den Veranstaltern f\u00fcr das tolle Programm und die Organisation. Gerne nehmen wir die Themenpunkte in unserem Club auf.<\/p>\n<p><img decoding=\"async\" class=\"lazyload alignnone  wp-image-1653\" src=\"https:\/\/zonta-schwaebisch-gmuend.de\/wp-content\/uploads\/2025\/03\/IMG_4067-725x1024.jpg\" data-orig-src=\"https:\/\/zonta-schwaebisch-gmuend.de\/wp-content\/uploads\/2025\/03\/IMG_4067-725x1024.jpg\" alt=\"\" width=\"343\" height=\"485\" srcset=\"data:image\/svg+xml,%3Csvg%20xmlns%3D%27http%3A%2F%2Fwww.w3.org%2F2000%2Fsvg%27%20width%3D%27343%27%20height%3D%27485%27%20viewBox%3D%270%200%20343%20485%27%3E%3Crect%20width%3D%27343%27%20height%3D%27485%27%20fill-opacity%3D%220%22%2F%3E%3C%2Fsvg%3E\" data-srcset=\"https:\/\/zonta-schwaebisch-gmuend.de\/wp-content\/uploads\/2025\/03\/IMG_4067-200x282.jpg 200w, https:\/\/zonta-schwaebisch-gmuend.de\/wp-content\/uploads\/2025\/03\/IMG_4067-212x300.jpg 212w, https:\/\/zonta-schwaebisch-gmuend.de\/wp-content\/uploads\/2025\/03\/IMG_4067-400x565.jpg 400w, https:\/\/zonta-schwaebisch-gmuend.de\/wp-content\/uploads\/2025\/03\/IMG_4067-600x847.jpg 600w, https:\/\/zonta-schwaebisch-gmuend.de\/wp-content\/uploads\/2025\/03\/IMG_4067-725x1024.jpg 725w, https:\/\/zonta-schwaebisch-gmuend.de\/wp-content\/uploads\/2025\/03\/IMG_4067-768x1084.jpg 768w, https:\/\/zonta-schwaebisch-gmuend.de\/wp-content\/uploads\/2025\/03\/IMG_4067-800x1130.jpg 800w, https:\/\/zonta-schwaebisch-gmuend.de\/wp-content\/uploads\/2025\/03\/IMG_4067-1088x1536.jpg 1088w, https:\/\/zonta-schwaebisch-gmuend.de\/wp-content\/uploads\/2025\/03\/IMG_4067-1200x1694.jpg 1200w, https:\/\/zonta-schwaebisch-gmuend.de\/wp-content\/uploads\/2025\/03\/IMG_4067.jpg 1279w\" data-sizes=\"auto\" data-orig-sizes=\"(max-width: 343px) 100vw, 343px\" \/><\/p>\n<\/div><\/div><\/div><div class=\"fusion-clearfix\"><\/div><\/div>\n<\/article>\n<article id=\"blog-1-post-1619\" class=\"fusion-post-grid post-1619 post type-post status-publish format-standard hentry category-clubleben\">\n<div class=\"fusion-post-wrapper\" style=\"background-color:rgba(255,255,255,0);border:none;\">\n\n<div class=\"fusion-post-content-wrapper\" style=\"padding: 25px ;\"><div class=\"fusion-post-content post-content\"><h2 class=\"blog-shortcode-post-title entry-title\"><a href=\"https:\/\/zonta-schwaebisch-gmuend.de\/index.php\/2025\/03\/08\/clubtreffen-anlaesslich-des-internationalen-frauentags-08-03-2025\/\">Clubtreffen anl\u00e4sslich des Internationalen Frauentags 08.03.2025<\/a><\/h2><p class=\"fusion-single-line-meta\">By <span class=\"vcard\"><span class=\"fn\"><a href=\"https:\/\/zonta-schwaebisch-gmuend.de\/index.php\/author\/clangenbacher\/\" title=\"Beitr\u00e4ge von Claudia Langenbacher\" rel=\"author\">Claudia Langenbacher<\/a><\/span><\/span><span class=\"fusion-inline-sep\">|<\/span><span class=\"updated\" style=\"display:none;\">2025-03-08T19:05:27+01:00<\/span><span>8. M\u00e4rz 2025<\/span><span class=\"fusion-inline-sep\">|<\/span><a href=\"https:\/\/zonta-schwaebisch-gmuend.de\/index.php\/category\/clubleben\/\" rel=\"category tag\">Clubleben<\/a><span class=\"fusion-inline-sep\">|<\/span><\/p><div class=\"fusion-content-sep sep-none\"><\/div><div class=\"fusion-post-content-container\"><p>Anl\u00e4sslich des heutigen Internationalen Frauentags haben wir Zontians uns mit unseren Partnern\u00a0 im B26 getroffen. Bei einem gem\u00fctlichen Fr\u00fchst\u00fcck verbrachten wir einen sch\u00f6nen Vormittag, der Raum f\u00fcr anregende Gespr\u00e4che und den Austausch von Ideen bot. Es war eine wunderbare Gelegenheit, die St\u00e4rke und Vielfalt der Frauen in unserer Gemeinschaft zu feiern! Erneut konnten wir feststellen, dass unser Zonta-Club viel Teamgeist bietet. Wir freuen uns auf weitere sch\u00f6ne Treffen in ungezwungener Atmosph\u00e4re!<\/p>\n<p><img decoding=\"async\" class=\"lazyload alignnone  wp-image-1620\" src=\"https:\/\/zonta-schwaebisch-gmuend.de\/wp-content\/uploads\/2025\/03\/IMG_3991-595x1024.jpg\" data-orig-src=\"https:\/\/zonta-schwaebisch-gmuend.de\/wp-content\/uploads\/2025\/03\/IMG_3991-595x1024.jpg\" alt=\"\" width=\"304\" height=\"523\" srcset=\"data:image\/svg+xml,%3Csvg%20xmlns%3D%27http%3A%2F%2Fwww.w3.org%2F2000%2Fsvg%27%20width%3D%27304%27%20height%3D%27523%27%20viewBox%3D%270%200%20304%20523%27%3E%3Crect%20width%3D%27304%27%20height%3D%27523%27%20fill-opacity%3D%220%22%2F%3E%3C%2Fsvg%3E\" data-srcset=\"https:\/\/zonta-schwaebisch-gmuend.de\/wp-content\/uploads\/2025\/03\/IMG_3991-174x300.jpg 174w, https:\/\/zonta-schwaebisch-gmuend.de\/wp-content\/uploads\/2025\/03\/IMG_3991-200x344.jpg 200w, https:\/\/zonta-schwaebisch-gmuend.de\/wp-content\/uploads\/2025\/03\/IMG_3991-400x689.jpg 400w, https:\/\/zonta-schwaebisch-gmuend.de\/wp-content\/uploads\/2025\/03\/IMG_3991-595x1024.jpg 595w, https:\/\/zonta-schwaebisch-gmuend.de\/wp-content\/uploads\/2025\/03\/IMG_3991-600x1033.jpg 600w, https:\/\/zonta-schwaebisch-gmuend.de\/wp-content\/uploads\/2025\/03\/IMG_3991-768x1322.jpg 768w, https:\/\/zonta-schwaebisch-gmuend.de\/wp-content\/uploads\/2025\/03\/IMG_3991-800x1377.jpg 800w, https:\/\/zonta-schwaebisch-gmuend.de\/wp-content\/uploads\/2025\/03\/IMG_3991-892x1536.jpg 892w, https:\/\/zonta-schwaebisch-gmuend.de\/wp-content\/uploads\/2025\/03\/IMG_3991.jpg 1080w\" data-sizes=\"auto\" data-orig-sizes=\"(max-width: 304px) 100vw, 304px\" \/><\/p>\n<\/div><\/div><\/div><div class=\"fusion-clearfix\"><\/div><\/div>\n<\/article>\n<article id=\"blog-1-post-1553\" class=\"fusion-post-grid post-1553 post type-post status-publish format-standard hentry category-clubleben\">\n<div class=\"fusion-post-wrapper\" style=\"background-color:rgba(255,255,255,0);border:none;\">\n\n<div class=\"fusion-post-content-wrapper\" style=\"padding: 25px ;\"><div class=\"fusion-post-content post-content\"><h2 class=\"blog-shortcode-post-title entry-title\"><a href=\"https:\/\/zonta-schwaebisch-gmuend.de\/index.php\/2025\/01\/26\/vortrag-frau-sabine-rink-integrationsmanageri-schwaebisch-gmuendn\/\">Vortrag Frau Sabine Rink Integrationsmanagerin in Schw\u00e4bisch Gm\u00fcnd am 23. Januar 2025<\/a><\/h2><p class=\"fusion-single-line-meta\">By <span class=\"vcard\"><span class=\"fn\"><a href=\"https:\/\/zonta-schwaebisch-gmuend.de\/index.php\/author\/clangenbacher\/\" title=\"Beitr\u00e4ge von Claudia Langenbacher\" rel=\"author\">Claudia Langenbacher<\/a><\/span><\/span><span class=\"fusion-inline-sep\">|<\/span><span class=\"updated\" style=\"display:none;\">2025-01-26T15:08:33+01:00<\/span><span>26. Januar 2025<\/span><span class=\"fusion-inline-sep\">|<\/span><a href=\"https:\/\/zonta-schwaebisch-gmuend.de\/index.php\/category\/clubleben\/\" rel=\"category tag\">Clubleben<\/a><span class=\"fusion-inline-sep\">|<\/span><\/p><div class=\"fusion-content-sep sep-none\"><\/div><div class=\"fusion-post-content-container\"><p>Frau Sabine Rink, Integrationsmanagerin der Stadt Schw\u00e4bisch Gm\u00fcnd, besuchte unser Meeting am 23. Januar 2025. Nach einer pers\u00f6nlichen Vorstellung und Information ihrer T\u00e4tigkeit, berichtete Frau Rink \u00fcber den Status und die Hilfsangebote f\u00fcr die in Schw\u00e4bisch Gm\u00fcnd lebenden Jesiden, die nach \u00dcbergriffen des IS aus ihrer Heimat fl\u00fcchten konnten. Mit gro\u00dfer Aufmerksamkeit folgten wir den Ausf\u00fchrungen von Frau Rink. Im Anschluss an ihren Vortrag fand eine lebhafte Diskussion statt.<\/p>\n<p><img decoding=\"async\" class=\"lazyload alignnone wp-image-1554\" src=\"https:\/\/zonta-schwaebisch-gmuend.de\/wp-content\/uploads\/2025\/01\/IMG_3865-721x1024.jpg\" data-orig-src=\"https:\/\/zonta-schwaebisch-gmuend.de\/wp-content\/uploads\/2025\/01\/IMG_3865-721x1024.jpg\" alt=\"\" width=\"398\" height=\"565\" srcset=\"data:image\/svg+xml,%3Csvg%20xmlns%3D%27http%3A%2F%2Fwww.w3.org%2F2000%2Fsvg%27%20width%3D%27398%27%20height%3D%27565%27%20viewBox%3D%270%200%20398%20565%27%3E%3Crect%20width%3D%27398%27%20height%3D%27565%27%20fill-opacity%3D%220%22%2F%3E%3C%2Fsvg%3E\" data-srcset=\"https:\/\/zonta-schwaebisch-gmuend.de\/wp-content\/uploads\/2025\/01\/IMG_3865-200x284.jpg 200w, https:\/\/zonta-schwaebisch-gmuend.de\/wp-content\/uploads\/2025\/01\/IMG_3865-211x300.jpg 211w, https:\/\/zonta-schwaebisch-gmuend.de\/wp-content\/uploads\/2025\/01\/IMG_3865-400x568.jpg 400w, https:\/\/zonta-schwaebisch-gmuend.de\/wp-content\/uploads\/2025\/01\/IMG_3865-600x852.jpg 600w, https:\/\/zonta-schwaebisch-gmuend.de\/wp-content\/uploads\/2025\/01\/IMG_3865-721x1024.jpg 721w, https:\/\/zonta-schwaebisch-gmuend.de\/wp-content\/uploads\/2025\/01\/IMG_3865-768x1090.jpg 768w, https:\/\/zonta-schwaebisch-gmuend.de\/wp-content\/uploads\/2025\/01\/IMG_3865-800x1136.jpg 800w, https:\/\/zonta-schwaebisch-gmuend.de\/wp-content\/uploads\/2025\/01\/IMG_3865-1082x1536.jpg 1082w, https:\/\/zonta-schwaebisch-gmuend.de\/wp-content\/uploads\/2025\/01\/IMG_3865-1200x1703.jpg 1200w, https:\/\/zonta-schwaebisch-gmuend.de\/wp-content\/uploads\/2025\/01\/IMG_3865.jpg 1280w\" data-sizes=\"auto\" data-orig-sizes=\"(max-width: 398px) 100vw, 398px\" \/><\/p>\n<p>Das Foto zeigt Sabine Rink (rechts) mit Sabine Dombrowski-Riegert beim \u00dcberreichen der gelben Zonta-Rose. Wir danken Frau Rink f\u00fcr ihren Vortrag!<\/p>\n<p>&nbsp;<\/p>\n<\/div><\/div><\/div><div class=\"fusion-clearfix\"><\/div><\/div>\n<\/article>\n<article id=\"blog-1-post-1396\" class=\"fusion-post-grid post-1396 post type-post status-publish format-standard has-post-thumbnail hentry category-clubleben\">\n<div class=\"fusion-post-wrapper\" style=\"background-color:rgba(255,255,255,0);border:none;\">\n\n\t\t\t<div class=\"fusion-flexslider flexslider fusion-flexslider-loading fusion-post-slideshow\" style=\"border-color:rgba(242,243,245,0);\">\n\t\t<ul class=\"slides\">\n\t\t\t\n\t\t\t\t\t\t\t\t\t\t\t\t\t\t<li><div  class=\"fusion-image-wrapper\" aria-haspopup=\"true\">\n\t\t\t\t\t\t\t<a href=\"https:\/\/zonta-schwaebisch-gmuend.de\/index.php\/2024\/10\/28\/vortrag-von-frau-uta-weimar-vom-diakonieverband-ostalb-bei-unserem-meeting-am-24-10-2024\/\" aria-label=\"Vortrag von Frau Uta Weimar vom Diakonieverband Ostalb bei unserem Meeting am 24.10.2024\">\n\t\t\t\t\t\t\t<img decoding=\"async\" width=\"1013\" height=\"1713\" src=\"https:\/\/zonta-schwaebisch-gmuend.de\/wp-content\/uploads\/2024\/10\/IMG_3510.jpg\" class=\"attachment-full size-full lazyload wp-post-image\" alt=\"\" srcset=\"data:image\/svg+xml,%3Csvg%20xmlns%3D%27http%3A%2F%2Fwww.w3.org%2F2000%2Fsvg%27%20width%3D%271013%27%20height%3D%271713%27%20viewBox%3D%270%200%201013%201713%27%3E%3Crect%20width%3D%271013%27%20height%3D%271713%27%20fill-opacity%3D%220%22%2F%3E%3C%2Fsvg%3E\" data-orig-src=\"https:\/\/zonta-schwaebisch-gmuend.de\/wp-content\/uploads\/2024\/10\/IMG_3510.jpg\" data-srcset=\"https:\/\/zonta-schwaebisch-gmuend.de\/wp-content\/uploads\/2024\/10\/IMG_3510-200x338.jpg 200w, https:\/\/zonta-schwaebisch-gmuend.de\/wp-content\/uploads\/2024\/10\/IMG_3510-400x676.jpg 400w, https:\/\/zonta-schwaebisch-gmuend.de\/wp-content\/uploads\/2024\/10\/IMG_3510-600x1015.jpg 600w, https:\/\/zonta-schwaebisch-gmuend.de\/wp-content\/uploads\/2024\/10\/IMG_3510-800x1353.jpg 800w, https:\/\/zonta-schwaebisch-gmuend.de\/wp-content\/uploads\/2024\/10\/IMG_3510.jpg 1013w\" data-sizes=\"auto\" \/>\t\t\t<\/a>\n\t\t\t\t\t\t\t<\/div>\n<\/li>\n\t\t\t\n\t\t\t\n\t\t\t\t\t\t\t\t\t\t\t\t\t\t\t\t\t\t\t\t\t\t\t\t\t\t\t\t\t\t\t\t\t\t\t\t\t\t\t\t\t\t\t\t\t\t\t\t\t\t\t\t\t\t\t\t\t\t\t\t\t\t\t\t\t\t\t\t<\/ul>\n\t<\/div>\n\t<div class=\"fusion-post-content-wrapper\" style=\"padding: 25px ;\"><div class=\"fusion-post-content post-content\"><h2 class=\"blog-shortcode-post-title entry-title\"><a href=\"https:\/\/zonta-schwaebisch-gmuend.de\/index.php\/2024\/10\/28\/vortrag-von-frau-uta-weimar-vom-diakonieverband-ostalb-bei-unserem-meeting-am-24-10-2024\/\">Vortrag von Frau Uta Weimar vom Diakonieverband Ostalb bei unserem Meeting am 24.10.2024<\/a><\/h2><p class=\"fusion-single-line-meta\">By <span class=\"vcard\"><span class=\"fn\"><a href=\"https:\/\/zonta-schwaebisch-gmuend.de\/index.php\/author\/clangenbacher\/\" title=\"Beitr\u00e4ge von Claudia Langenbacher\" rel=\"author\">Claudia Langenbacher<\/a><\/span><\/span><span class=\"fusion-inline-sep\">|<\/span><span class=\"updated\" style=\"display:none;\">2024-10-28T10:13:38+01:00<\/span><span>28. Oktober 2024<\/span><span class=\"fusion-inline-sep\">|<\/span><a href=\"https:\/\/zonta-schwaebisch-gmuend.de\/index.php\/category\/clubleben\/\" rel=\"category tag\">Clubleben<\/a><span class=\"fusion-inline-sep\">|<\/span><\/p><div class=\"fusion-content-sep sep-none\"><\/div><div class=\"fusion-post-content-container\"><p>Frau Weimar besuchte unser Meeting am 24. Oktober 2024 und hielt einen sehr interessanten Vortrag. Ihr beruflicher Alltag beinhaltet das Beratungsangebot f\u00fcr Ratsuchende vor, w\u00e4hrend und nach der Schwangerschaft bis hin zum dritten Lebensjahr des Kindes . Ebenso wird eine Konfliktberatung angeboten um gemeinsam L\u00f6sungen f\u00fcr problematische Situationen zu finden. Die Beratungen finden in einem gesch\u00fctzten Rahmen statt, unterliegen der Schweigepflicht und k\u00f6nnen selbstverst\u00e4ndlich auch anonym erfolgen. Anschlie\u00dfend an den interessanten Vortrag fand eine rege Diskussion statt. Gerne laden wir Frau Weimar erneut zu einem Meeting ein, um das Gespr\u00e4ch und die Informationen zu vertiefen.<\/p>\n<p>Das Foto zeigt unsere Pr\u00e4sidentin Frau Sabine Dombrowski-Riegert bei der \u00dcbergabe der Zonta-Rose an Frau Uta Weimar<\/p>\n<\/div><\/div><\/div><div class=\"fusion-clearfix\"><\/div><\/div>\n<\/article>\n<article id=\"blog-1-post-1391\" class=\"fusion-post-grid post-1391 post type-post status-publish format-standard has-post-thumbnail hentry category-clubleben\">\n<div class=\"fusion-post-wrapper\" style=\"background-color:rgba(255,255,255,0);border:none;\">\n\n\t\t\t<div class=\"fusion-flexslider flexslider fusion-flexslider-loading fusion-post-slideshow\" style=\"border-color:rgba(242,243,245,0);\">\n\t\t<ul class=\"slides\">\n\t\t\t\n\t\t\t\t\t\t\t\t\t\t\t\t\t\t<li><div  class=\"fusion-image-wrapper\" aria-haspopup=\"true\">\n\t\t\t\t\t\t\t<a href=\"https:\/\/zonta-schwaebisch-gmuend.de\/index.php\/2024\/10\/21\/zonta-area-meeting-am-19-10-2024\/\" aria-label=\"Zonta Area Meeting am 19.10.2024\">\n\t\t\t\t\t\t\t<img decoding=\"async\" width=\"1800\" height=\"1697\" src=\"https:\/\/zonta-schwaebisch-gmuend.de\/wp-content\/uploads\/2024\/10\/IMG_3489.jpg\" class=\"attachment-full size-full lazyload wp-post-image\" alt=\"\" srcset=\"data:image\/svg+xml,%3Csvg%20xmlns%3D%27http%3A%2F%2Fwww.w3.org%2F2000%2Fsvg%27%20width%3D%271800%27%20height%3D%271697%27%20viewBox%3D%270%200%201800%201697%27%3E%3Crect%20width%3D%271800%27%20height%3D%271697%27%20fill-opacity%3D%220%22%2F%3E%3C%2Fsvg%3E\" data-orig-src=\"https:\/\/zonta-schwaebisch-gmuend.de\/wp-content\/uploads\/2024\/10\/IMG_3489.jpg\" data-srcset=\"https:\/\/zonta-schwaebisch-gmuend.de\/wp-content\/uploads\/2024\/10\/IMG_3489-200x189.jpg 200w, https:\/\/zonta-schwaebisch-gmuend.de\/wp-content\/uploads\/2024\/10\/IMG_3489-400x377.jpg 400w, https:\/\/zonta-schwaebisch-gmuend.de\/wp-content\/uploads\/2024\/10\/IMG_3489-600x566.jpg 600w, https:\/\/zonta-schwaebisch-gmuend.de\/wp-content\/uploads\/2024\/10\/IMG_3489-800x754.jpg 800w, https:\/\/zonta-schwaebisch-gmuend.de\/wp-content\/uploads\/2024\/10\/IMG_3489-1200x1131.jpg 1200w, https:\/\/zonta-schwaebisch-gmuend.de\/wp-content\/uploads\/2024\/10\/IMG_3489.jpg 1800w\" data-sizes=\"auto\" \/>\t\t\t<\/a>\n\t\t\t\t\t\t\t<\/div>\n<\/li>\n\t\t\t\n\t\t\t\n\t\t\t\t\t\t\t\t\t\t\t\t\t\t\t\t\t\t\t\t\t\t\t\t\t\t\t\t\t\t\t\t\t\t\t\t\t\t\t\t\t\t\t\t\t\t\t\t\t\t\t\t\t\t\t\t\t\t\t\t\t\t\t\t\t\t\t\t<\/ul>\n\t<\/div>\n\t<div class=\"fusion-post-content-wrapper\" style=\"padding: 25px ;\"><div class=\"fusion-post-content post-content\"><h2 class=\"blog-shortcode-post-title entry-title\"><a href=\"https:\/\/zonta-schwaebisch-gmuend.de\/index.php\/2024\/10\/21\/zonta-area-meeting-am-19-10-2024\/\">Zonta Area Meeting am 19.10.2024<\/a><\/h2><p class=\"fusion-single-line-meta\">By <span class=\"vcard\"><span class=\"fn\"><a href=\"https:\/\/zonta-schwaebisch-gmuend.de\/index.php\/author\/clangenbacher\/\" title=\"Beitr\u00e4ge von Claudia Langenbacher\" rel=\"author\">Claudia Langenbacher<\/a><\/span><\/span><span class=\"fusion-inline-sep\">|<\/span><span class=\"updated\" style=\"display:none;\">2024-10-21T16:43:35+02:00<\/span><span>21. Oktober 2024<\/span><span class=\"fusion-inline-sep\">|<\/span><a href=\"https:\/\/zonta-schwaebisch-gmuend.de\/index.php\/category\/clubleben\/\" rel=\"category tag\">Clubleben<\/a><span class=\"fusion-inline-sep\">|<\/span><\/p><div class=\"fusion-content-sep sep-none\"><\/div><div class=\"fusion-post-content-container\"><p>Bei bester Stimmung fand das Zonta Area Meeting am 19.10.2024 in Stuttgart-Plieningen statt. Unser Club war vertreten durch Sabine Dombrowski-Riegert (Pr\u00e4sidentin) und Claudia Langenbacher (Vizepr\u00e4sidentin). Das Meeting hat viele Impulse gegeben und wir freuen uns, diese in unserem Club umsetzen zu k\u00f6nnen.<\/p>\n<\/div><\/div><\/div><div class=\"fusion-clearfix\"><\/div><\/div>\n<\/article>\n<article id=\"blog-1-post-1376\" class=\"fusion-post-grid post-1376 post type-post status-publish format-standard has-post-thumbnail hentry category-clubleben\">\n<div class=\"fusion-post-wrapper\" style=\"background-color:rgba(255,255,255,0);border:none;\">\n\n\t\t\t<div class=\"fusion-flexslider flexslider fusion-flexslider-loading fusion-post-slideshow\" style=\"border-color:rgba(242,243,245,0);\">\n\t\t<ul class=\"slides\">\n\t\t\t\n\t\t\t\t\t\t\t\t\t\t\t\t\t\t<li><div  class=\"fusion-image-wrapper\" aria-haspopup=\"true\">\n\t\t\t\t\t\t\t<a href=\"https:\/\/zonta-schwaebisch-gmuend.de\/index.php\/2024\/10\/14\/gemeinsamer-ausflug-zum-alpaka-hof\/\" aria-label=\"Gemeinsamer Ausflug zum Alpaka-Hof\">\n\t\t\t\t\t\t\t<img decoding=\"async\" width=\"1800\" height=\"1679\" src=\"https:\/\/zonta-schwaebisch-gmuend.de\/wp-content\/uploads\/2024\/10\/IMG_3429.jpg\" class=\"attachment-full size-full lazyload wp-post-image\" alt=\"\" srcset=\"data:image\/svg+xml,%3Csvg%20xmlns%3D%27http%3A%2F%2Fwww.w3.org%2F2000%2Fsvg%27%20width%3D%271800%27%20height%3D%271679%27%20viewBox%3D%270%200%201800%201679%27%3E%3Crect%20width%3D%271800%27%20height%3D%271679%27%20fill-opacity%3D%220%22%2F%3E%3C%2Fsvg%3E\" data-orig-src=\"https:\/\/zonta-schwaebisch-gmuend.de\/wp-content\/uploads\/2024\/10\/IMG_3429.jpg\" data-srcset=\"https:\/\/zonta-schwaebisch-gmuend.de\/wp-content\/uploads\/2024\/10\/IMG_3429-200x187.jpg 200w, https:\/\/zonta-schwaebisch-gmuend.de\/wp-content\/uploads\/2024\/10\/IMG_3429-400x373.jpg 400w, https:\/\/zonta-schwaebisch-gmuend.de\/wp-content\/uploads\/2024\/10\/IMG_3429-600x560.jpg 600w, https:\/\/zonta-schwaebisch-gmuend.de\/wp-content\/uploads\/2024\/10\/IMG_3429-800x746.jpg 800w, https:\/\/zonta-schwaebisch-gmuend.de\/wp-content\/uploads\/2024\/10\/IMG_3429-1200x1119.jpg 1200w, https:\/\/zonta-schwaebisch-gmuend.de\/wp-content\/uploads\/2024\/10\/IMG_3429.jpg 1800w\" data-sizes=\"auto\" \/>\t\t\t<\/a>\n\t\t\t\t\t\t\t<\/div>\n<\/li>\n\t\t\t\n\t\t\t\n\t\t\t\t\t\t\t\t\t\t\t\n\t\t\t\t\t\n\t\t\t\t\t\t\t\t\t\t\t<li>\n\t\t\t\t\t\t\t<div class=\"fusion-image-wrapper\">\n\t\t\t\t\t\t\t\t<a href=\"https:\/\/zonta-schwaebisch-gmuend.de\/index.php\/2024\/10\/14\/gemeinsamer-ausflug-zum-alpaka-hof\/\" aria-label=\"Gemeinsamer Ausflug zum Alpaka-Hof\">\n\t\t\t\t\t\t\t\t\t<img decoding=\"async\" width=\"1800\" height=\"1690\" src=\"https:\/\/zonta-schwaebisch-gmuend.de\/wp-content\/uploads\/2024\/10\/IMG_3426.jpg\" data-orig-src=\"https:\/\/zonta-schwaebisch-gmuend.de\/wp-content\/uploads\/2024\/10\/IMG_3426.jpg\" alt=\"\" class=\"lazyload wp-image-1377\" role=\"presentation\" srcset=\"data:image\/svg+xml,%3Csvg%20xmlns%3D%27http%3A%2F%2Fwww.w3.org%2F2000%2Fsvg%27%20width%3D%271800%27%20height%3D%271690%27%20viewBox%3D%270%200%201800%201690%27%3E%3Crect%20width%3D%271800%27%20height%3D%271690%27%20fill-opacity%3D%220%22%2F%3E%3C%2Fsvg%3E\" data-srcset=\"https:\/\/zonta-schwaebisch-gmuend.de\/wp-content\/uploads\/2024\/10\/IMG_3426-200x188.jpg 200w, https:\/\/zonta-schwaebisch-gmuend.de\/wp-content\/uploads\/2024\/10\/IMG_3426-400x376.jpg 400w, https:\/\/zonta-schwaebisch-gmuend.de\/wp-content\/uploads\/2024\/10\/IMG_3426-600x563.jpg 600w, https:\/\/zonta-schwaebisch-gmuend.de\/wp-content\/uploads\/2024\/10\/IMG_3426-800x751.jpg 800w, https:\/\/zonta-schwaebisch-gmuend.de\/wp-content\/uploads\/2024\/10\/IMG_3426-1200x1127.jpg 1200w, https:\/\/zonta-schwaebisch-gmuend.de\/wp-content\/uploads\/2024\/10\/IMG_3426.jpg 1800w\" data-sizes=\"auto\" data-orig-sizes=\"(min-width: 2200px) 100vw, (min-width: 784px) 373px, (min-width: 712px) 560px, (min-width: 640px) 712px, \" \/>\t\t\t\t\t\t\t\t<\/a>\n\t\t\t\t\t\t\t\t<a style=\"display:none;\" href=\"https:\/\/zonta-schwaebisch-gmuend.de\/wp-content\/uploads\/2024\/10\/IMG_3426.jpg\" data-rel=\"iLightbox[gallery1376]\"  title=\"\" data-title=\"IMG_3426\" data-caption=\"\">\n\t\t\t\t\t\t\t\t\t\t\t\t\t\t\t\t\t<\/a>\n\t\t\t\t\t\t\t<\/div>\n\t\t\t\t\t\t<\/li>\n\t\t\t\t\t\t\t\t\t\t\t\t\t\t\t\t\t\t\t\t\t\t\t\t\t\t\t\t\t\t\t\t\t\t\t\t\t\t\t\t\t\t\t\t\t\t\t\t\t\t\t\t\t\t\t\t\t\t\t\t\t\t\t\t\t\t<\/ul>\n\t<\/div>\n\t<div class=\"fusion-post-content-wrapper\" style=\"padding: 25px ;\"><div class=\"fusion-post-content post-content\"><h2 class=\"blog-shortcode-post-title entry-title\"><a href=\"https:\/\/zonta-schwaebisch-gmuend.de\/index.php\/2024\/10\/14\/gemeinsamer-ausflug-zum-alpaka-hof\/\">Gemeinsamer Ausflug zum Alpaka-Hof<\/a><\/h2><p class=\"fusion-single-line-meta\">By <span class=\"vcard\"><span class=\"fn\"><a href=\"https:\/\/zonta-schwaebisch-gmuend.de\/index.php\/author\/clangenbacher\/\" title=\"Beitr\u00e4ge von Claudia Langenbacher\" rel=\"author\">Claudia Langenbacher<\/a><\/span><\/span><span class=\"fusion-inline-sep\">|<\/span><span class=\"updated\" style=\"display:none;\">2024-10-14T15:30:11+02:00<\/span><span>14. Oktober 2024<\/span><span class=\"fusion-inline-sep\">|<\/span><a href=\"https:\/\/zonta-schwaebisch-gmuend.de\/index.php\/category\/clubleben\/\" rel=\"category tag\">Clubleben<\/a><span class=\"fusion-inline-sep\">|<\/span><\/p><div class=\"fusion-content-sep sep-none\"><\/div><div class=\"fusion-post-content-container\"><p>Auch in eigener Sache unternimmt unser Zonta-Club sehr viel! Dieses Jahr wurde ein Ausflug zum Alpaka-Hof organisiert. Begonnen hat der Nachmittag mit einer gemeinsamen Kaffee-Runde auf dem Alpaka-Hof. Danach begann der Spaziergang mit unseren Alpakas. Wir hatten viel Freude! Jedes Tier hat uns gezeigt, dass es einen eigenen Charakter hat und wir mussten &#8222;mitziehen&#8220;. Am Abend st\u00e4rkten wir uns dann in passendem Ambiente: unser Lokal bot orientalische Speisen und die Atmosph\u00e4re war locker und gel\u00f6st!<\/p>\n<p>&nbsp;<\/p>\n<\/div><\/div><\/div><div class=\"fusion-clearfix\"><\/div><\/div>\n<\/article>\n<article id=\"blog-1-post-1356\" class=\"fusion-post-grid post-1356 post type-post status-publish format-standard has-post-thumbnail hentry category-clubleben\">\n<div class=\"fusion-post-wrapper\" style=\"background-color:rgba(255,255,255,0);border:none;\">\n\n\t\t\t<div class=\"fusion-flexslider flexslider fusion-flexslider-loading fusion-post-slideshow\" style=\"border-color:rgba(242,243,245,0);\">\n\t\t<ul class=\"slides\">\n\t\t\t\n\t\t\t\t\t\t\t\t\t\t\t\t\t\t<li><div  class=\"fusion-image-wrapper\" aria-haspopup=\"true\">\n\t\t\t\t\t\t\t<a href=\"https:\/\/zonta-schwaebisch-gmuend.de\/index.php\/2024\/07\/29\/vortrag-frau-dr-inge-graessle-mdb-cdu-beim-meeting-am-25-07-2024\/\" aria-label=\"Vortrag Frau Dr. Inge Gr\u00e4\u00dfle MdB (CDU) beim Club-Meeting am 25.07.2024\">\n\t\t\t\t\t\t\t<img decoding=\"async\" width=\"1013\" height=\"1745\" src=\"https:\/\/zonta-schwaebisch-gmuend.de\/wp-content\/uploads\/2024\/07\/IMG_3003.jpg\" class=\"attachment-full size-full lazyload wp-post-image\" alt=\"\" srcset=\"data:image\/svg+xml,%3Csvg%20xmlns%3D%27http%3A%2F%2Fwww.w3.org%2F2000%2Fsvg%27%20width%3D%271013%27%20height%3D%271745%27%20viewBox%3D%270%200%201013%201745%27%3E%3Crect%20width%3D%271013%27%20height%3D%271745%27%20fill-opacity%3D%220%22%2F%3E%3C%2Fsvg%3E\" data-orig-src=\"https:\/\/zonta-schwaebisch-gmuend.de\/wp-content\/uploads\/2024\/07\/IMG_3003.jpg\" data-srcset=\"https:\/\/zonta-schwaebisch-gmuend.de\/wp-content\/uploads\/2024\/07\/IMG_3003-200x345.jpg 200w, https:\/\/zonta-schwaebisch-gmuend.de\/wp-content\/uploads\/2024\/07\/IMG_3003-400x689.jpg 400w, https:\/\/zonta-schwaebisch-gmuend.de\/wp-content\/uploads\/2024\/07\/IMG_3003-600x1034.jpg 600w, https:\/\/zonta-schwaebisch-gmuend.de\/wp-content\/uploads\/2024\/07\/IMG_3003-800x1378.jpg 800w, https:\/\/zonta-schwaebisch-gmuend.de\/wp-content\/uploads\/2024\/07\/IMG_3003.jpg 1013w\" data-sizes=\"auto\" \/>\t\t\t<\/a>\n\t\t\t\t\t\t\t<\/div>\n<\/li>\n\t\t\t\n\t\t\t\n\t\t\t\t\t\t\t\t\t\t\t\t\t\t\t\t\t\t\t\t\t\t\t\t\t\t\t\t\t\t\t\t\t\t\t\t\t\t\t\t\t\t\t\t\t\t\t\t\t\t\t\t\t\t\t\t\t\t\t\t\t\t\t\t\t\t\t\t<\/ul>\n\t<\/div>\n\t<div class=\"fusion-post-content-wrapper\" style=\"padding: 25px ;\"><div class=\"fusion-post-content post-content\"><h2 class=\"blog-shortcode-post-title entry-title\"><a href=\"https:\/\/zonta-schwaebisch-gmuend.de\/index.php\/2024\/07\/29\/vortrag-frau-dr-inge-graessle-mdb-cdu-beim-meeting-am-25-07-2024\/\">Vortrag Frau Dr. Inge Gr\u00e4\u00dfle MdB (CDU) beim Club-Meeting am 25.07.2024<\/a><\/h2><p class=\"fusion-single-line-meta\">By <span class=\"vcard\"><span class=\"fn\"><a href=\"https:\/\/zonta-schwaebisch-gmuend.de\/index.php\/author\/clangenbacher\/\" title=\"Beitr\u00e4ge von Claudia Langenbacher\" rel=\"author\">Claudia Langenbacher<\/a><\/span><\/span><span class=\"fusion-inline-sep\">|<\/span><span class=\"updated\" style=\"display:none;\">2024-07-29T11:19:20+02:00<\/span><span>29. Juli 2024<\/span><span class=\"fusion-inline-sep\">|<\/span><a href=\"https:\/\/zonta-schwaebisch-gmuend.de\/index.php\/category\/clubleben\/\" rel=\"category tag\">Clubleben<\/a><span class=\"fusion-inline-sep\">|<\/span><\/p><div class=\"fusion-content-sep sep-none\"><\/div><div class=\"fusion-post-content-container\"><p>Als Gastreferentin begr\u00fc\u00dften wir Frau Dr. Inge Gr\u00e4\u00dfle MdB (CDU). Nach einer \u00e4u\u00dferst interessanten Erz\u00e4hlung ihres politischen Werdegangs entstand eine rege Diskussion \u00fcber Politik der vergangenen Jahre und Politik in der heutigen Zeit. Wir danken Frau Dr. Gr\u00e4\u00dfle recht herzlich f\u00fcr ihren Besuch. Das Foto zeigt unsere Pr\u00e4sidentin, Frau Sabine Dombrowski-Riegert beim \u00dcberreichen der gelben Zonta-Rose an Frau Dr. Gr\u00e4\u00dfle. Danke liebe Frau Dr. Gr\u00e4\u00dfle f\u00fcr den bereichernden Abend!<\/p>\n<\/div><\/div><\/div><div class=\"fusion-clearfix\"><\/div><\/div>\n<\/article>\n<article id=\"blog-1-post-1337\" class=\"fusion-post-grid post-1337 post type-post status-publish format-standard has-post-thumbnail hentry category-clubleben\">\n<div class=\"fusion-post-wrapper\" style=\"background-color:rgba(255,255,255,0);border:none;\">\n\n\t\t\t<div class=\"fusion-flexslider flexslider fusion-flexslider-loading fusion-post-slideshow\" style=\"border-color:rgba(242,243,245,0);\">\n\t\t<ul class=\"slides\">\n\t\t\t\n\t\t\t\t\t\t\t\t\t\t\t\t\t\t<li><div  class=\"fusion-image-wrapper\" aria-haspopup=\"true\">\n\t\t\t\t\t\t\t<a href=\"https:\/\/zonta-schwaebisch-gmuend.de\/index.php\/2024\/07\/01\/gastreferent-thorsten-vaas-bei-unserem-meeting-am-27-06-2024\/\" aria-label=\"Gastreferent Thorsten Vaas bei unserem Meeting am 27.06.2024\">\n\t\t\t\t\t\t\t<img decoding=\"async\" width=\"1010\" height=\"1525\" src=\"https:\/\/zonta-schwaebisch-gmuend.de\/wp-content\/uploads\/2024\/06\/IMG_2809-e1719663220684.jpg\" class=\"attachment-full size-full lazyload wp-post-image\" alt=\"\" srcset=\"data:image\/svg+xml,%3Csvg%20xmlns%3D%27http%3A%2F%2Fwww.w3.org%2F2000%2Fsvg%27%20width%3D%271010%27%20height%3D%271525%27%20viewBox%3D%270%200%201010%201525%27%3E%3Crect%20width%3D%271010%27%20height%3D%271525%27%20fill-opacity%3D%220%22%2F%3E%3C%2Fsvg%3E\" data-orig-src=\"https:\/\/zonta-schwaebisch-gmuend.de\/wp-content\/uploads\/2024\/06\/IMG_2809-e1719663220684.jpg\" data-srcset=\"https:\/\/zonta-schwaebisch-gmuend.de\/wp-content\/uploads\/2024\/06\/IMG_2809-e1719663220684-200x302.jpg 200w, https:\/\/zonta-schwaebisch-gmuend.de\/wp-content\/uploads\/2024\/06\/IMG_2809-e1719663220684-400x604.jpg 400w, https:\/\/zonta-schwaebisch-gmuend.de\/wp-content\/uploads\/2024\/06\/IMG_2809-e1719663220684-600x906.jpg 600w, https:\/\/zonta-schwaebisch-gmuend.de\/wp-content\/uploads\/2024\/06\/IMG_2809-e1719663220684-800x1208.jpg 800w, https:\/\/zonta-schwaebisch-gmuend.de\/wp-content\/uploads\/2024\/06\/IMG_2809-e1719663220684.jpg 1010w\" data-sizes=\"auto\" \/>\t\t\t<\/a>\n\t\t\t\t\t\t\t<\/div>\n<\/li>\n\t\t\t\n\t\t\t\n\t\t\t\t\t\t\t\t\t\t\t\t\t\t\t\t\t\t\t\t\t\t\t\t\t\t\t\t\t\t\t\t\t\t\t\t\t\t\t\t\t\t\t\t\t\t\t\t\t\t\t\t\t\t\t\t\t\t\t\t\t\t\t\t\t\t\t\t<\/ul>\n\t<\/div>\n\t<div class=\"fusion-post-content-wrapper\" style=\"padding: 25px ;\"><div class=\"fusion-post-content post-content\"><h2 class=\"blog-shortcode-post-title entry-title\"><a href=\"https:\/\/zonta-schwaebisch-gmuend.de\/index.php\/2024\/07\/01\/gastreferent-thorsten-vaas-bei-unserem-meeting-am-27-06-2024\/\">Gastreferent Thorsten Vaas bei unserem Meeting am 27.06.2024<\/a><\/h2><p class=\"fusion-single-line-meta\">By <span class=\"vcard\"><span class=\"fn\"><a href=\"https:\/\/zonta-schwaebisch-gmuend.de\/index.php\/author\/clangenbacher\/\" title=\"Beitr\u00e4ge von Claudia Langenbacher\" rel=\"author\">Claudia Langenbacher<\/a><\/span><\/span><span class=\"fusion-inline-sep\">|<\/span><span class=\"updated\" style=\"display:none;\">2024-07-01T15:20:49+02:00<\/span><span>1. Juli 2024<\/span><span class=\"fusion-inline-sep\">|<\/span><a href=\"https:\/\/zonta-schwaebisch-gmuend.de\/index.php\/category\/clubleben\/\" rel=\"category tag\">Clubleben<\/a><span class=\"fusion-inline-sep\">|<\/span><\/p><div class=\"fusion-content-sep sep-none\"><\/div><div class=\"fusion-post-content-container\"><p>Als Gastreferent besuchte Herr Thorsten Vaas \/ Redaktionsleiter der Remszeitung unser monatliches Meeting am 27.06.2024. Wir konnten hierbei Spannendes aus seinem Berufsalltag erfahren. Danach fand ein reger Gedankenaustausch \u00fcber Journalismus statt. Zum Abschluss und mit einem herzlichen Dankesch\u00f6n f\u00fcr den Besuch \u00fcberreichte Frau Dombrowski-Riegert die gelbe Zonta-Rose.<\/p>\n<\/div><\/div><\/div><div class=\"fusion-clearfix\"><\/div><\/div>\n<\/article>\n<article id=\"blog-1-post-1329\" class=\"fusion-post-grid post-1329 post type-post status-publish format-standard has-post-thumbnail hentry category-clubleben\">\n<div class=\"fusion-post-wrapper\" style=\"background-color:rgba(255,255,255,0);border:none;\">\n\n\t\t\t<div class=\"fusion-flexslider flexslider fusion-flexslider-loading fusion-post-slideshow\" style=\"border-color:rgba(242,243,245,0);\">\n\t\t<ul class=\"slides\">\n\t\t\t\n\t\t\t\t\t\t\t\t\t\t\t\t\t\t<li><div  class=\"fusion-image-wrapper\" aria-haspopup=\"true\">\n\t\t\t\t\t\t\t<a href=\"https:\/\/zonta-schwaebisch-gmuend.de\/index.php\/2024\/06\/24\/unser-ausflug-nach-crailsheim\/\" aria-label=\"Unser Ausflug nach Crailsheim\">\n\t\t\t\t\t\t\t<img decoding=\"async\" width=\"1350\" height=\"1730\" src=\"https:\/\/zonta-schwaebisch-gmuend.de\/wp-content\/uploads\/2024\/06\/IMG_2780.jpg\" class=\"attachment-full size-full lazyload wp-post-image\" alt=\"\" srcset=\"data:image\/svg+xml,%3Csvg%20xmlns%3D%27http%3A%2F%2Fwww.w3.org%2F2000%2Fsvg%27%20width%3D%271350%27%20height%3D%271730%27%20viewBox%3D%270%200%201350%201730%27%3E%3Crect%20width%3D%271350%27%20height%3D%271730%27%20fill-opacity%3D%220%22%2F%3E%3C%2Fsvg%3E\" data-orig-src=\"https:\/\/zonta-schwaebisch-gmuend.de\/wp-content\/uploads\/2024\/06\/IMG_2780.jpg\" data-srcset=\"https:\/\/zonta-schwaebisch-gmuend.de\/wp-content\/uploads\/2024\/06\/IMG_2780-200x256.jpg 200w, https:\/\/zonta-schwaebisch-gmuend.de\/wp-content\/uploads\/2024\/06\/IMG_2780-400x513.jpg 400w, https:\/\/zonta-schwaebisch-gmuend.de\/wp-content\/uploads\/2024\/06\/IMG_2780-600x769.jpg 600w, https:\/\/zonta-schwaebisch-gmuend.de\/wp-content\/uploads\/2024\/06\/IMG_2780-800x1025.jpg 800w, https:\/\/zonta-schwaebisch-gmuend.de\/wp-content\/uploads\/2024\/06\/IMG_2780-1200x1538.jpg 1200w, https:\/\/zonta-schwaebisch-gmuend.de\/wp-content\/uploads\/2024\/06\/IMG_2780.jpg 1350w\" data-sizes=\"auto\" \/>\t\t\t<\/a>\n\t\t\t\t\t\t\t<\/div>\n<\/li>\n\t\t\t\n\t\t\t\n\t\t\t\t\t\t\t\t\t\t\t\t\t\t\t\t\t\t\t\t\t\t\t\t\t\t\t\t\t\t\t\t\t\t\t\t\t\t\t\t\t\t\t\t\t\t\t\t\t\t\t\t\t\t\t\t\t\t\t\t\t\t\t\t\t\t\t\t<\/ul>\n\t<\/div>\n\t<div class=\"fusion-post-content-wrapper\" style=\"padding: 25px ;\"><div class=\"fusion-post-content post-content\"><h2 class=\"blog-shortcode-post-title entry-title\"><a href=\"https:\/\/zonta-schwaebisch-gmuend.de\/index.php\/2024\/06\/24\/unser-ausflug-nach-crailsheim\/\">Unser Ausflug nach Crailsheim<\/a><\/h2><p class=\"fusion-single-line-meta\">By <span class=\"vcard\"><span class=\"fn\"><a href=\"https:\/\/zonta-schwaebisch-gmuend.de\/index.php\/author\/clangenbacher\/\" title=\"Beitr\u00e4ge von Claudia Langenbacher\" rel=\"author\">Claudia Langenbacher<\/a><\/span><\/span><span class=\"fusion-inline-sep\">|<\/span><span class=\"updated\" style=\"display:none;\">2024-06-27T12:16:11+02:00<\/span><span>24. Juni 2024<\/span><span class=\"fusion-inline-sep\">|<\/span><a href=\"https:\/\/zonta-schwaebisch-gmuend.de\/index.php\/category\/clubleben\/\" rel=\"category tag\">Clubleben<\/a><span class=\"fusion-inline-sep\">|<\/span><\/p><div class=\"fusion-content-sep sep-none\"><\/div><div class=\"fusion-post-content-container\"><p>Bei einem Ausflug nach Crailsheim am 22.06.2024 hatten wir Gelegenheit, die Johanneskirche zu besichtigen. Der zust\u00e4ndige Pfarrer, Herr Langsam, erz\u00e4hlte uns Interessantes aus der Entstehung und Geschichte der Kirche. Ein besonderes Highlight war die Besichtigung der sch\u00f6nen Glasfenster, die unsere Malerin und Glask\u00fcnstlerin, Ada Isensee, ebenfalls eine Zontian aus unserem Club, gestaltet hat. Im Anschluss an die interessanten neuen Erfahrungen st\u00e4rkten wir uns in einem sch\u00f6nen Caf\u00e9 in Crailsheim und somit fand dieser Tag einen gelungenen Ausklang.<\/p>\n<\/div><\/div><\/div><div class=\"fusion-clearfix\"><\/div><\/div>\n<\/article>\n<article id=\"blog-1-post-1201\" class=\"fusion-post-grid post-1201 post type-post status-publish format-standard has-post-thumbnail hentry category-clubleben\">\n<div class=\"fusion-post-wrapper\" style=\"background-color:rgba(255,255,255,0);border:none;\">\n\n\t\t\t<div class=\"fusion-flexslider flexslider fusion-flexslider-loading fusion-post-slideshow\" style=\"border-color:rgba(242,243,245,0);\">\n\t\t<ul class=\"slides\">\n\t\t\t\n\t\t\t\t\t\t\t\t\t\t\t\t\t\t<li><div  class=\"fusion-image-wrapper\" aria-haspopup=\"true\">\n\t\t\t\t\t\t\t<a href=\"https:\/\/zonta-schwaebisch-gmuend.de\/index.php\/2024\/02\/17\/einladung-des-gmuender-kunstvereins-in-die-galerie-ins-kornhaus\/\" aria-label=\"Einladung des Gm\u00fcnder Kunstvereins in die Galerie ins Kornhaus\">\n\t\t\t\t\t\t\t<img decoding=\"async\" width=\"960\" height=\"1280\" src=\"https:\/\/zonta-schwaebisch-gmuend.de\/wp-content\/uploads\/2024\/02\/7ecc1ab0-91ee-4ae5-a042-ebe8f69c5beb.jpg\" class=\"attachment-full size-full lazyload wp-post-image\" alt=\"\" srcset=\"data:image\/svg+xml,%3Csvg%20xmlns%3D%27http%3A%2F%2Fwww.w3.org%2F2000%2Fsvg%27%20width%3D%27960%27%20height%3D%271280%27%20viewBox%3D%270%200%20960%201280%27%3E%3Crect%20width%3D%27960%27%20height%3D%271280%27%20fill-opacity%3D%220%22%2F%3E%3C%2Fsvg%3E\" data-orig-src=\"https:\/\/zonta-schwaebisch-gmuend.de\/wp-content\/uploads\/2024\/02\/7ecc1ab0-91ee-4ae5-a042-ebe8f69c5beb.jpg\" data-srcset=\"https:\/\/zonta-schwaebisch-gmuend.de\/wp-content\/uploads\/2024\/02\/7ecc1ab0-91ee-4ae5-a042-ebe8f69c5beb-200x267.jpg 200w, https:\/\/zonta-schwaebisch-gmuend.de\/wp-content\/uploads\/2024\/02\/7ecc1ab0-91ee-4ae5-a042-ebe8f69c5beb-400x533.jpg 400w, https:\/\/zonta-schwaebisch-gmuend.de\/wp-content\/uploads\/2024\/02\/7ecc1ab0-91ee-4ae5-a042-ebe8f69c5beb-600x800.jpg 600w, https:\/\/zonta-schwaebisch-gmuend.de\/wp-content\/uploads\/2024\/02\/7ecc1ab0-91ee-4ae5-a042-ebe8f69c5beb-800x1067.jpg 800w, https:\/\/zonta-schwaebisch-gmuend.de\/wp-content\/uploads\/2024\/02\/7ecc1ab0-91ee-4ae5-a042-ebe8f69c5beb.jpg 960w\" data-sizes=\"auto\" \/>\t\t\t<\/a>\n\t\t\t\t\t\t\t<\/div>\n<\/li>\n\t\t\t\n\t\t\t\n\t\t\t\t\t\t\t\t\t\t\t\t\t\t\t\t\t\t\t\t\t\t\t\t\t\t\t\t\t\t\t\t\t\t\t\t\t\t\t\t\t\t\t\t\t\t\t\t\t\t\t\t\t\t\t\t\t\t\t\t\t\t\t\t\t\t\t\t<\/ul>\n\t<\/div>\n\t<div class=\"fusion-post-content-wrapper\" style=\"padding: 25px ;\"><div class=\"fusion-post-content post-content\"><h2 class=\"blog-shortcode-post-title entry-title\"><a href=\"https:\/\/zonta-schwaebisch-gmuend.de\/index.php\/2024\/02\/17\/einladung-des-gmuender-kunstvereins-in-die-galerie-ins-kornhaus\/\">Einladung des Gm\u00fcnder Kunstvereins in die Galerie ins Kornhaus<\/a><\/h2><p class=\"fusion-single-line-meta\">By <span class=\"vcard\"><span class=\"fn\"><a href=\"https:\/\/zonta-schwaebisch-gmuend.de\/index.php\/author\/admin_zontaclub\/\" title=\"Beitr\u00e4ge von admin_zontaclub\" rel=\"author\">admin_zontaclub<\/a><\/span><\/span><span class=\"fusion-inline-sep\">|<\/span><span class=\"updated\" style=\"display:none;\">2024-03-03T11:07:26+01:00<\/span><span>17. Februar 2024<\/span><span class=\"fusion-inline-sep\">|<\/span><a href=\"https:\/\/zonta-schwaebisch-gmuend.de\/index.php\/category\/clubleben\/\" rel=\"category tag\">Clubleben<\/a><span class=\"fusion-inline-sep\">|<\/span><\/p><div class=\"fusion-content-sep sep-none\"><\/div><div class=\"fusion-post-content-container\"><p>Am 17.02.2024 durften wir der Einladung des Gm\u00fcnder Kunstvereins in die Galerie ins Kornhaus folgen. Die Vorsitzende des Kunstvereins, Frau Lila Kurz-Ottenw\u00e4lder, f\u00fchrte uns in die ergreifende Kunst der drei Frauen Bettina Sellmann, Julia Jansen und Julia Mantel ein. Das war ein sehr interessanter Vormittag und wir bedanken uns bei Frau Lila Kurz-Ottenw\u00e4lder<\/p>\n<\/div><\/div><\/div><div class=\"fusion-clearfix\"><\/div><\/div>\n<\/article>\n<div class=\"fusion-clearfix\"><\/div><\/div><div class=\"pagination clearfix\"><span class=\"current\">1<\/span><a href=\"https:\/\/zonta-schwaebisch-gmuend.de\/index.php\/wp-json\/wp\/v2\/pages\/1052\/page\/2\/\" class=\"inactive\">2<\/a><a class=\"pagination-next\" rel=\"next\" href=\"https:\/\/zonta-schwaebisch-gmuend.de\/index.php\/wp-json\/wp\/v2\/pages\/1052\/page\/2\/\"><span class=\"page-text\">Vor<\/span><span class=\"page-next\"><\/span><\/a><\/div><div class=\"fusion-clearfix\"><\/div><\/div><\/div><\/div><\/div><\/div>\n","protected":false},"excerpt":{"rendered":"","protected":false},"author":1,"featured_media":0,"parent":0,"menu_order":0,"comment_status":"closed","ping_status":"closed","template":"","meta":{"footnotes":""},"class_list":["post-1052","page","type-page","status-publish","hentry"],"yoast_head":"<!-- This site is optimized with the Yoast SEO plugin v27.2 - https:\/\/yoast.com\/product\/yoast-seo-wordpress\/ -->\n<title>Clubleben - Zonta Club Schw\u00e4bisch Gm\u00fcnd e.V.<\/title>\n<meta name=\"description\" content=\"Erfahren Sie mehr \u00fcber das Clubleben im ZONTA Club.\" \/>\n<meta name=\"robots\" content=\"index, follow, max-snippet:-1, max-image-preview:large, max-video-preview:-1\" \/>\n<link rel=\"canonical\" href=\"https:\/\/zonta-schwaebisch-gmuend.de\/index.php\/clubleben\/\" \/>\n<meta property=\"og:locale\" content=\"de_DE\" \/>\n<meta property=\"og:type\" content=\"article\" \/>\n<meta property=\"og:title\" content=\"Clubleben - Zonta Club Schw\u00e4bisch Gm\u00fcnd e.V.\" \/>\n<meta property=\"og:description\" content=\"Erfahren Sie mehr \u00fcber das Clubleben im ZONTA Club.\" \/>\n<meta property=\"og:url\" content=\"https:\/\/zonta-schwaebisch-gmuend.de\/index.php\/clubleben\/\" \/>\n<meta property=\"og:site_name\" content=\"Zonta Club Schw\u00e4bisch Gm\u00fcnd e.V.\" \/>\n<meta property=\"article:modified_time\" content=\"2024-05-06T21:43:04+00:00\" \/>\n<meta name=\"twitter:card\" content=\"summary_large_image\" \/>\n<meta name=\"twitter:label1\" content=\"Gesch\u00e4tzte Lesezeit\" \/>\n\t<meta name=\"twitter:data1\" content=\"2\u00a0Minuten\" \/>\n<script type=\"application\/ld+json\" class=\"yoast-schema-graph\">{\"@context\":\"https:\/\/schema.org\",\"@graph\":[{\"@type\":\"WebPage\",\"@id\":\"https:\/\/zonta-schwaebisch-gmuend.de\/index.php\/clubleben\/\",\"url\":\"https:\/\/zonta-schwaebisch-gmuend.de\/index.php\/clubleben\/\",\"name\":\"Clubleben - Zonta Club Schw\u00e4bisch Gm\u00fcnd e.V.\",\"isPartOf\":{\"@id\":\"https:\/\/zonta-schwaebisch-gmuend.de\/#website\"},\"datePublished\":\"2024-01-24T17:56:30+00:00\",\"dateModified\":\"2024-05-06T21:43:04+00:00\",\"description\":\"Erfahren Sie mehr \u00fcber das Clubleben im ZONTA Club.\",\"breadcrumb\":{\"@id\":\"https:\/\/zonta-schwaebisch-gmuend.de\/index.php\/clubleben\/#breadcrumb\"},\"inLanguage\":\"de\",\"potentialAction\":[{\"@type\":\"ReadAction\",\"target\":[\"https:\/\/zonta-schwaebisch-gmuend.de\/index.php\/clubleben\/\"]}]},{\"@type\":\"BreadcrumbList\",\"@id\":\"https:\/\/zonta-schwaebisch-gmuend.de\/index.php\/clubleben\/#breadcrumb\",\"itemListElement\":[{\"@type\":\"ListItem\",\"position\":1,\"name\":\"Startseite\",\"item\":\"https:\/\/zonta-schwaebisch-gmuend.de\/\"},{\"@type\":\"ListItem\",\"position\":2,\"name\":\"Clubleben\"}]},{\"@type\":\"WebSite\",\"@id\":\"https:\/\/zonta-schwaebisch-gmuend.de\/#website\",\"url\":\"https:\/\/zonta-schwaebisch-gmuend.de\/\",\"name\":\"Zonta Club Schw\u00e4bisch Gm\u00fcnd e.V.\",\"description\":\"\",\"publisher\":{\"@id\":\"https:\/\/zonta-schwaebisch-gmuend.de\/#organization\"},\"potentialAction\":[{\"@type\":\"SearchAction\",\"target\":{\"@type\":\"EntryPoint\",\"urlTemplate\":\"https:\/\/zonta-schwaebisch-gmuend.de\/?s={search_term_string}\"},\"query-input\":{\"@type\":\"PropertyValueSpecification\",\"valueRequired\":true,\"valueName\":\"search_term_string\"}}],\"inLanguage\":\"de\"},{\"@type\":\"Organization\",\"@id\":\"https:\/\/zonta-schwaebisch-gmuend.de\/#organization\",\"name\":\"Zonta Club Schw\u00e4bisch Gm\u00fcnd e.V.\",\"url\":\"https:\/\/zonta-schwaebisch-gmuend.de\/\",\"logo\":{\"@type\":\"ImageObject\",\"inLanguage\":\"de\",\"@id\":\"https:\/\/zonta-schwaebisch-gmuend.de\/#\/schema\/logo\/image\/\",\"url\":\"https:\/\/zonta-schwaebisch-gmuend.de\/wp-content\/uploads\/2023\/08\/Zonta-Club-of-Schwaebisch-Gmuend-Logo_New-Tag_Horizontal_Color-2.png\",\"contentUrl\":\"https:\/\/zonta-schwaebisch-gmuend.de\/wp-content\/uploads\/2023\/08\/Zonta-Club-of-Schwaebisch-Gmuend-Logo_New-Tag_Horizontal_Color-2.png\",\"width\":4738,\"height\":1546,\"caption\":\"Zonta Club Schw\u00e4bisch Gm\u00fcnd e.V.\"},\"image\":{\"@id\":\"https:\/\/zonta-schwaebisch-gmuend.de\/#\/schema\/logo\/image\/\"},\"sameAs\":[\"https:\/\/www.instagram.com\/zontaschwaebischgmuend\/\"]}]}<\/script>\n<!-- \/ Yoast SEO plugin. -->","yoast_head_json":{"title":"Clubleben - Zonta Club Schw\u00e4bisch Gm\u00fcnd e.V.","description":"Erfahren Sie mehr \u00fcber das Clubleben im ZONTA Club.","robots":{"index":"index","follow":"follow","max-snippet":"max-snippet:-1","max-image-preview":"max-image-preview:large","max-video-preview":"max-video-preview:-1"},"canonical":"https:\/\/zonta-schwaebisch-gmuend.de\/index.php\/clubleben\/","og_locale":"de_DE","og_type":"article","og_title":"Clubleben - Zonta Club Schw\u00e4bisch Gm\u00fcnd e.V.","og_description":"Erfahren Sie mehr \u00fcber das Clubleben im ZONTA Club.","og_url":"https:\/\/zonta-schwaebisch-gmuend.de\/index.php\/clubleben\/","og_site_name":"Zonta Club Schw\u00e4bisch Gm\u00fcnd e.V.","article_modified_time":"2024-05-06T21:43:04+00:00","twitter_card":"summary_large_image","twitter_misc":{"Gesch\u00e4tzte Lesezeit":"2\u00a0Minuten"},"schema":{"@context":"https:\/\/schema.org","@graph":[{"@type":"WebPage","@id":"https:\/\/zonta-schwaebisch-gmuend.de\/index.php\/clubleben\/","url":"https:\/\/zonta-schwaebisch-gmuend.de\/index.php\/clubleben\/","name":"Clubleben - Zonta Club Schw\u00e4bisch Gm\u00fcnd e.V.","isPartOf":{"@id":"https:\/\/zonta-schwaebisch-gmuend.de\/#website"},"datePublished":"2024-01-24T17:56:30+00:00","dateModified":"2024-05-06T21:43:04+00:00","description":"Erfahren Sie mehr \u00fcber das Clubleben im ZONTA Club.","breadcrumb":{"@id":"https:\/\/zonta-schwaebisch-gmuend.de\/index.php\/clubleben\/#breadcrumb"},"inLanguage":"de","potentialAction":[{"@type":"ReadAction","target":["https:\/\/zonta-schwaebisch-gmuend.de\/index.php\/clubleben\/"]}]},{"@type":"BreadcrumbList","@id":"https:\/\/zonta-schwaebisch-gmuend.de\/index.php\/clubleben\/#breadcrumb","itemListElement":[{"@type":"ListItem","position":1,"name":"Startseite","item":"https:\/\/zonta-schwaebisch-gmuend.de\/"},{"@type":"ListItem","position":2,"name":"Clubleben"}]},{"@type":"WebSite","@id":"https:\/\/zonta-schwaebisch-gmuend.de\/#website","url":"https:\/\/zonta-schwaebisch-gmuend.de\/","name":"Zonta Club Schw\u00e4bisch Gm\u00fcnd e.V.","description":"","publisher":{"@id":"https:\/\/zonta-schwaebisch-gmuend.de\/#organization"},"potentialAction":[{"@type":"SearchAction","target":{"@type":"EntryPoint","urlTemplate":"https:\/\/zonta-schwaebisch-gmuend.de\/?s={search_term_string}"},"query-input":{"@type":"PropertyValueSpecification","valueRequired":true,"valueName":"search_term_string"}}],"inLanguage":"de"},{"@type":"Organization","@id":"https:\/\/zonta-schwaebisch-gmuend.de\/#organization","name":"Zonta Club Schw\u00e4bisch Gm\u00fcnd e.V.","url":"https:\/\/zonta-schwaebisch-gmuend.de\/","logo":{"@type":"ImageObject","inLanguage":"de","@id":"https:\/\/zonta-schwaebisch-gmuend.de\/#\/schema\/logo\/image\/","url":"https:\/\/zonta-schwaebisch-gmuend.de\/wp-content\/uploads\/2023\/08\/Zonta-Club-of-Schwaebisch-Gmuend-Logo_New-Tag_Horizontal_Color-2.png","contentUrl":"https:\/\/zonta-schwaebisch-gmuend.de\/wp-content\/uploads\/2023\/08\/Zonta-Club-of-Schwaebisch-Gmuend-Logo_New-Tag_Horizontal_Color-2.png","width":4738,"height":1546,"caption":"Zonta Club Schw\u00e4bisch Gm\u00fcnd e.V."},"image":{"@id":"https:\/\/zonta-schwaebisch-gmuend.de\/#\/schema\/logo\/image\/"},"sameAs":["https:\/\/www.instagram.com\/zontaschwaebischgmuend\/"]}]}},"_links":{"self":[{"href":"https:\/\/zonta-schwaebisch-gmuend.de\/index.php\/wp-json\/wp\/v2\/pages\/1052","targetHints":{"allow":["GET"]}}],"collection":[{"href":"https:\/\/zonta-schwaebisch-gmuend.de\/index.php\/wp-json\/wp\/v2\/pages"}],"about":[{"href":"https:\/\/zonta-schwaebisch-gmuend.de\/index.php\/wp-json\/wp\/v2\/types\/page"}],"author":[{"embeddable":true,"href":"https:\/\/zonta-schwaebisch-gmuend.de\/index.php\/wp-json\/wp\/v2\/users\/1"}],"replies":[{"embeddable":true,"href":"https:\/\/zonta-schwaebisch-gmuend.de\/index.php\/wp-json\/wp\/v2\/comments?post=1052"}],"version-history":[{"count":19,"href":"https:\/\/zonta-schwaebisch-gmuend.de\/index.php\/wp-json\/wp\/v2\/pages\/1052\/revisions"}],"predecessor-version":[{"id":1294,"href":"https:\/\/zonta-schwaebisch-gmuend.de\/index.php\/wp-json\/wp\/v2\/pages\/1052\/revisions\/1294"}],"wp:attachment":[{"href":"https:\/\/zonta-schwaebisch-gmuend.de\/index.php\/wp-json\/wp\/v2\/media?parent=1052"}],"curies":[{"name":"wp","href":"https:\/\/api.w.org\/{rel}","templated":true}]}}